{"id":892,"date":"2025-03-27T07:36:02","date_gmt":"2025-03-27T11:36:02","guid":{"rendered":"https:\/\/staging.logisduboisflotte.com\/?page_id=892"},"modified":"2026-03-17T16:15:47","modified_gmt":"2026-03-17T20:15:47","slug":"location_temporaire_a_l_annee","status":"publish","type":"page","link":"https:\/\/logisduboisflotte.com\/en\/location_temporaire_a_l_annee\/","title":{"rendered":"Location temporaire \u00e0 l&rsquo;ann\u00e9e"},"content":{"rendered":"<p>[et_pb_section fb_built=\u00a0\u00bb1&Prime; admin_label=\u00a0\u00bbEn-t\u00eate\u00a0\u00bb _builder_version=\u00a0\u00bb4.27.4&Prime; _module_preset=\u00a0\u00bbdefault\u00a0\u00bb background_image=\u00a0\u00bbhttps:\/\/logisduboisflotte.com\/wp-content\/uploads\/2025\/04\/Header_Reserver_BG_4817x3190-scaled.jpg\u00a0\u00bb custom_margin=\u00a0\u00bb||-6rem||false|false\u00a0\u00bb custom_padding=\u00a0\u00bb||0px||false|false\u00a0\u00bb hover_enabled=\u00a0\u00bb0&Prime; global_colors_info=\u00a0\u00bb{}\u00a0\u00bb title_text=\u00a0\u00bbHeader_Reserver_BG_4817x3190&Prime; sticky_enabled=\u00a0\u00bb0&Prime;][et_pb_row column_structure=\u00a0\u00bb1_2,1_2&Prime; _builder_version=\u00a0\u00bb4.27.4&Prime; _module_preset=\u00a0\u00bbdefault\u00a0\u00bb custom_padding=\u00a0\u00bb||0px||false|false\u00a0\u00bb global_colors_info=\u00a0\u00bb{}\u00a0\u00bb][et_pb_column type=\u00a0\u00bb1_2&Prime; _builder_version=\u00a0\u00bb4.27.4&Prime; _module_preset=\u00a0\u00bbdefault\u00a0\u00bb global_colors_info=\u00a0\u00bb{}\u00a0\u00bb][et_pb_text _builder_version=\u00a0\u00bb4.27.4&Prime; _module_preset=\u00a0\u00bbdefault\u00a0\u00bb text_text_color=\u00a0\u00bb#FFFFFF\u00a0\u00bb global_colors_info=\u00a0\u00bb{}\u00a0\u00bb]<\/p>\n<h1>Location temporaire<\/h1>\n<p class=\"accueil_intro_texte\"><strong>Des chalets tout \u00e9quip\u00e9s pour vos besoins d&rsquo;h\u00e9bergement temporaire dans la r\u00e9gion de Rimouski.<\/strong><\/p>\n<div class=\"bouton bouton_principal bouton_style1 accueil_intro_bouton\">\n<a style=\"display: inline-block; margin: 1rem 0;\" href=\"\/reserver_au_logis_du_bois_flotte#calendrier\">R\u00e9servez un chalet<\/a>\n<\/div>\n<p>[\/et_pb_text][\/et_pb_column][et_pb_column type=\u00a0\u00bb1_2&Prime; _builder_version=\u00a0\u00bb4.27.4&Prime; _module_preset=\u00a0\u00bbdefault\u00a0\u00bb global_colors_info=\u00a0\u00bb{}\u00a0\u00bb][et_pb_image src=\u00a0\u00bbhttps:\/\/staging.logisduboisflotte.com\/wp-content\/uploads\/2025\/04\/Header_QuatreSaisons_1620x2430.jpg\u00a0\u00bb alt=\u00a0\u00bbTravailleurs de la construction sur le chantier d\u2019une maison en train de consulter des plans\u00a0\u00bb title_text=\u00a0\u00bbTravailleurs de la construction sur le chantier d\u2019une maison en train de consulter des plans\u00a0\u00bb disabled_on=\u00a0\u00bbon|on|off\u00a0\u00bb admin_label=\u00a0\u00bbImage Desktop\u00a0\u00bb _builder_version=\u00a0\u00bb4.27.4&Prime; _module_preset=\u00a0\u00bbdefault\u00a0\u00bb global_colors_info=\u00a0\u00bb{}\u00a0\u00bb][\/et_pb_image][et_pb_image src=\u00a0\u00bbhttps:\/\/staging.logisduboisflotte.com\/wp-content\/uploads\/2025\/04\/Header_M_QuatreSaisons_1620x1620.jpg\u00a0\u00bb alt=\u00a0\u00bbTravailleurs de la construction sur le chantier d\u2019une maison en train de consulter des plans\u00a0\u00bb title_text=\u00a0\u00bbTravailleurs de la construction sur le chantier d\u2019une maison en train de consulter des plans\u00a0\u00bb disabled_on=\u00a0\u00bboff|off|on\u00a0\u00bb admin_label=\u00a0\u00bbImage Mobile\u00a0\u00bb _builder_version=\u00a0\u00bb4.27.4&Prime; _module_preset=\u00a0\u00bbdefault\u00a0\u00bb global_colors_info=\u00a0\u00bb{}\u00a0\u00bb][\/et_pb_image][\/et_pb_column][\/et_pb_row][\/et_pb_section][et_pb_section fb_built=\u00a0\u00bb1&Prime; admin_label=\u00a0\u00bbUn s\u00e9jour tout confort\u00a0\u00bb _builder_version=\u00a0\u00bb4.27.4&Prime; _module_preset=\u00a0\u00bbdefault\u00a0\u00bb custom_padding=\u00a0\u00bb6rem||||false|false\u00a0\u00bb global_colors_info=\u00a0\u00bb{}\u00a0\u00bb][et_pb_row module_class=\u00a0\u00bbaccueil_temoignages\u00a0\u00bb _builder_version=\u00a0\u00bb4.27.4&Prime; _module_preset=\u00a0\u00bbdefault\u00a0\u00bb custom_padding=\u00a0\u00bb6rem||||false|false\u00a0\u00bb global_colors_info=\u00a0\u00bb{}\u00a0\u00bb][et_pb_column type=\u00a0\u00bb4_4&Prime; _builder_version=\u00a0\u00bb4.27.4&Prime; _module_preset=\u00a0\u00bbdefault\u00a0\u00bb global_colors_info=\u00a0\u00bb{}\u00a0\u00bb][et_pb_text admin_label=\u00a0\u00bbTexte\u00a0\u00bb _builder_version=\u00a0\u00bb4.27.4&Prime; _module_preset=\u00a0\u00bbdefault\u00a0\u00bb text_text_color=\u00a0\u00bb#14202e\u00a0\u00bb global_colors_info=\u00a0\u00bb{}\u00a0\u00bb]<\/p>\n<h2 class=\"titre\"><span>Un s\u00e9jour tout confort<\/span> Solutions d\u2019h\u00e9bergement cl\u00e9 en main<\/h2>\n<p>Vous avez d\u00e9croch\u00e9 un contrat sur le secteur de Rimouski et vous \u00eates \u00e0 la recherche d\u2019une solution d\u2019h\u00e9bergement temporaire pour vos employ\u00e9s? Une comp\u00e9tition sportive vous am\u00e8ne dans la r\u00e9gion? <\/p>\n<p>Tout \u00e9quip\u00e9s, enti\u00e8rement meubl\u00e9s et accessibles toute l\u2019ann\u00e9e, nos quatre chalets peuvent facilement accueillir jusqu&rsquo;\u00e0 28 personnes en leur offrant un confort comme \u00e0 la maison, et pour un co\u00fbt plus abordable pour vous que l\u2019h\u00f4tel. R\u00e9servez pour 7 nuits cons\u00e9cutives et plus et profitez d&rsquo;un rabais de 10% (valable toute l&rsquo;ann\u00e9e). Et si vous r\u00e9servez hors saison, vous profitez en plus de nos tarifs r\u00e9duits.<\/p>\n<p>Ne cherchez plus et contactez-nous pour organiser le s\u00e9jour de vos employ\u00e9s ou de votre \u00e9quipe.<\/p>\n<div class=\"locationTemporaire_boutons\">\n<div class=\"bouton bouton_principal bouton_style2\">\n<a href=\"#footer\">Nous \u00e9crire<\/a>\n<\/div>\n<div class=\"bouton bouton_principal bouton_style2\">\n<a href=\"tel:+14187309084\">Nous appeler<\/a>\n<\/div>\n<\/div>\n<p>[\/et_pb_text][\/et_pb_column][\/et_pb_row][\/et_pb_section][et_pb_section fb_built=\u00a0\u00bb1&Prime; admin_label=\u00a0\u00bbDe confortables chalets\u00a0\u00bb _builder_version=\u00a0\u00bb4.27.4&Prime; _module_preset=\u00a0\u00bbdefault\u00a0\u00bb background_color=\u00a0\u00bb#edf2f6&Prime; global_colors_info=\u00a0\u00bb{}\u00a0\u00bb][et_pb_row _builder_version=\u00a0\u00bb4.27.4&Prime; _module_preset=\u00a0\u00bbdefault\u00a0\u00bb custom_padding=\u00a0\u00bb||||false|false\u00a0\u00bb global_colors_info=\u00a0\u00bb{}\u00a0\u00bb][et_pb_column type=\u00a0\u00bb4_4&Prime; _builder_version=\u00a0\u00bb4.27.4&Prime; _module_preset=\u00a0\u00bbdefault\u00a0\u00bb global_colors_info=\u00a0\u00bb{}\u00a0\u00bb][et_pb_text admin_label=\u00a0\u00bbTitre\u00a0\u00bb _builder_version=\u00a0\u00bb4.27.4&Prime; _module_preset=\u00a0\u00bbdefault\u00a0\u00bb text_text_color=\u00a0\u00bb#14202e\u00a0\u00bb global_colors_info=\u00a0\u00bb{}\u00a0\u00bb]<\/p>\n<h2 class=\"titre\"><span>Nous choisir<\/span> De nombreux avantages<\/h2>\n<p>[\/et_pb_text][\/et_pb_column][\/et_pb_row][et_pb_row column_structure=\u00a0\u00bb1_6,1_6,1_6,1_6,1_6,1_6&Prime; _builder_version=\u00a0\u00bb4.27.4&Prime; _module_preset=\u00a0\u00bbdefault\u00a0\u00bb global_colors_info=\u00a0\u00bb{}\u00a0\u00bb][et_pb_column type=\u00a0\u00bb1_6&Prime; _builder_version=\u00a0\u00bb4.27.4&Prime; _module_preset=\u00a0\u00bbdefault\u00a0\u00bb global_colors_info=\u00a0\u00bb{}\u00a0\u00bb][et_pb_text admin_label=\u00a0\u00bbR\u00e9duction offerte\u00a0\u00bb _builder_version=\u00a0\u00bb4.27.4&Prime; _module_preset=\u00a0\u00bbdefault\u00a0\u00bb global_colors_info=\u00a0\u00bb{}\u00a0\u00bb]<\/p>\n<div class=\"accueil_deConfortablesChalets_icone\">\n    <img decoding=\"async\" src=\"\/wp-content\/uploads\/2025\/04\/Avantage_Icone_Reduction_512x512.png\" alt=\"Ic\u00f4ne de r\u00e9duction\"\/>\n<\/div>\n<p class=\"accueil_deConfortablesChalets_titre\">R\u00e9duction offerte<\/p>\n<p>[\/et_pb_text][\/et_pb_column][et_pb_column type=\u00a0\u00bb1_6&Prime; _builder_version=\u00a0\u00bb4.27.4&Prime; _module_preset=\u00a0\u00bbdefault\u00a0\u00bb global_colors_info=\u00a0\u00bb{}\u00a0\u00bb][et_pb_text admin_label=\u00a0\u00bbTout \u00e9quip\u00e9s et enti\u00e8rement meubl\u00e9s\u00a0\u00bb _builder_version=\u00a0\u00bb4.27.4&Prime; _module_preset=\u00a0\u00bbdefault\u00a0\u00bb global_colors_info=\u00a0\u00bb{}\u00a0\u00bb]<\/p>\n<div class=\"accueil_deConfortablesChalets_icone\">\n    <img decoding=\"async\" src=\"\/wp-content\/uploads\/2025\/04\/Avantage_Icone_Meubles_512x512.png\" alt=\"Ic\u00f4ne de fauteuil avec lampe et petit meuble\"\/>\n<\/div>\n<p class=\"accueil_deConfortablesChalets_titre\">Tout \u00e9quip\u00e9s et enti\u00e8rement meubl\u00e9s<\/p>\n<p>[\/et_pb_text][\/et_pb_column][et_pb_column type=\u00a0\u00bb1_6&Prime; _builder_version=\u00a0\u00bb4.27.4&Prime; _module_preset=\u00a0\u00bbdefault\u00a0\u00bb global_colors_info=\u00a0\u00bb{}\u00a0\u00bb][et_pb_text admin_label=\u00a0\u00bbPlus abordable que l&rsquo;h\u00f4tel\u00a0\u00bb _builder_version=\u00a0\u00bb4.27.4&Prime; _module_preset=\u00a0\u00bbdefault\u00a0\u00bb global_colors_info=\u00a0\u00bb{}\u00a0\u00bb]<\/p>\n<div class=\"accueil_deConfortablesChalets_icone\">\n    <img decoding=\"async\" src=\"\/wp-content\/uploads\/2025\/04\/Avantage_Icone_Abordable_512x512.png\" alt=\"Ic\u00f4ne de tirelire\"\/>\n<\/div>\n<p class=\"accueil_deConfortablesChalets_titre\">Plus abordable que l&rsquo;h\u00f4tel<\/p>\n<p>[\/et_pb_text][\/et_pb_column][et_pb_column type=\u00a0\u00bb1_6&Prime; _builder_version=\u00a0\u00bb4.27.4&Prime; _module_preset=\u00a0\u00bbdefault\u00a0\u00bb global_colors_info=\u00a0\u00bb{}\u00a0\u00bb][et_pb_text admin_label=\u00a0\u00bbH\u00e9bergement de qualit\u00e9\u00a0\u00bb _builder_version=\u00a0\u00bb4.27.4&Prime; _module_preset=\u00a0\u00bbdefault\u00a0\u00bb global_colors_info=\u00a0\u00bb{}\u00a0\u00bb]<\/p>\n<div class=\"accueil_deConfortablesChalets_icone\">\n    <img decoding=\"async\" src=\"\/wp-content\/uploads\/2025\/04\/Avantage_Icone_Qualite_512x512.png\" alt=\"Ic\u00f4ne cinq \u00e9toiles\"\/>\n<\/div>\n<p class=\"accueil_deConfortablesChalets_titre\">H\u00e9bergement de qualit\u00e9<\/p>\n<p>[\/et_pb_text][\/et_pb_column][et_pb_column type=\u00a0\u00bb1_6&Prime; _builder_version=\u00a0\u00bb4.27.4&Prime; _module_preset=\u00a0\u00bbdefault\u00a0\u00bb global_colors_info=\u00a0\u00bb{}\u00a0\u00bb][et_pb_text admin_label=\u00a0\u00bbAccessible toute l&rsquo;ann\u00e9e\u00a0\u00bb _builder_version=\u00a0\u00bb4.27.4&Prime; _module_preset=\u00a0\u00bbdefault\u00a0\u00bb global_colors_info=\u00a0\u00bb{}\u00a0\u00bb]<\/p>\n<div class=\"accueil_deConfortablesChalets_icone\">\n    <img decoding=\"async\" src=\"\/wp-content\/uploads\/2025\/04\/Avantage_Icone_Accessible_512x512.png\" alt=\"Ic\u00f4ne des quatre saisons\"\/>\n<\/div>\n<p class=\"accueil_deConfortablesChalets_titre\">Accessible toute l&rsquo;ann\u00e9e<\/p>\n<p>[\/et_pb_text][\/et_pb_column][et_pb_column type=\u00a0\u00bb1_6&Prime; _builder_version=\u00a0\u00bb4.27.4&Prime; _module_preset=\u00a0\u00bbdefault\u00a0\u00bb global_colors_info=\u00a0\u00bb{}\u00a0\u00bb][et_pb_text admin_label=\u00a0\u00bbCapacit\u00e9 totale de 28 personnes\u00a0\u00bb _builder_version=\u00a0\u00bb4.27.4&Prime; _module_preset=\u00a0\u00bbdefault\u00a0\u00bb global_colors_info=\u00a0\u00bb{}\u00a0\u00bb]<\/p>\n<div class=\"accueil_deConfortablesChalets_icone\">\n    <img decoding=\"async\" src=\"\/wp-content\/uploads\/2025\/04\/Avantage_Icone_Capacite_512x512.png\" alt=\"Ic\u00f4ne d\u2019un groupe de personnes\"\/>\n<\/div>\n<p class=\"accueil_deConfortablesChalets_titre\">Capacit\u00e9 totale de 28 personnes<\/p>\n<p>[\/et_pb_text][\/et_pb_column][\/et_pb_row][et_pb_row column_structure=\u00a0\u00bb1_2,1_2&Prime; _builder_version=\u00a0\u00bb4.27.4&Prime; _module_preset=\u00a0\u00bbdefault\u00a0\u00bb global_colors_info=\u00a0\u00bb{}\u00a0\u00bb][et_pb_column type=\u00a0\u00bb1_2&Prime; _builder_version=\u00a0\u00bb4.27.4&Prime; _module_preset=\u00a0\u00bbdefault\u00a0\u00bb global_colors_info=\u00a0\u00bb{}\u00a0\u00bb][et_pb_text admin_label=\u00a0\u00bbChalet N\u00b0 1&Prime; module_class=\u00a0\u00bbaccueil_deConfortablesChalets_chalet\u00a0\u00bb _builder_version=\u00a0\u00bb4.27.4&Prime; _module_preset=\u00a0\u00bbdefault\u00a0\u00bb text_text_color=\u00a0\u00bb#14202e\u00a0\u00bb global_colors_info=\u00a0\u00bb{}\u00a0\u00bb]<img decoding=\"async\" src=\"\/wp-content\/uploads\/2025\/03\/Chalet1_Accueil_2880x1620-scaled.jpg\" alt=\"Salle \u00e0 manger avec table et 6 chaises en bois de couleur du chalet Le Clapotis de la mar\u00e9e au Logis du Bois Flott\u00e9\"\/><\/p>\n<h3 class=\"titre\">Chalet N\u00b01 <span>Le Clapotis de la mar\u00e9e<\/span><\/h3>\n<p>Peut accueillir jusqu&rsquo;\u00e0 6 personnes<\/p>\n<p>\u00c0 partir de 200 $ par nuit<\/p>\n<div class=\"bouton bouton_style2\">\n<a href=\"\/chalet_le_clapotis_de_la_maree\/\">D\u00e9couvrez-le<\/a>\n<\/div>\n<p>[\/et_pb_text][\/et_pb_column][et_pb_column type=\u00a0\u00bb1_2&Prime; _builder_version=\u00a0\u00bb4.27.4&Prime; _module_preset=\u00a0\u00bbdefault\u00a0\u00bb global_colors_info=\u00a0\u00bb{}\u00a0\u00bb][et_pb_text admin_label=\u00a0\u00bbChalet N\u00b0 2&Prime; module_class=\u00a0\u00bbaccueil_deConfortablesChalets_chalet\u00a0\u00bb _builder_version=\u00a0\u00bb4.27.4&Prime; _module_preset=\u00a0\u00bbdefault\u00a0\u00bb text_text_color=\u00a0\u00bb#14202e\u00a0\u00bb global_colors_info=\u00a0\u00bb{}\u00a0\u00bb]<img decoding=\"async\" src=\"\/wp-content\/uploads\/2025\/03\/Chalet2_Accueil_2880x1620-scaled.jpg\" alt=\"Salon \u00e0 la d\u00e9coration moderne avec un confortable sofa gris du chalet Le Fleuve tranquille au Logis du Bois Flott\u00e9\"\/><\/p>\n<h3 class=\"titre\">Chalet N\u00b02 <span>Le Fleuve tranquille<\/span><\/h3>\n<p>Peut accueillir jusqu&rsquo;\u00e0 6 personnes<\/p>\n<p>\u00c0 partir de 200 $ par nuit<\/p>\n<div class=\"bouton bouton_style2\">\n<a href=\"\/chalet_le_fleuve_tranquille\/\">D\u00e9couvrez-le<\/a>\n<\/div>\n<p>[\/et_pb_text][\/et_pb_column][\/et_pb_row][et_pb_row column_structure=\u00a0\u00bb1_2,1_2&Prime; _builder_version=\u00a0\u00bb4.27.4&Prime; _module_preset=\u00a0\u00bbdefault\u00a0\u00bb global_colors_info=\u00a0\u00bb{}\u00a0\u00bb][et_pb_column type=\u00a0\u00bb1_2&Prime; _builder_version=\u00a0\u00bb4.27.4&Prime; _module_preset=\u00a0\u00bbdefault\u00a0\u00bb global_colors_info=\u00a0\u00bb{}\u00a0\u00bb][et_pb_text admin_label=\u00a0\u00bbChalet N\u00b0 3&Prime; module_class=\u00a0\u00bbaccueil_deConfortablesChalets_chalet\u00a0\u00bb _builder_version=\u00a0\u00bb4.27.4&Prime; _module_preset=\u00a0\u00bbdefault\u00a0\u00bb text_text_color=\u00a0\u00bb#14202e\u00a0\u00bb global_colors_info=\u00a0\u00bb{}\u00a0\u00bb]<img decoding=\"async\" src=\"\/wp-content\/uploads\/2025\/03\/Chalet3_Accueil_2880x1620-scaled.jpg\" alt=\"Cuisine toute \u00e9quip\u00e9e et moderne avec \u00e9lectrom\u00e9nagers en stainless et un \u00eelot avec tabourets du chalet L\u2019\u00c9cume des vagues au Logis du Bois Flott\u00e9\"\/><\/p>\n<h3 class=\"titre\">Chalet N\u00b03 <span>L&rsquo;\u00c9cume des vagues<\/span><\/h3>\n<p>Peut accueillir jusqu&rsquo;\u00e0 8 personnes<\/p>\n<p>\u00c0 partir de 250 $ par nuit<\/p>\n<div class=\"bouton bouton_style2\">\n<a href=\"\/chalet_l_ecume_des_vagues\/\">D\u00e9couvrez-le<\/a>\n<\/div>\n<p>[\/et_pb_text][\/et_pb_column][et_pb_column type=\u00a0\u00bb1_2&Prime; _builder_version=\u00a0\u00bb4.27.4&Prime; _module_preset=\u00a0\u00bbdefault\u00a0\u00bb global_colors_info=\u00a0\u00bb{}\u00a0\u00bb][et_pb_text admin_label=\u00a0\u00bbChalet N\u00b0 4&Prime; module_class=\u00a0\u00bbaccueil_deConfortablesChalets_chalet\u00a0\u00bb _builder_version=\u00a0\u00bb4.27.4&Prime; _module_preset=\u00a0\u00bbdefault\u00a0\u00bb text_text_color=\u00a0\u00bb#14202e\u00a0\u00bb global_colors_info=\u00a0\u00bb{}\u00a0\u00bb]<img decoding=\"async\" src=\"\/wp-content\/uploads\/2025\/03\/Chalet4_Accueil_2880x1620-scaled.jpg\" alt=\"Vue sur le salon avec sofa d\u2019angle et TV et la salle \u00e0 manger du chalet Les Grandes Mar\u00e9es au Logis du Bois Flott\u00e9\"\/><\/p>\n<h3 class=\"titre\">Chalet N\u00b04 <span>Les Grandes Mar\u00e9es<\/span><\/h3>\n<p>Peut accueillir jusqu&rsquo;\u00e0 8 personnes<\/p>\n<p>\u00c0 partir de 250 $ par nuit<\/p>\n<div class=\"bouton bouton_style2\">\n<a href=\"\/chalet_les_grandes_marees\/\">D\u00e9couvrez-le<\/a>\n<\/div>\n<p>[\/et_pb_text][\/et_pb_column][\/et_pb_row][et_pb_row _builder_version=\u00a0\u00bb4.27.4&Prime; _module_preset=\u00a0\u00bbdefault\u00a0\u00bb global_colors_info=\u00a0\u00bb{}\u00a0\u00bb][et_pb_column type=\u00a0\u00bb4_4&Prime; _builder_version=\u00a0\u00bb4.27.4&Prime; _module_preset=\u00a0\u00bbdefault\u00a0\u00bb global_colors_info=\u00a0\u00bb{}\u00a0\u00bb][et_pb_text admin_label=\u00a0\u00bbCalendrier des disponibilit\u00e9s\u00a0\u00bb _builder_version=\u00a0\u00bb4.27.4&Prime; _module_preset=\u00a0\u00bbdefault\u00a0\u00bb text_orientation=\u00a0\u00bbcenter\u00a0\u00bb global_colors_info=\u00a0\u00bb{}\u00a0\u00bb]<\/p>\n<div class=\"bouton bouton_principal bouton_style2\">\n<a href=\"\/reserver_au_logis_du_bois_flotte#calendrier\">Calendrier des disponibilit\u00e9s<\/a>\n<\/div>\n<p>[\/et_pb_text][\/et_pb_column][\/et_pb_row][\/et_pb_section][et_pb_section fb_built=\u00a0\u00bb1&Prime; admin_label=\u00a0\u00bbGalerie photos\u00a0\u00bb module_class=\u00a0\u00bbaccueil_galeriePhotos\u00a0\u00bb _builder_version=\u00a0\u00bb4.27.4&Prime; _module_preset=\u00a0\u00bbdefault\u00a0\u00bb custom_padding=\u00a0\u00bb||||false|false\u00a0\u00bb global_colors_info=\u00a0\u00bb{}\u00a0\u00bb][et_pb_row _builder_version=\u00a0\u00bb4.27.4&Prime; _module_preset=\u00a0\u00bbdefault\u00a0\u00bb custom_padding=\u00a0\u00bb0px||||false|false\u00a0\u00bb global_colors_info=\u00a0\u00bb{}\u00a0\u00bb][et_pb_column type=\u00a0\u00bb4_4&Prime; _builder_version=\u00a0\u00bb4.27.4&Prime; _module_preset=\u00a0\u00bbdefault\u00a0\u00bb global_colors_info=\u00a0\u00bb{}\u00a0\u00bb][et_pb_text admin_label=\u00a0\u00bbTitre\u00a0\u00bb _builder_version=\u00a0\u00bb4.27.4&Prime; _module_preset=\u00a0\u00bbdefault\u00a0\u00bb text_text_color=\u00a0\u00bb#14202e\u00a0\u00bb global_colors_info=\u00a0\u00bb{}\u00a0\u00bb]<\/p>\n<h2 class=\"titre\"><span>Galerie-Photos<\/span> Une image vaut mille mots<\/h2>\n<p>[\/et_pb_text][dica_divi_carousel show_items_desktop=\u00a0\u00bb3&Prime; show_items_tablet=\u00a0\u00bb2&Prime; arrow_nav=\u00a0\u00bbon\u00a0\u00bb dot_nav=\u00a0\u00bbon\u00a0\u00bb dot_alignment=\u00a0\u00bbleft\u00a0\u00bb item_spacing=\u00a0\u00bb0&Prime; equal_height=\u00a0\u00bbon\u00a0\u00bb advanced_effect=\u00a0\u00bb1&Prime; arrow_nav_color=\u00a0\u00bb#14202e\u00a0\u00bb dots_color=\u00a0\u00bb#d9d9d9&Prime; dots_active_color=\u00a0\u00bb#14202e\u00a0\u00bb overlay_color_field_bgcolor=\u00a0\u00bbrgba(255,255,255,0.85)\u00a0\u00bb arrow_position=\u00a0\u00bbbottom\u00a0\u00bb arrow_alignment=\u00a0\u00bbflex-end\u00a0\u00bb disabled_on=\u00a0\u00bbon|on|on\u00a0\u00bb admin_label=\u00a0\u00bbCarrousel de photos\u00a0\u00bb _builder_version=\u00a0\u00bb4.27.4&Prime; _module_preset=\u00a0\u00bbdefault\u00a0\u00bb disabled=\u00a0\u00bbon\u00a0\u00bb global_colors_info=\u00a0\u00bb{}\u00a0\u00bb][dica_divi_carouselitem button_url_new_window=\u00a0\u00bb1&Prime; image=\u00a0\u00bbhttps:\/\/staging.logisduboisflotte.com\/wp-content\/uploads\/2025\/03\/GalerieExterieur_Img1_2880x1620-scaled.jpg\u00a0\u00bb image_alt=\u00a0\u00bbVue de l\u2019ext\u00e9rieur des quatre chalets du Logis du Bois Flott\u00e9\u00a0\u00bb image_lightbox=\u00a0\u00bbon\u00a0\u00bb _builder_version=\u00a0\u00bb4.27.4&Prime; _module_preset=\u00a0\u00bbdefault\u00a0\u00bb global_colors_info=\u00a0\u00bb{}\u00a0\u00bb][\/dica_divi_carouselitem][dica_divi_carouselitem button_url_new_window=\u00a0\u00bb1&Prime; image=\u00a0\u00bbhttps:\/\/staging.logisduboisflotte.com\/wp-content\/uploads\/2025\/03\/GalerieExterieur_Img2_2880x1620-scaled.jpg\u00a0\u00bb image_alt=\u00a0\u00bbVue sur la gr\u00e8ve et le fleuve depuis les chalets du Logis du Bois Flott\u00e9\u00a0\u00bb image_lightbox=\u00a0\u00bbon\u00a0\u00bb _builder_version=\u00a0\u00bb4.27.4&Prime; _module_preset=\u00a0\u00bbdefault\u00a0\u00bb global_colors_info=\u00a0\u00bb{}\u00a0\u00bb][\/dica_divi_carouselitem][dica_divi_carouselitem button_url_new_window=\u00a0\u00bb1&Prime; image=\u00a0\u00bbhttps:\/\/staging.logisduboisflotte.com\/wp-content\/uploads\/2025\/03\/GalerieExterieur_Img3_2880x1620-scaled.jpg\u00a0\u00bb image_alt=\u00a0\u00bbFoyer ext\u00e9rieur et chaises Adirondack au bord du fleuve, devant les chalets du Logis du Bois Flott\u00e9\u00a0\u00bb image_lightbox=\u00a0\u00bbon\u00a0\u00bb _builder_version=\u00a0\u00bb4.27.4&Prime; _module_preset=\u00a0\u00bbdefault\u00a0\u00bb global_colors_info=\u00a0\u00bb{}\u00a0\u00bb][\/dica_divi_carouselitem][dica_divi_carouselitem button_url_new_window=\u00a0\u00bb1&Prime; image=\u00a0\u00bbhttps:\/\/staging.logisduboisflotte.com\/wp-content\/uploads\/2025\/03\/GalerieExterieur_Img4_2880x1620-scaled.jpg\u00a0\u00bb image_alt=\u00a0\u00bbVue de l\u2019ext\u00e9rieur des quatre chalets du Logis du Bois Flott\u00e9\u00a0\u00bb image_lightbox=\u00a0\u00bbon\u00a0\u00bb _builder_version=\u00a0\u00bb4.27.4&Prime; _module_preset=\u00a0\u00bbdefault\u00a0\u00bb global_colors_info=\u00a0\u00bb{}\u00a0\u00bb][\/dica_divi_carouselitem][dica_divi_carouselitem button_url_new_window=\u00a0\u00bb1&Prime; image=\u00a0\u00bbhttps:\/\/staging.logisduboisflotte.com\/wp-content\/uploads\/2025\/03\/GalerieExterieur_Img5_2880x1620-scaled.jpg\u00a0\u00bb image_alt=\u00a0\u00bbCoucher de soleil sur le fleuve depuis les chalets du Logis du Bois Flott\u00e9\u00a0\u00bb image_lightbox=\u00a0\u00bbon\u00a0\u00bb _builder_version=\u00a0\u00bb4.27.4&Prime; _module_preset=\u00a0\u00bbdefault\u00a0\u00bb global_colors_info=\u00a0\u00bb{}\u00a0\u00bb][\/dica_divi_carouselitem][dica_divi_carouselitem button_url_new_window=\u00a0\u00bb1&Prime; image=\u00a0\u00bbhttps:\/\/staging.logisduboisflotte.com\/wp-content\/uploads\/2025\/03\/GalerieExterieur_Img6_2880x1620-scaled.jpg\u00a0\u00bb image_alt=\u00a0\u00bbFa\u00e7ade du chalet n\u00b03, L\u2019\u00c9cume des vagues avec table de pique-nique &#8211; Logis du Bois Flott\u00e9\u00a0\u00bb image_lightbox=\u00a0\u00bbon\u00a0\u00bb _builder_version=\u00a0\u00bb4.27.4&Prime; _module_preset=\u00a0\u00bbdefault\u00a0\u00bb global_colors_info=\u00a0\u00bb{}\u00a0\u00bb][\/dica_divi_carouselitem][dica_divi_carouselitem button_url_new_window=\u00a0\u00bb1&Prime; image=\u00a0\u00bbhttps:\/\/staging.logisduboisflotte.com\/wp-content\/uploads\/2025\/03\/GalerieExterieur_Img7_2880x1620-scaled.jpg\u00a0\u00bb image_alt=\u00a0\u00bbPorte d\u2019entr\u00e9e du chalet n\u00b02, Le Fleuve tranquille au Logis du Bois Flott\u00e9\u00a0\u00bb image_lightbox=\u00a0\u00bbon\u00a0\u00bb _builder_version=\u00a0\u00bb4.27.4&Prime; _module_preset=\u00a0\u00bbdefault\u00a0\u00bb global_colors_info=\u00a0\u00bb{}\u00a0\u00bb][\/dica_divi_carouselitem][dica_divi_carouselitem button_url_new_window=\u00a0\u00bb1&Prime; image=\u00a0\u00bbhttps:\/\/staging.logisduboisflotte.com\/wp-content\/uploads\/2025\/03\/GalerieExterieur_Img8_2880x1620-scaled.jpg\u00a0\u00bb image_alt=\u00a0\u00bbVue sur une table de pique-nique devant un chalet du Logis du Bois Flott\u00e9 avec vue sur le fleuve\u00a0\u00bb image_lightbox=\u00a0\u00bbon\u00a0\u00bb _builder_version=\u00a0\u00bb4.27.4&Prime; _module_preset=\u00a0\u00bbdefault\u00a0\u00bb global_colors_info=\u00a0\u00bb{}\u00a0\u00bb][\/dica_divi_carouselitem][dica_divi_carouselitem button_url_new_window=\u00a0\u00bb1&Prime; image=\u00a0\u00bbhttps:\/\/staging.logisduboisflotte.com\/wp-content\/uploads\/2025\/03\/GalerieExterieur_Img9_2880x1620-scaled.jpg\u00a0\u00bb image_alt=\u00a0\u00bbBBQ et table de pique-nique en bois \u00e0 disposition devant chaque chalet du Logis du Bois Flott\u00e9\u00a0\u00bb image_lightbox=\u00a0\u00bbon\u00a0\u00bb _builder_version=\u00a0\u00bb4.27.4&Prime; _module_preset=\u00a0\u00bbdefault\u00a0\u00bb global_colors_info=\u00a0\u00bb{}\u00a0\u00bb][\/dica_divi_carouselitem][\/dica_divi_carousel][et_pb_gallery gallery_ids=\u00a0\u00bb1026,1027,1028,1029,1030,1031,1032,1033,1034&Prime; posts_number=\u00a0\u00bb3&Prime; orientation=\u00a0\u00bbportrait\u00a0\u00bb show_title_and_caption=\u00a0\u00bboff\u00a0\u00bb _builder_version=\u00a0\u00bb4.27.4&Prime; _module_preset=\u00a0\u00bbdefault\u00a0\u00bb global_colors_info=\u00a0\u00bb{}\u00a0\u00bb][\/et_pb_gallery][et_pb_text admin_label=\u00a0\u00bbPlanifiez votre s\u00e9jour maintenant\u00a0\u00bb _builder_version=\u00a0\u00bb4.27.4&Prime; _module_preset=\u00a0\u00bbdefault\u00a0\u00bb text_orientation=\u00a0\u00bbcenter\u00a0\u00bb custom_margin=\u00a0\u00bb3rem||||false|false\u00a0\u00bb global_colors_info=\u00a0\u00bb{}\u00a0\u00bb]<\/p>\n<div class=\"bouton bouton_principal bouton_style2\">\n<a href=\"\/reserver_au_logis_du_bois_flotte\/\">Planifiez votre s\u00e9jour maintenant<\/a>\n<\/div>\n<p>[\/et_pb_text][\/et_pb_column][\/et_pb_row][\/et_pb_section]<\/p>\n","protected":false},"excerpt":{"rendered":"<p>Location temporaire Des chalets tout \u00e9quip\u00e9s pour vos besoins d&rsquo;h\u00e9bergement temporaire dans la r\u00e9gion de Rimouski. R\u00e9servez un chalet Un s\u00e9jour tout confort Solutions d\u2019h\u00e9bergement cl\u00e9 en main Vous avez d\u00e9croch\u00e9 un contrat sur le secteur de Rimouski et vous \u00eates \u00e0 la recherche d\u2019une solution d\u2019h\u00e9bergement temporaire pour vos employ\u00e9s? Une comp\u00e9tition sportive vous [&hellip;]<\/p>\n","protected":false},"author":5,"featured_media":2079,"parent":0,"menu_order":0,"comment_status":"closed","ping_status":"closed","template":"","meta":{"_et_pb_use_builder":"on","_et_pb_old_content":"","_et_gb_content_width":"","footnotes":""},"class_list":["post-892","page","type-page","status-publish","has-post-thumbnail","hentry"],"yoast_head":"<!-- This site is optimized with the Yoast SEO plugin v27.2 - https:\/\/yoast.com\/product\/yoast-seo-wordpress\/ -->\n<title>Offre d\u2019h\u00e9bergement temporaire \u00e0 Rimouski<\/title>\n<meta name=\"description\" content=\"Quatre chalets disponibles \u00e0 la location temporaire dans la r\u00e9gion de Rimouski. Enti\u00e8rement \u00e9quip\u00e9s. Capacit\u00e9 de 28 personnes. Tarif pr\u00e9f\u00e9rentiel au-del\u00e0 de 7 nuits. Ouvert \u00e0 l\u2019ann\u00e9e.\" \/>\n<meta name=\"robots\" content=\"index, follow, max-snippet:-1, max-image-preview:large, max-video-preview:-1\" \/>\n<link rel=\"canonical\" href=\"https:\/\/logisduboisflotte.com\/en\/location_temporaire_a_l_annee\/\" \/>\n<meta property=\"og:locale\" content=\"en_US\" \/>\n<meta property=\"og:type\" content=\"article\" \/>\n<meta property=\"og:title\" content=\"Offre d\u2019h\u00e9bergement temporaire \u00e0 Rimouski\" \/>\n<meta property=\"og:description\" content=\"Quatre chalets disponibles \u00e0 la location temporaire dans la r\u00e9gion de Rimouski. Enti\u00e8rement \u00e9quip\u00e9s. Capacit\u00e9 de 28 personnes. Tarif pr\u00e9f\u00e9rentiel au-del\u00e0 de 7 nuits. Ouvert \u00e0 l\u2019ann\u00e9e.\" \/>\n<meta property=\"og:url\" content=\"https:\/\/logisduboisflotte.com\/en\/location_temporaire_a_l_annee\/\" \/>\n<meta property=\"og:site_name\" content=\"Logis du Bois Flott\u00e9\" \/>\n<meta property=\"article:modified_time\" content=\"2026-03-17T20:15:47+00:00\" \/>\n<meta property=\"og:image\" content=\"https:\/\/logisduboisflotte.com\/wp-content\/uploads\/2025\/05\/LBF_OpenGraph_QuatreSaisons_1200x630.jpg\" \/>\n\t<meta property=\"og:image:width\" content=\"1200\" \/>\n\t<meta property=\"og:image:height\" content=\"630\" \/>\n\t<meta property=\"og:image:type\" content=\"image\/jpeg\" \/>\n<meta name=\"twitter:card\" content=\"summary_large_image\" \/>\n<meta name=\"twitter:label1\" content=\"Est. reading time\" \/>\n\t<meta name=\"twitter:data1\" content=\"6 minutes\" \/>\n<script type=\"application\/ld+json\" class=\"yoast-schema-graph\">{\"@context\":\"https:\/\/schema.org\",\"@graph\":[{\"@type\":\"WebPage\",\"@id\":\"https:\/\/logisduboisflotte.com\/location_temporaire_a_l_annee\/\",\"url\":\"https:\/\/logisduboisflotte.com\/location_temporaire_a_l_annee\/\",\"name\":\"Offre d\u2019h\u00e9bergement temporaire \u00e0 Rimouski\",\"isPartOf\":{\"@id\":\"https:\/\/logisduboisflotte.com\/en\/#website\"},\"primaryImageOfPage\":{\"@id\":\"https:\/\/logisduboisflotte.com\/location_temporaire_a_l_annee\/#primaryimage\"},\"image\":{\"@id\":\"https:\/\/logisduboisflotte.com\/location_temporaire_a_l_annee\/#primaryimage\"},\"thumbnailUrl\":\"https:\/\/logisduboisflotte.com\/wp-content\/uploads\/2025\/05\/LBF_OpenGraph_QuatreSaisons_1200x630.jpg\",\"datePublished\":\"2025-03-27T11:36:02+00:00\",\"dateModified\":\"2026-03-17T20:15:47+00:00\",\"description\":\"Quatre chalets disponibles \u00e0 la location temporaire dans la r\u00e9gion de Rimouski. Enti\u00e8rement \u00e9quip\u00e9s. Capacit\u00e9 de 28 personnes. Tarif pr\u00e9f\u00e9rentiel au-del\u00e0 de 7 nuits. Ouvert \u00e0 l\u2019ann\u00e9e.\",\"breadcrumb\":{\"@id\":\"https:\/\/logisduboisflotte.com\/location_temporaire_a_l_annee\/#breadcrumb\"},\"inLanguage\":\"en-CA\",\"potentialAction\":[{\"@type\":\"ReadAction\",\"target\":[\"https:\/\/logisduboisflotte.com\/location_temporaire_a_l_annee\/\"]}]},{\"@type\":\"ImageObject\",\"inLanguage\":\"en-CA\",\"@id\":\"https:\/\/logisduboisflotte.com\/location_temporaire_a_l_annee\/#primaryimage\",\"url\":\"https:\/\/logisduboisflotte.com\/wp-content\/uploads\/2025\/05\/LBF_OpenGraph_QuatreSaisons_1200x630.jpg\",\"contentUrl\":\"https:\/\/logisduboisflotte.com\/wp-content\/uploads\/2025\/05\/LBF_OpenGraph_QuatreSaisons_1200x630.jpg\",\"width\":1200,\"height\":630},{\"@type\":\"BreadcrumbList\",\"@id\":\"https:\/\/logisduboisflotte.com\/location_temporaire_a_l_annee\/#breadcrumb\",\"itemListElement\":[{\"@type\":\"ListItem\",\"position\":1,\"name\":\"Accueil\",\"item\":\"https:\/\/logisduboisflotte.com\/\"},{\"@type\":\"ListItem\",\"position\":2,\"name\":\"Location temporaire \u00e0 l&rsquo;ann\u00e9e\"}]},{\"@type\":\"WebSite\",\"@id\":\"https:\/\/logisduboisflotte.com\/en\/#website\",\"url\":\"https:\/\/logisduboisflotte.com\/en\/\",\"name\":\"Logis du Bois Flott\u00e9\",\"description\":\"\",\"potentialAction\":[{\"@type\":\"SearchAction\",\"target\":{\"@type\":\"EntryPoint\",\"urlTemplate\":\"https:\/\/logisduboisflotte.com\/en\/?s={search_term_string}\"},\"query-input\":{\"@type\":\"PropertyValueSpecification\",\"valueRequired\":true,\"valueName\":\"search_term_string\"}}],\"inLanguage\":\"en-CA\"}]}<\/script>\n<!-- \/ Yoast SEO plugin. -->","yoast_head_json":{"title":"Offre d\u2019h\u00e9bergement temporaire \u00e0 Rimouski","description":"Quatre chalets disponibles \u00e0 la location temporaire dans la r\u00e9gion de Rimouski. Enti\u00e8rement \u00e9quip\u00e9s. Capacit\u00e9 de 28 personnes. Tarif pr\u00e9f\u00e9rentiel au-del\u00e0 de 7 nuits. Ouvert \u00e0 l\u2019ann\u00e9e.","robots":{"index":"index","follow":"follow","max-snippet":"max-snippet:-1","max-image-preview":"max-image-preview:large","max-video-preview":"max-video-preview:-1"},"canonical":"https:\/\/logisduboisflotte.com\/en\/location_temporaire_a_l_annee\/","og_locale":"en_US","og_type":"article","og_title":"Offre d\u2019h\u00e9bergement temporaire \u00e0 Rimouski","og_description":"Quatre chalets disponibles \u00e0 la location temporaire dans la r\u00e9gion de Rimouski. Enti\u00e8rement \u00e9quip\u00e9s. Capacit\u00e9 de 28 personnes. Tarif pr\u00e9f\u00e9rentiel au-del\u00e0 de 7 nuits. Ouvert \u00e0 l\u2019ann\u00e9e.","og_url":"https:\/\/logisduboisflotte.com\/en\/location_temporaire_a_l_annee\/","og_site_name":"Logis du Bois Flott\u00e9","article_modified_time":"2026-03-17T20:15:47+00:00","og_image":[{"width":1200,"height":630,"url":"https:\/\/logisduboisflotte.com\/wp-content\/uploads\/2025\/05\/LBF_OpenGraph_QuatreSaisons_1200x630.jpg","type":"image\/jpeg"}],"twitter_card":"summary_large_image","twitter_misc":{"Est. reading time":"6 minutes"},"schema":{"@context":"https:\/\/schema.org","@graph":[{"@type":"WebPage","@id":"https:\/\/logisduboisflotte.com\/location_temporaire_a_l_annee\/","url":"https:\/\/logisduboisflotte.com\/location_temporaire_a_l_annee\/","name":"Offre d\u2019h\u00e9bergement temporaire \u00e0 Rimouski","isPartOf":{"@id":"https:\/\/logisduboisflotte.com\/en\/#website"},"primaryImageOfPage":{"@id":"https:\/\/logisduboisflotte.com\/location_temporaire_a_l_annee\/#primaryimage"},"image":{"@id":"https:\/\/logisduboisflotte.com\/location_temporaire_a_l_annee\/#primaryimage"},"thumbnailUrl":"https:\/\/logisduboisflotte.com\/wp-content\/uploads\/2025\/05\/LBF_OpenGraph_QuatreSaisons_1200x630.jpg","datePublished":"2025-03-27T11:36:02+00:00","dateModified":"2026-03-17T20:15:47+00:00","description":"Quatre chalets disponibles \u00e0 la location temporaire dans la r\u00e9gion de Rimouski. Enti\u00e8rement \u00e9quip\u00e9s. Capacit\u00e9 de 28 personnes. Tarif pr\u00e9f\u00e9rentiel au-del\u00e0 de 7 nuits. Ouvert \u00e0 l\u2019ann\u00e9e.","breadcrumb":{"@id":"https:\/\/logisduboisflotte.com\/location_temporaire_a_l_annee\/#breadcrumb"},"inLanguage":"en-CA","potentialAction":[{"@type":"ReadAction","target":["https:\/\/logisduboisflotte.com\/location_temporaire_a_l_annee\/"]}]},{"@type":"ImageObject","inLanguage":"en-CA","@id":"https:\/\/logisduboisflotte.com\/location_temporaire_a_l_annee\/#primaryimage","url":"https:\/\/logisduboisflotte.com\/wp-content\/uploads\/2025\/05\/LBF_OpenGraph_QuatreSaisons_1200x630.jpg","contentUrl":"https:\/\/logisduboisflotte.com\/wp-content\/uploads\/2025\/05\/LBF_OpenGraph_QuatreSaisons_1200x630.jpg","width":1200,"height":630},{"@type":"BreadcrumbList","@id":"https:\/\/logisduboisflotte.com\/location_temporaire_a_l_annee\/#breadcrumb","itemListElement":[{"@type":"ListItem","position":1,"name":"Accueil","item":"https:\/\/logisduboisflotte.com\/"},{"@type":"ListItem","position":2,"name":"Location temporaire \u00e0 l&rsquo;ann\u00e9e"}]},{"@type":"WebSite","@id":"https:\/\/logisduboisflotte.com\/en\/#website","url":"https:\/\/logisduboisflotte.com\/en\/","name":"Logis du Bois Flott\u00e9","description":"","potentialAction":[{"@type":"SearchAction","target":{"@type":"EntryPoint","urlTemplate":"https:\/\/logisduboisflotte.com\/en\/?s={search_term_string}"},"query-input":{"@type":"PropertyValueSpecification","valueRequired":true,"valueName":"search_term_string"}}],"inLanguage":"en-CA"}]}},"_links":{"self":[{"href":"https:\/\/logisduboisflotte.com\/en\/wp-json\/wp\/v2\/pages\/892","targetHints":{"allow":["GET"]}}],"collection":[{"href":"https:\/\/logisduboisflotte.com\/en\/wp-json\/wp\/v2\/pages"}],"about":[{"href":"https:\/\/logisduboisflotte.com\/en\/wp-json\/wp\/v2\/types\/page"}],"author":[{"embeddable":true,"href":"https:\/\/logisduboisflotte.com\/en\/wp-json\/wp\/v2\/users\/5"}],"replies":[{"embeddable":true,"href":"https:\/\/logisduboisflotte.com\/en\/wp-json\/wp\/v2\/comments?post=892"}],"version-history":[{"count":1,"href":"https:\/\/logisduboisflotte.com\/en\/wp-json\/wp\/v2\/pages\/892\/revisions"}],"predecessor-version":[{"id":2282,"href":"https:\/\/logisduboisflotte.com\/en\/wp-json\/wp\/v2\/pages\/892\/revisions\/2282"}],"wp:featuredmedia":[{"embeddable":true,"href":"https:\/\/logisduboisflotte.com\/en\/wp-json\/wp\/v2\/media\/2079"}],"wp:attachment":[{"href":"https:\/\/logisduboisflotte.com\/en\/wp-json\/wp\/v2\/media?parent=892"}],"curies":[{"name":"wp","href":"https:\/\/api.w.org\/{rel}","templated":true}]}}