{"id":888,"date":"2025-03-27T07:34:57","date_gmt":"2025-03-27T11:34:57","guid":{"rendered":"https:\/\/staging.logisduboisflotte.com\/?page_id=888"},"modified":"2026-03-17T16:20:32","modified_gmt":"2026-03-17T20:20:32","slug":"reserver_au_logis_du_bois_flotte","status":"publish","type":"page","link":"https:\/\/logisduboisflotte.com\/en\/reserver_au_logis_du_bois_flotte\/","title":{"rendered":"R\u00e9server au Logis du Bois Flott\u00e9"},"content":{"rendered":"<p>[et_pb_section fb_built=\u00a0\u00bb1&Prime; admin_label=\u00a0\u00bbEn-t\u00eate\u00a0\u00bb _builder_version=\u00a0\u00bb4.27.4&Prime; _module_preset=\u00a0\u00bbdefault\u00a0\u00bb background_image=\u00a0\u00bbhttps:\/\/logisduboisflotte.com\/wp-content\/uploads\/2025\/04\/Header_Reserver_BG_4817x3190-scaled.jpg\u00a0\u00bb custom_margin=\u00a0\u00bb||-6rem||false|false\u00a0\u00bb custom_padding=\u00a0\u00bb||0px||false|false\u00a0\u00bb hover_enabled=\u00a0\u00bb0&Prime; global_colors_info=\u00a0\u00bb{}\u00a0\u00bb title_text=\u00a0\u00bbHeader_Reserver_BG_4817x3190&Prime; sticky_enabled=\u00a0\u00bb0&Prime;][et_pb_row column_structure=\u00a0\u00bb1_2,1_2&Prime; _builder_version=\u00a0\u00bb4.27.4&Prime; _module_preset=\u00a0\u00bbdefault\u00a0\u00bb custom_padding=\u00a0\u00bb||0px||false|false\u00a0\u00bb global_colors_info=\u00a0\u00bb{}\u00a0\u00bb][et_pb_column type=\u00a0\u00bb1_2&Prime; _builder_version=\u00a0\u00bb4.27.4&Prime; _module_preset=\u00a0\u00bbdefault\u00a0\u00bb global_colors_info=\u00a0\u00bb{}\u00a0\u00bb][et_pb_text _builder_version=\u00a0\u00bb4.27.4&Prime; _module_preset=\u00a0\u00bbdefault\u00a0\u00bb text_text_color=\u00a0\u00bb#FFFFFF\u00a0\u00bb global_colors_info=\u00a0\u00bb{}\u00a0\u00bb]<\/p>\n<h1>R\u00e9servez en ligne<\/h1>\n<p class=\"accueil_intro_texte\"><strong>Planifiez d\u00e8s maintenant votre s\u00e9jour au Logis du Bois Flott\u00e9 en r\u00e9servant votre chalet en ligne.<\/strong><\/p>\n<div class=\"bouton bouton_principal bouton_style1 accueil_intro_bouton\">\n<a style=\"display: inline-block; margin: 1rem 0;\" href=\"#tarifs\">Consultez nos tarifs<\/a>\n<\/div>\n<p>[\/et_pb_text][\/et_pb_column][et_pb_column type=\u00a0\u00bb1_2&Prime; _builder_version=\u00a0\u00bb4.27.4&Prime; _module_preset=\u00a0\u00bbdefault\u00a0\u00bb global_colors_info=\u00a0\u00bb{}\u00a0\u00bb][et_pb_image src=\u00a0\u00bbhttps:\/\/staging.logisduboisflotte.com\/wp-content\/uploads\/2025\/04\/Header_Reserver_1620x2430.jpg\u00a0\u00bb alt=\u00a0\u00bbD\u00e9tail de l\u2019espace bureau du chalet Les Grandes Mar\u00e9es au Logis du Bois Flott\u00e9\u00a0\u00bb title_text=\u00a0\u00bbD\u00e9tail de l\u2019espace bureau du chalet Les Grandes Mar\u00e9es au Logis du Bois Flott\u00e9\u00a0\u00bb disabled_on=\u00a0\u00bbon|on|off\u00a0\u00bb admin_label=\u00a0\u00bbImage Desktop\u00a0\u00bb _builder_version=\u00a0\u00bb4.27.4&Prime; _module_preset=\u00a0\u00bbdefault\u00a0\u00bb global_colors_info=\u00a0\u00bb{}\u00a0\u00bb][\/et_pb_image][et_pb_image src=\u00a0\u00bbhttps:\/\/staging.logisduboisflotte.com\/wp-content\/uploads\/2025\/04\/Header_M_Reserver_1620x1620.jpg\u00a0\u00bb alt=\u00a0\u00bbD\u00e9tail de l\u2019espace bureau du chalet Les Grandes Mar\u00e9es au Logis du Bois Flott\u00e9\u00a0\u00bb title_text=\u00a0\u00bbD\u00e9tail de l\u2019espace bureau du chalet Les Grandes Mar\u00e9es au Logis du Bois Flott\u00e9\u00a0\u00bb disabled_on=\u00a0\u00bboff|off|on\u00a0\u00bb admin_label=\u00a0\u00bbImage Mobile\u00a0\u00bb _builder_version=\u00a0\u00bb4.27.4&Prime; _module_preset=\u00a0\u00bbdefault\u00a0\u00bb global_colors_info=\u00a0\u00bb{}\u00a0\u00bb][\/et_pb_image][\/et_pb_column][\/et_pb_row][\/et_pb_section][et_pb_section fb_built=\u00a0\u00bb1&Prime; admin_label=\u00a0\u00bbCalendrier\u00a0\u00bb module_id=\u00a0\u00bbcalendrier\u00a0\u00bb _builder_version=\u00a0\u00bb4.27.4&Prime; _module_preset=\u00a0\u00bbdefault\u00a0\u00bb custom_margin=\u00a0\u00bb||||false|false\u00a0\u00bb custom_padding=\u00a0\u00bb||||false|false\u00a0\u00bb global_colors_info=\u00a0\u00bb{}\u00a0\u00bb][et_pb_row _builder_version=\u00a0\u00bb4.27.4&Prime; _module_preset=\u00a0\u00bbdefault\u00a0\u00bb custom_padding=\u00a0\u00bb6rem||||false|false\u00a0\u00bb global_colors_info=\u00a0\u00bb{}\u00a0\u00bb][et_pb_column type=\u00a0\u00bb4_4&Prime; _builder_version=\u00a0\u00bb4.27.4&Prime; _module_preset=\u00a0\u00bbdefault\u00a0\u00bb global_colors_info=\u00a0\u00bb{}\u00a0\u00bb][et_pb_text admin_label=\u00a0\u00bbTitre et texte\u00a0\u00bb _builder_version=\u00a0\u00bb4.27.4&Prime; _module_preset=\u00a0\u00bbdefault\u00a0\u00bb text_text_color=\u00a0\u00bb#14202e\u00a0\u00bb global_colors_info=\u00a0\u00bb{}\u00a0\u00bb]<\/p>\n<h2 id=\"reserver\" class=\"titre\"><span>Calendrier<\/span> Disponibilit\u00e9 de nos chalets<\/h2>\n<p>Vous souhaitez r\u00e9server dans l&rsquo;un de nos chalets? Vous pouvez facilement r\u00e9server en ligne avec un paiement par carte de cr\u00e9dit (VISA \/ Mastercard).<\/p>\n<div class=\"rabais\">\n<p><strong>Rabais 10%<\/strong><\/p>\n<p>Si vous r\u00e9servez pour 7 nuits ou plus, obtenez 10 % de rabais sur le prix \u00e0 la nuit\u00e9e. Offre valable toute l&rsquo;ann\u00e9e.<\/p>\n<\/div>\n<p style=\"font-size: 1.25rem\"><strong>Voici comment r\u00e9server un chalet :<\/strong><\/p>\n<ol>\n<li>Inscrire les dates de votre s\u00e9jour pour conna\u00eetre la disponibilit\u00e9 et le co\u00fbt de la location<\/li>\n<li>Cliquer sur le bouton SUIVANT pour afficher le formulaire de r\u00e9servation<\/li>\n<li>Compl\u00e9ter le formulaire et les informations de paiement<\/li>\n<li>Une fois le paiement effectu\u00e9, vous recevrez par courriel une confirmation de votre r\u00e9servation<\/li>\n<\/ol>\n<p>[\/et_pb_text][et_pb_code admin_label=\u00a0\u00bbCalendrier (Tous)\u00a0\u00bb _builder_version=\u00a0\u00bb4.27.4&Prime; _module_preset=\u00a0\u00bbdefault\u00a0\u00bb display_conditions=\u00a0\u00bbW3siaWQiOiI1YTM4NDkyZS02OGRjLTQ3NGUtYjE2My0xMWY2ZDE2MDA0MjIiLCJjb25kaXRpb24iOiJ1cmxQYXJhbWV0ZXIiLCJjb25kaXRpb25TZXR0aW5ncyI6eyJzZWxlY3RVcmxQYXJhbWV0ZXIiOiJzcGVjaWZpY1VybFBhcmFtZXRlciIsInVybFBhcmFtZXRlck5hbWUiOiJjaGFsZXQiLCJkaXNwbGF5UnVsZSI6ImRvZXNOb3RFeGlzdCIsInVybFBhcmFtZXRlclZhbHVlIjoiVmFsZXVyIGR1IHBhcmFtw6h0cmUgZCYjMDM5O1VSTCIsImFkbWluTGFiZWwiOiJQYXJhbcOodHJlIGQmIzAzOTtVUkwiLCJlbmFibGVDb25kaXRpb24iOiJvbiJ9LCJvcGVyYXRvciI6Ik9SIn1d\u00a0\u00bb global_colors_info=\u00a0\u00bb{}\u00a0\u00bb]<!-- [et_pb_line_break_holder] -->[\/et_pb_code][et_pb_code admin_label=\u00a0\u00bbCalendrier (Le Clapotis de la mar\u00e9e)\u00a0\u00bb _builder_version=\u00a0\u00bb4.27.4&Prime; _module_preset=\u00a0\u00bbdefault\u00a0\u00bb display_conditions=\u00a0\u00bbW3siaWQiOiI1YTM4NDkyZS02OGRjLTQ3NGUtYjE2My0xMWY2ZDE2MDA0MjIiLCJjb25kaXRpb24iOiJ1cmxQYXJhbWV0ZXIiLCJjb25kaXRpb25TZXR0aW5ncyI6eyJzZWxlY3RVcmxQYXJhbWV0ZXIiOiJzcGVjaWZpY1VybFBhcmFtZXRlciIsInVybFBhcmFtZXRlck5hbWUiOiJjaGFsZXQiLCJkaXNwbGF5UnVsZSI6ImVxdWFscyIsInVybFBhcmFtZXRlclZhbHVlIjoiNDIwIiwiYWRtaW5MYWJlbCI6IlBhcmFtw6h0cmUgZCYjMDM5O1VSTCIsImVuYWJsZUNvbmRpdGlvbiI6Im9uIn0sIm9wZXJhdG9yIjoiT1IifV0=\u00a0\u00bb global_colors_info=\u00a0\u00bb{}\u00a0\u00bb]<!-- [et_pb_line_break_holder] -->[\/et_pb_code][et_pb_code admin_label=\u00a0\u00bbCalendrier (Le Fleuve tranquille)\u00a0\u00bb _builder_version=\u00a0\u00bb4.27.4&Prime; _module_preset=\u00a0\u00bbdefault\u00a0\u00bb display_conditions=\u00a0\u00bbW3siaWQiOiI1YTM4NDkyZS02OGRjLTQ3NGUtYjE2My0xMWY2ZDE2MDA0MjIiLCJjb25kaXRpb24iOiJ1cmxQYXJhbWV0ZXIiLCJjb25kaXRpb25TZXR0aW5ncyI6eyJzZWxlY3RVcmxQYXJhbWV0ZXIiOiJzcGVjaWZpY1VybFBhcmFtZXRlciIsInVybFBhcmFtZXRlck5hbWUiOiJjaGFsZXQiLCJkaXNwbGF5UnVsZSI6ImVxdWFscyIsInVybFBhcmFtZXRlclZhbHVlIjoiNDIyIiwiYWRtaW5MYWJlbCI6IlBhcmFtw6h0cmUgZCYjMDM5O1VSTCIsImVuYWJsZUNvbmRpdGlvbiI6Im9uIn0sIm9wZXJhdG9yIjoiT1IifV0=\u00a0\u00bb global_colors_info=\u00a0\u00bb{}\u00a0\u00bb]<!-- [et_pb_line_break_holder] -->[\/et_pb_code][et_pb_code admin_label=\u00a0\u00bbCalendrier (L&rsquo;\u00c9cume des vagues)\u00a0\u00bb _builder_version=\u00a0\u00bb4.27.4&Prime; _module_preset=\u00a0\u00bbdefault\u00a0\u00bb display_conditions=\u00a0\u00bbW3siaWQiOiI1YTM4NDkyZS02OGRjLTQ3NGUtYjE2My0xMWY2ZDE2MDA0MjIiLCJjb25kaXRpb24iOiJ1cmxQYXJhbWV0ZXIiLCJjb25kaXRpb25TZXR0aW5ncyI6eyJzZWxlY3RVcmxQYXJhbWV0ZXIiOiJzcGVjaWZpY1VybFBhcmFtZXRlciIsInVybFBhcmFtZXRlck5hbWUiOiJjaGFsZXQiLCJkaXNwbGF5UnVsZSI6ImVxdWFscyIsInVybFBhcmFtZXRlclZhbHVlIjoiNDI0IiwiYWRtaW5MYWJlbCI6IlBhcmFtw6h0cmUgZCYjMDM5O1VSTCIsImVuYWJsZUNvbmRpdGlvbiI6Im9uIn0sIm9wZXJhdG9yIjoiT1IifV0=\u00a0\u00bb global_colors_info=\u00a0\u00bb{}\u00a0\u00bb]<!-- [et_pb_line_break_holder] -->[\/et_pb_code][et_pb_code admin_label=\u00a0\u00bbCalendrier (Les Grandes Mar\u00e9es)\u00a0\u00bb _builder_version=\u00a0\u00bb4.27.4&Prime; _module_preset=\u00a0\u00bbdefault\u00a0\u00bb display_conditions=\u00a0\u00bbW3siaWQiOiI1YTM4NDkyZS02OGRjLTQ3NGUtYjE2My0xMWY2ZDE2MDA0MjIiLCJjb25kaXRpb24iOiJ1cmxQYXJhbWV0ZXIiLCJjb25kaXRpb25TZXR0aW5ncyI6eyJzZWxlY3RVcmxQYXJhbWV0ZXIiOiJzcGVjaWZpY1VybFBhcmFtZXRlciIsInVybFBhcmFtZXRlck5hbWUiOiJjaGFsZXQiLCJkaXNwbGF5UnVsZSI6ImVxdWFscyIsInVybFBhcmFtZXRlclZhbHVlIjoiNDI2IiwiYWRtaW5MYWJlbCI6IlBhcmFtw6h0cmUgZCYjMDM5O1VSTCIsImVuYWJsZUNvbmRpdGlvbiI6Im9uIn0sIm9wZXJhdG9yIjoiT1IifV0=\u00a0\u00bb global_colors_info=\u00a0\u00bb{}\u00a0\u00bb]<!-- [et_pb_line_break_holder] -->[\/et_pb_code][\/et_pb_column][\/et_pb_row][\/et_pb_section][et_pb_section fb_built=\u00a0\u00bb1&Prime; admin_label=\u00a0\u00bbNos tarifs\u00a0\u00bb module_id=\u00a0\u00bbtarifs\u00a0\u00bb module_class=\u00a0\u00bbchalet_coutDeLocation\u00a0\u00bb _builder_version=\u00a0\u00bb4.27.4&Prime; _module_preset=\u00a0\u00bbdefault\u00a0\u00bb custom_padding=\u00a0\u00bb0px||||false|false\u00a0\u00bb global_colors_info=\u00a0\u00bb{}\u00a0\u00bb][et_pb_row _builder_version=\u00a0\u00bb4.27.4&Prime; _module_preset=\u00a0\u00bbdefault\u00a0\u00bb custom_padding=\u00a0\u00bb||0px||false|false\u00a0\u00bb global_colors_info=\u00a0\u00bb{}\u00a0\u00bb][et_pb_column type=\u00a0\u00bb4_4&Prime; _builder_version=\u00a0\u00bb4.27.4&Prime; _module_preset=\u00a0\u00bbdefault\u00a0\u00bb global_colors_info=\u00a0\u00bb{}\u00a0\u00bb][et_pb_text admin_label=\u00a0\u00bbTitre et texte\u00a0\u00bb _builder_version=\u00a0\u00bb4.27.4&Prime; _module_preset=\u00a0\u00bbdefault\u00a0\u00bb text_text_color=\u00a0\u00bb#14202e\u00a0\u00bb global_colors_info=\u00a0\u00bb{}\u00a0\u00bb]<\/p>\n<h2 class=\"titre\"><span>Nos tarifs<\/span> Co\u00fbts de location<\/h2>\n<p>Nos tarifs varient en fonction de la saison et un nombre de nuit\u00e9es minimum peut \u00eatre requis.<\/p>\n<p class=\"chalet_coutDeLocation_titre\">Tarifs 2025-2026<\/p>\n<p>[\/et_pb_text][\/et_pb_column][\/et_pb_row][et_pb_row column_structure=\u00a0\u00bb3_5,2_5&Prime; _builder_version=\u00a0\u00bb4.27.4&Prime; _module_preset=\u00a0\u00bbdefault\u00a0\u00bb custom_padding=\u00a0\u00bb||0px||false|false\u00a0\u00bb global_colors_info=\u00a0\u00bb{}\u00a0\u00bb][et_pb_column type=\u00a0\u00bb3_5&Prime; _builder_version=\u00a0\u00bb4.27.4&Prime; _module_preset=\u00a0\u00bbdefault\u00a0\u00bb global_colors_info=\u00a0\u00bb{}\u00a0\u00bb][et_pb_text admin_label=\u00a0\u00bbSaisons\u00a0\u00bb _builder_version=\u00a0\u00bb4.27.4&Prime; _module_preset=\u00a0\u00bbdefault\u00a0\u00bb global_colors_info=\u00a0\u00bb{}\u00a0\u00bb]<\/p>\n<div class=\"chalet_coutDeLocation_liste\">\n<div>\n<h3>Hiver &#038; Printemps<\/h3>\n<p>Du 6 janvier au 17 avril 2025 et du 21 avril au 21 mai 2025<\/p>\n<ul>\n<li>\u00c0 partir de 200 $ par nuit\u00e9e (en semaine)<\/li>\n<li>\u00c0 partir de 250 $ par nuit\u00e9e (en fin de semaine)<\/li>\n<\/ul>\n<\/div>\n<div>\n<h3>P\u00e2ques<\/h3>\n<p>Du 18 au 20 avril 2025<\/p>\n<ul>\n<li>\u00c0 partir de 275 $ par nuit\u00e9e<\/li>\n<\/ul>\n<\/div>\n<div>\n<h3>Coupe Memorial<\/h3>\n<p>Du 22 mai au 31 mai 2025<\/p>\n<ul>\n<li>\u00c0 partir de 325 $ par nuit\u00e9e<\/li>\n<\/ul>\n<\/div>\n<div>\n<h3>Juin<\/h3>\n<p>Du 1er juin au 26 juin 2025<\/p>\n<ul>\n<li>\u00c0 partir de 250 $ par nuit\u00e9e (en semaine)<\/li>\n<li>\u00c0 partir de 275 $ par nuit\u00e9e (en fin de semaine)<\/li>\n<\/ul>\n<\/div>\n<div>\n<h3>\u00c9t\u00e9<\/h3>\n<p>Du 27 juin au 14 septembre 2025<\/p>\n<ul>\n<li>\u00c0 partir de 325 $ par nuit\u00e9e<\/li>\n<\/ul>\n<\/div>\n<div>\n<h3>Automne<\/h3>\n<p>Du 15 septembre au 18 d\u00e9cembre 2025<\/p>\n<ul>\n<li>\u00c0 partir de 200 $ par nuit\u00e9e (en semaine)<\/li>\n<li>\u00c0 partir de 250 $ par nuit\u00e9e (en fin de semaine)<\/li>\n<\/ul>\n<\/div>\n<div>\n<h3>P\u00e9riode des f\u00eates<\/h3>\n<p>Du 19 d\u00e9cembre 2025 au 4 janvier 2026<\/p>\n<ul>\n<li>\u00c0 partir de 275 $ par nuit\u00e9e<\/li>\n<\/ul>\n<\/div>\n<\/div>\n<p>[\/et_pb_text][\/et_pb_column][et_pb_column type=\u00a0\u00bb2_5&Prime; disabled_on=\u00a0\u00bbon|on|off\u00a0\u00bb _builder_version=\u00a0\u00bb4.27.4&Prime; _module_preset=\u00a0\u00bbdefault\u00a0\u00bb global_colors_info=\u00a0\u00bb{}\u00a0\u00bb][et_pb_image src=\u00a0\u00bbhttps:\/\/staging.logisduboisflotte.com\/wp-content\/uploads\/2025\/04\/Tarifs_Couple_1620x2430.jpg\u00a0\u00bb alt=\u00a0\u00bbCouple heureux tenant une tasse de caf\u00e9 en train de regarder un \u00e9cran d\u2019ordinateur portable\u00a0\u00bb title_text=\u00a0\u00bbCouple heureux tenant une tasse de caf\u00e9 en train de regarder un \u00e9cran d\u2019ordinateur portable\u00a0\u00bb _builder_version=\u00a0\u00bb4.27.4&Prime; _module_preset=\u00a0\u00bbdefault\u00a0\u00bb global_colors_info=\u00a0\u00bb{}\u00a0\u00bb][\/et_pb_image][\/et_pb_column][\/et_pb_row][et_pb_row _builder_version=\u00a0\u00bb4.27.4&Prime; _module_preset=\u00a0\u00bbdefault\u00a0\u00bb custom_padding=\u00a0\u00bb0px||||false|false\u00a0\u00bb global_colors_info=\u00a0\u00bb{}\u00a0\u00bb][et_pb_column type=\u00a0\u00bb4_4&Prime; _builder_version=\u00a0\u00bb4.27.4&Prime; _module_preset=\u00a0\u00bbdefault\u00a0\u00bb global_colors_info=\u00a0\u00bb{}\u00a0\u00bb][et_pb_text admin_label=\u00a0\u00bbR\u00e9server un chalet\u00a0\u00bb _builder_version=\u00a0\u00bb4.27.4&Prime; _module_preset=\u00a0\u00bbdefault\u00a0\u00bb global_colors_info=\u00a0\u00bb{}\u00a0\u00bb]<\/p>\n<div class=\"bouton bouton_principal bouton_style2\" style=\"text-align: center\">\n<a style=\"display: inline-block; margin: 1rem 0;\" href=\"#reserver\">R\u00e9server un chalet<\/a>\n<\/div>\n<p>[\/et_pb_text][\/et_pb_column][\/et_pb_row][\/et_pb_section][et_pb_section fb_built=\u00a0\u00bb1&Prime; admin_label=\u00a0\u00bbDistinction\u00a0\u00bb _builder_version=\u00a0\u00bb4.27.4&Prime; _module_preset=\u00a0\u00bbdefault\u00a0\u00bb custom_padding=\u00a0\u00bb0px||||false|false\u00a0\u00bb global_colors_info=\u00a0\u00bb{}\u00a0\u00bb][et_pb_row _builder_version=\u00a0\u00bb4.27.4&Prime; _module_preset=\u00a0\u00bbdefault\u00a0\u00bb global_colors_info=\u00a0\u00bb{}\u00a0\u00bb][et_pb_column type=\u00a0\u00bb4_4&Prime; _builder_version=\u00a0\u00bb4.27.4&Prime; _module_preset=\u00a0\u00bbdefault\u00a0\u00bb global_colors_info=\u00a0\u00bb{}\u00a0\u00bb][et_pb_image src=\u00a0\u00bbhttps:\/\/staging.logisduboisflotte.com\/wp-content\/uploads\/2025\/03\/Bandeau_SuperHote_3000x600-scaled.jpg\u00a0\u00bb alt=\u00a0\u00bbCouple avec deux enfants au bord de la mer qui se regardent en souriant\u00a0\u00bb title_text=\u00a0\u00bbCouple avec deux enfants au bord de la mer qui se regardent en souriant\u00a0\u00bb _builder_version=\u00a0\u00bb4.27.4&Prime; _module_preset=\u00a0\u00bbdefault\u00a0\u00bb custom_margin=\u00a0\u00bb||0px||false|false\u00a0\u00bb global_colors_info=\u00a0\u00bb{}\u00a0\u00bb][\/et_pb_image][et_pb_text admin_label=\u00a0\u00bbTexte\u00a0\u00bb module_class=\u00a0\u00bbaccueil_distinction\u00a0\u00bb _builder_version=\u00a0\u00bb4.27.4&Prime; _module_preset=\u00a0\u00bbdefault\u00a0\u00bb text_text_color=\u00a0\u00bb#FFFFFF\u00a0\u00bb background_color=\u00a0\u00bb#154a65&Prime; custom_padding=\u00a0\u00bb1.25px|1.25px|1.25px|1.25px|true|true\u00a0\u00bb global_colors_info=\u00a0\u00bb{}\u00a0\u00bb]<\/p>\n<h2 class=\"titre\" style=\"color: white; margin-top: 1rem; padding: 0 1rem;\"><span>Distinction<\/span> SuperH\u00f4te sur Airbnb<\/h2>\n<p style=\"margin-top: 1rem; margin-bottom: 1rem; padding: 0 1rem\">Depuis plus d\u2019un an nous avons la distinction de SuperH\u00f4te sur Airbnb. Cette reconnaissance sp\u00e9ciale est accord\u00e9e aux h\u00f4tes qui offrent une exp\u00e9rience exceptionnelle aux voyageurs. Pour obtenir ce statut, un h\u00f4te doit maintenir une note moyenne d&rsquo;au moins 4,8 \u00e9toiles. Cette distinction t\u00e9moigne d\u2019un service fiable et de qualit\u00e9, renfor\u00e7ant la confiance des voyageurs.<\/p>\n<p>[\/et_pb_text][\/et_pb_column][\/et_pb_row][\/et_pb_section][et_pb_section fb_built=\u00a0\u00bb1&Prime; admin_label=\u00a0\u00bbBesoin d&rsquo;aide?\u00a0\u00bb module_class=\u00a0\u00bbreserver_besoinDAide\u00a0\u00bb _builder_version=\u00a0\u00bb4.27.4&Prime; _module_preset=\u00a0\u00bbdefault\u00a0\u00bb custom_padding=\u00a0\u00bb0px||||false|false\u00a0\u00bb global_colors_info=\u00a0\u00bb{}\u00a0\u00bb][et_pb_row column_structure=\u00a0\u00bb1_2,1_2&Prime; _builder_version=\u00a0\u00bb4.27.4&Prime; _module_preset=\u00a0\u00bbdefault\u00a0\u00bb global_colors_info=\u00a0\u00bb{}\u00a0\u00bb][et_pb_column type=\u00a0\u00bb1_2&Prime; _builder_version=\u00a0\u00bb4.27.4&Prime; _module_preset=\u00a0\u00bbdefault\u00a0\u00bb global_colors_info=\u00a0\u00bb{}\u00a0\u00bb][et_pb_image src=\u00a0\u00bbhttps:\/\/staging.logisduboisflotte.com\/wp-content\/uploads\/2025\/04\/NousEcrire_Reserver_2880x1620-scaled.jpg\u00a0\u00bb alt=\u00a0\u00bbHomme souriant tenant une tablette\u00a0\u00bb title_text=\u00a0\u00bbHomme souriant tenant une tablette\u00a0\u00bb _builder_version=\u00a0\u00bb4.27.4&Prime; _module_preset=\u00a0\u00bbdefault\u00a0\u00bb global_colors_info=\u00a0\u00bb{}\u00a0\u00bb][\/et_pb_image][\/et_pb_column][et_pb_column type=\u00a0\u00bb1_2&Prime; _builder_version=\u00a0\u00bb4.27.4&Prime; _module_preset=\u00a0\u00bbdefault\u00a0\u00bb global_colors_info=\u00a0\u00bb{}\u00a0\u00bb][et_pb_text admin_label=\u00a0\u00bbTitre et texte\u00a0\u00bb _builder_version=\u00a0\u00bb4.27.4&Prime; _module_preset=\u00a0\u00bbdefault\u00a0\u00bb text_text_color=\u00a0\u00bb#14202e\u00a0\u00bb global_colors_info=\u00a0\u00bb{}\u00a0\u00bb]<\/p>\n<h2 class=\"titre\"><span>Besoin d&rsquo;aide?<\/span> Nous contacter<\/h2>\n<p>Vous avez des questions sur nos chalets ? Vous avez besoin d&rsquo;aide pour r\u00e9server? Vous avez des demandes particuli\u00e8res? N&rsquo;h\u00e9sitez pas \u00e0 nous contacter ! Nous sommes l\u00e0 pour vous aider \u00e0 planifier votre s\u00e9jour id\u00e9al dans les chalets du Logis du Bois Flott\u00e9.<\/p>\n<div class=\"bouton bouton_style2\">\n<a href=\"#footer\">Nous \u00e9crire<\/a>\n<\/div>\n<p>[\/et_pb_text][\/et_pb_column][\/et_pb_row][\/et_pb_section][et_pb_section fb_built=\u00a0\u00bb1&Prime; admin_label=\u00a0\u00bbAttraits touristiques\u00a0\u00bb _builder_version=\u00a0\u00bb4.27.4&Prime; _module_preset=\u00a0\u00bbdefault\u00a0\u00bb global_colors_info=\u00a0\u00bb{}\u00a0\u00bb][et_pb_row column_structure=\u00a0\u00bb1_2,1_2&Prime; _builder_version=\u00a0\u00bb4.27.4&Prime; _module_preset=\u00a0\u00bbdefault\u00a0\u00bb global_colors_info=\u00a0\u00bb{}\u00a0\u00bb][et_pb_column type=\u00a0\u00bb1_2&Prime; module_class=\u00a0\u00bbaccueil_attraitsTouristiques\u00a0\u00bb _builder_version=\u00a0\u00bb4.27.4&Prime; _module_preset=\u00a0\u00bbdefault\u00a0\u00bb global_colors_info=\u00a0\u00bb{}\u00a0\u00bb][et_pb_text admin_label=\u00a0\u00bbTexte\u00a0\u00bb _builder_version=\u00a0\u00bb4.27.4&Prime; _module_preset=\u00a0\u00bbdefault\u00a0\u00bb text_text_color=\u00a0\u00bb#14202e\u00a0\u00bb global_colors_info=\u00a0\u00bb{}\u00a0\u00bb]<\/p>\n<h2 class=\"titre\"><span>Attraits touristiques<\/span> Explorez les incontournables<\/h2>\n<p>Que vous aimiez la nature, l\u2019histoire ou l\u2019aventure, notre r\u00e9gion a tout pour plaire ! Randonnez sur des sentiers enchanteurs, pagayez sur des rivi\u00e8res paisibles ou explorez nos pistes cyclables panoramiques. D\u00e9couvrez aussi nos mus\u00e9es et sites historiques, sans oublier les parcs parfaits pour pique-niquer et observer la faune. Peu importe la saison, une exp\u00e9rience m\u00e9morable vous attend !<\/p>\n<div class=\"bouton bouton_style2\">\n<a href=\"\/logis_du_bois_flotte_quoi_faire\/\">Quoi faire \u00e0 proximit\u00e9<\/a>\n<\/div>\n<p>[\/et_pb_text][\/et_pb_column][et_pb_column type=\u00a0\u00bb1_2&Prime; _builder_version=\u00a0\u00bb4.27.4&Prime; _module_preset=\u00a0\u00bbdefault\u00a0\u00bb global_colors_info=\u00a0\u00bb{}\u00a0\u00bb][et_pb_image src=\u00a0\u00bbhttps:\/\/staging.logisduboisflotte.com\/wp-content\/uploads\/2025\/03\/Attrait_Canyon_2880x1620-scaled.jpg\u00a0\u00bb alt=\u00a0\u00bbVue a\u00e9rienne du Canyon des Portes de l\u2019Enfer \u00e0 visiter \u00e0 proximit\u00e9 des chalets du Logis du Bois Flott\u00e9\u00a0\u00bb title_text=\u00a0\u00bbVue a\u00e9rienne du Canyon des Portes de l\u2019Enfer \u00e0 visiter \u00e0 proximit\u00e9 des chalets du Logis du Bois Flott\u00e9\u00a0\u00bb _builder_version=\u00a0\u00bb4.27.4&Prime; _module_preset=\u00a0\u00bbdefault\u00a0\u00bb global_colors_info=\u00a0\u00bb{}\u00a0\u00bb][\/et_pb_image][et_pb_image src=\u00a0\u00bbhttps:\/\/staging.logisduboisflotte.com\/wp-content\/uploads\/2025\/03\/Attrait_Kayak_2880x1620-scaled.jpg\u00a0\u00bb alt=\u00a0\u00bbPlusieurs personnes en kayak de mer dans le Parc national du Bic, \u00e0 proximit\u00e9 des chalets du Logis du Bois Flott\u00e9\u00a0\u00bb title_text=\u00a0\u00bbPlusieurs personnes en kayak de mer dans le Parc national du Bic, \u00e0 proximit\u00e9 des chalets du Logis du Bois Flott\u00e9\u00a0\u00bb _builder_version=\u00a0\u00bb4.27.4&Prime; _module_preset=\u00a0\u00bbdefault\u00a0\u00bb global_colors_info=\u00a0\u00bb{}\u00a0\u00bb][\/et_pb_image][\/et_pb_column][\/et_pb_row][\/et_pb_section]<\/p>\n","protected":false},"excerpt":{"rendered":"<p>R\u00e9servez en ligne Planifiez d\u00e8s maintenant votre s\u00e9jour au Logis du Bois Flott\u00e9 en r\u00e9servant votre chalet en ligne. Consultez nos tarifs Calendrier Disponibilit\u00e9 de nos chalets Vous souhaitez r\u00e9server dans l&rsquo;un de nos chalets? Vous pouvez facilement r\u00e9server en ligne avec un paiement par carte de cr\u00e9dit (VISA \/ Mastercard). Rabais 10% Si vous [&hellip;]<\/p>\n","protected":false},"author":5,"featured_media":2080,"parent":0,"menu_order":0,"comment_status":"closed","ping_status":"closed","template":"","meta":{"_et_pb_use_builder":"on","_et_pb_old_content":"","_et_gb_content_width":"","footnotes":""},"class_list":["post-888","page","type-page","status-publish","has-post-thumbnail","hentry"],"yoast_head":"<!-- This site is optimized with the Yoast SEO plugin v27.2 - https:\/\/yoast.com\/product\/yoast-seo-wordpress\/ -->\n<title>R\u00e9servez en ligne votre chalet au Logis du Bois Flott\u00e9<\/title>\n<meta name=\"description\" content=\"R\u00e9servez en ligne votre chalet au Logis du Bois Flott\u00e9, consultez disponibilit\u00e9s et tarifs de location. Paiement par carte de cr\u00e9dit.\" \/>\n<meta name=\"robots\" content=\"index, follow, max-snippet:-1, max-image-preview:large, max-video-preview:-1\" \/>\n<link rel=\"canonical\" href=\"https:\/\/logisduboisflotte.com\/en\/reserver_au_logis_du_bois_flotte\/\" \/>\n<meta property=\"og:locale\" content=\"en_US\" \/>\n<meta property=\"og:type\" content=\"article\" \/>\n<meta property=\"og:title\" content=\"R\u00e9servez en ligne votre chalet au Logis du Bois Flott\u00e9\" \/>\n<meta property=\"og:description\" content=\"R\u00e9servez en ligne votre chalet au Logis du Bois Flott\u00e9, consultez disponibilit\u00e9s et tarifs de location. Paiement par carte de cr\u00e9dit.\" \/>\n<meta property=\"og:url\" content=\"https:\/\/logisduboisflotte.com\/en\/reserver_au_logis_du_bois_flotte\/\" \/>\n<meta property=\"og:site_name\" content=\"Logis du Bois Flott\u00e9\" \/>\n<meta property=\"article:modified_time\" content=\"2026-03-17T20:20:32+00:00\" \/>\n<meta property=\"og:image\" content=\"https:\/\/logisduboisflotte.com\/wp-content\/uploads\/2025\/05\/LBF_OpenGraph_Reserver_1200x630.jpg\" \/>\n\t<meta property=\"og:image:width\" content=\"1200\" \/>\n\t<meta property=\"og:image:height\" content=\"630\" \/>\n\t<meta property=\"og:image:type\" content=\"image\/jpeg\" \/>\n<meta name=\"twitter:card\" content=\"summary_large_image\" \/>\n<meta name=\"twitter:label1\" content=\"Est. reading time\" \/>\n\t<meta name=\"twitter:data1\" content=\"5 minutes\" \/>\n<script type=\"application\/ld+json\" class=\"yoast-schema-graph\">{\"@context\":\"https:\/\/schema.org\",\"@graph\":[{\"@type\":\"WebPage\",\"@id\":\"https:\/\/logisduboisflotte.com\/reserver_au_logis_du_bois_flotte\/\",\"url\":\"https:\/\/logisduboisflotte.com\/reserver_au_logis_du_bois_flotte\/\",\"name\":\"R\u00e9servez en ligne votre chalet au Logis du Bois Flott\u00e9\",\"isPartOf\":{\"@id\":\"https:\/\/logisduboisflotte.com\/en\/#website\"},\"primaryImageOfPage\":{\"@id\":\"https:\/\/logisduboisflotte.com\/reserver_au_logis_du_bois_flotte\/#primaryimage\"},\"image\":{\"@id\":\"https:\/\/logisduboisflotte.com\/reserver_au_logis_du_bois_flotte\/#primaryimage\"},\"thumbnailUrl\":\"https:\/\/logisduboisflotte.com\/wp-content\/uploads\/2025\/05\/LBF_OpenGraph_Reserver_1200x630.jpg\",\"datePublished\":\"2025-03-27T11:34:57+00:00\",\"dateModified\":\"2026-03-17T20:20:32+00:00\",\"description\":\"R\u00e9servez en ligne votre chalet au Logis du Bois Flott\u00e9, consultez disponibilit\u00e9s et tarifs de location. Paiement par carte de cr\u00e9dit.\",\"breadcrumb\":{\"@id\":\"https:\/\/logisduboisflotte.com\/reserver_au_logis_du_bois_flotte\/#breadcrumb\"},\"inLanguage\":\"en-CA\",\"potentialAction\":[{\"@type\":\"ReadAction\",\"target\":[\"https:\/\/logisduboisflotte.com\/reserver_au_logis_du_bois_flotte\/\"]}]},{\"@type\":\"ImageObject\",\"inLanguage\":\"en-CA\",\"@id\":\"https:\/\/logisduboisflotte.com\/reserver_au_logis_du_bois_flotte\/#primaryimage\",\"url\":\"https:\/\/logisduboisflotte.com\/wp-content\/uploads\/2025\/05\/LBF_OpenGraph_Reserver_1200x630.jpg\",\"contentUrl\":\"https:\/\/logisduboisflotte.com\/wp-content\/uploads\/2025\/05\/LBF_OpenGraph_Reserver_1200x630.jpg\",\"width\":1200,\"height\":630},{\"@type\":\"BreadcrumbList\",\"@id\":\"https:\/\/logisduboisflotte.com\/reserver_au_logis_du_bois_flotte\/#breadcrumb\",\"itemListElement\":[{\"@type\":\"ListItem\",\"position\":1,\"name\":\"Accueil\",\"item\":\"https:\/\/logisduboisflotte.com\/\"},{\"@type\":\"ListItem\",\"position\":2,\"name\":\"R\u00e9server au Logis du Bois Flott\u00e9\"}]},{\"@type\":\"WebSite\",\"@id\":\"https:\/\/logisduboisflotte.com\/en\/#website\",\"url\":\"https:\/\/logisduboisflotte.com\/en\/\",\"name\":\"Logis du Bois Flott\u00e9\",\"description\":\"\",\"potentialAction\":[{\"@type\":\"SearchAction\",\"target\":{\"@type\":\"EntryPoint\",\"urlTemplate\":\"https:\/\/logisduboisflotte.com\/en\/?s={search_term_string}\"},\"query-input\":{\"@type\":\"PropertyValueSpecification\",\"valueRequired\":true,\"valueName\":\"search_term_string\"}}],\"inLanguage\":\"en-CA\"}]}<\/script>\n<!-- \/ Yoast SEO plugin. -->","yoast_head_json":{"title":"R\u00e9servez en ligne votre chalet au Logis du Bois Flott\u00e9","description":"R\u00e9servez en ligne votre chalet au Logis du Bois Flott\u00e9, consultez disponibilit\u00e9s et tarifs de location. Paiement par carte de cr\u00e9dit.","robots":{"index":"index","follow":"follow","max-snippet":"max-snippet:-1","max-image-preview":"max-image-preview:large","max-video-preview":"max-video-preview:-1"},"canonical":"https:\/\/logisduboisflotte.com\/en\/reserver_au_logis_du_bois_flotte\/","og_locale":"en_US","og_type":"article","og_title":"R\u00e9servez en ligne votre chalet au Logis du Bois Flott\u00e9","og_description":"R\u00e9servez en ligne votre chalet au Logis du Bois Flott\u00e9, consultez disponibilit\u00e9s et tarifs de location. Paiement par carte de cr\u00e9dit.","og_url":"https:\/\/logisduboisflotte.com\/en\/reserver_au_logis_du_bois_flotte\/","og_site_name":"Logis du Bois Flott\u00e9","article_modified_time":"2026-03-17T20:20:32+00:00","og_image":[{"width":1200,"height":630,"url":"https:\/\/logisduboisflotte.com\/wp-content\/uploads\/2025\/05\/LBF_OpenGraph_Reserver_1200x630.jpg","type":"image\/jpeg"}],"twitter_card":"summary_large_image","twitter_misc":{"Est. reading time":"5 minutes"},"schema":{"@context":"https:\/\/schema.org","@graph":[{"@type":"WebPage","@id":"https:\/\/logisduboisflotte.com\/reserver_au_logis_du_bois_flotte\/","url":"https:\/\/logisduboisflotte.com\/reserver_au_logis_du_bois_flotte\/","name":"R\u00e9servez en ligne votre chalet au Logis du Bois Flott\u00e9","isPartOf":{"@id":"https:\/\/logisduboisflotte.com\/en\/#website"},"primaryImageOfPage":{"@id":"https:\/\/logisduboisflotte.com\/reserver_au_logis_du_bois_flotte\/#primaryimage"},"image":{"@id":"https:\/\/logisduboisflotte.com\/reserver_au_logis_du_bois_flotte\/#primaryimage"},"thumbnailUrl":"https:\/\/logisduboisflotte.com\/wp-content\/uploads\/2025\/05\/LBF_OpenGraph_Reserver_1200x630.jpg","datePublished":"2025-03-27T11:34:57+00:00","dateModified":"2026-03-17T20:20:32+00:00","description":"R\u00e9servez en ligne votre chalet au Logis du Bois Flott\u00e9, consultez disponibilit\u00e9s et tarifs de location. Paiement par carte de cr\u00e9dit.","breadcrumb":{"@id":"https:\/\/logisduboisflotte.com\/reserver_au_logis_du_bois_flotte\/#breadcrumb"},"inLanguage":"en-CA","potentialAction":[{"@type":"ReadAction","target":["https:\/\/logisduboisflotte.com\/reserver_au_logis_du_bois_flotte\/"]}]},{"@type":"ImageObject","inLanguage":"en-CA","@id":"https:\/\/logisduboisflotte.com\/reserver_au_logis_du_bois_flotte\/#primaryimage","url":"https:\/\/logisduboisflotte.com\/wp-content\/uploads\/2025\/05\/LBF_OpenGraph_Reserver_1200x630.jpg","contentUrl":"https:\/\/logisduboisflotte.com\/wp-content\/uploads\/2025\/05\/LBF_OpenGraph_Reserver_1200x630.jpg","width":1200,"height":630},{"@type":"BreadcrumbList","@id":"https:\/\/logisduboisflotte.com\/reserver_au_logis_du_bois_flotte\/#breadcrumb","itemListElement":[{"@type":"ListItem","position":1,"name":"Accueil","item":"https:\/\/logisduboisflotte.com\/"},{"@type":"ListItem","position":2,"name":"R\u00e9server au Logis du Bois Flott\u00e9"}]},{"@type":"WebSite","@id":"https:\/\/logisduboisflotte.com\/en\/#website","url":"https:\/\/logisduboisflotte.com\/en\/","name":"Logis du Bois Flott\u00e9","description":"","potentialAction":[{"@type":"SearchAction","target":{"@type":"EntryPoint","urlTemplate":"https:\/\/logisduboisflotte.com\/en\/?s={search_term_string}"},"query-input":{"@type":"PropertyValueSpecification","valueRequired":true,"valueName":"search_term_string"}}],"inLanguage":"en-CA"}]}},"_links":{"self":[{"href":"https:\/\/logisduboisflotte.com\/en\/wp-json\/wp\/v2\/pages\/888","targetHints":{"allow":["GET"]}}],"collection":[{"href":"https:\/\/logisduboisflotte.com\/en\/wp-json\/wp\/v2\/pages"}],"about":[{"href":"https:\/\/logisduboisflotte.com\/en\/wp-json\/wp\/v2\/types\/page"}],"author":[{"embeddable":true,"href":"https:\/\/logisduboisflotte.com\/en\/wp-json\/wp\/v2\/users\/5"}],"replies":[{"embeddable":true,"href":"https:\/\/logisduboisflotte.com\/en\/wp-json\/wp\/v2\/comments?post=888"}],"version-history":[{"count":1,"href":"https:\/\/logisduboisflotte.com\/en\/wp-json\/wp\/v2\/pages\/888\/revisions"}],"predecessor-version":[{"id":2290,"href":"https:\/\/logisduboisflotte.com\/en\/wp-json\/wp\/v2\/pages\/888\/revisions\/2290"}],"wp:featuredmedia":[{"embeddable":true,"href":"https:\/\/logisduboisflotte.com\/en\/wp-json\/wp\/v2\/media\/2080"}],"wp:attachment":[{"href":"https:\/\/logisduboisflotte.com\/en\/wp-json\/wp\/v2\/media?parent=888"}],"curies":[{"name":"wp","href":"https:\/\/api.w.org\/{rel}","templated":true}]}}