{"id":647,"date":"2023-09-22T09:12:53","date_gmt":"2023-09-22T13:12:53","guid":{"rendered":"https:\/\/www.logisduboisflotte.com\/?page_id=647"},"modified":"2026-03-17T16:19:14","modified_gmt":"2026-03-17T20:19:14","slug":"renseignements_personnels_et_confidentialite","status":"publish","type":"page","link":"https:\/\/logisduboisflotte.com\/en\/renseignements_personnels_et_confidentialite\/","title":{"rendered":"Renseignements personnels et confidentialit\u00e9"},"content":{"rendered":"<p>[et_pb_section fb_built=\u00a0\u00bb1&Prime; admin_label=\u00a0\u00bbEn-t\u00eate\u00a0\u00bb _builder_version=\u00a0\u00bb4.27.4&Prime; _module_preset=\u00a0\u00bbdefault\u00a0\u00bb background_image=\u00a0\u00bbhttps:\/\/logisduboisflotte.com\/wp-content\/uploads\/2025\/04\/Header_Chalet2_BG_4817x3190-scaled.jpg\u00a0\u00bb custom_margin=\u00a0\u00bb||-6rem||false|false\u00a0\u00bb custom_padding=\u00a0\u00bb||0px||false|false\u00a0\u00bb hover_enabled=\u00a0\u00bb0&Prime; global_colors_info=\u00a0\u00bb{}\u00a0\u00bb title_text=\u00a0\u00bbHeader_Chalet2_BG_4817x3190&Prime; sticky_enabled=\u00a0\u00bb0&Prime;][et_pb_row column_structure=\u00a0\u00bb1_2,1_2&Prime; _builder_version=\u00a0\u00bb4.27.4&Prime; _module_preset=\u00a0\u00bbdefault\u00a0\u00bb custom_padding=\u00a0\u00bb||0px||false|false\u00a0\u00bb global_colors_info=\u00a0\u00bb{}\u00a0\u00bb][et_pb_column type=\u00a0\u00bb1_2&Prime; _builder_version=\u00a0\u00bb4.27.4&Prime; _module_preset=\u00a0\u00bbdefault\u00a0\u00bb global_colors_info=\u00a0\u00bb{}\u00a0\u00bb][et_pb_text _builder_version=\u00a0\u00bb4.27.4&Prime; _module_preset=\u00a0\u00bbdefault\u00a0\u00bb text_text_color=\u00a0\u00bb#FFFFFF\u00a0\u00bb global_colors_info=\u00a0\u00bb{}\u00a0\u00bb]<\/p>\n<h1>Protection des renseignements personnels et confidentialit\u00e9<\/h1>\n<p>[\/et_pb_text][\/et_pb_column][et_pb_column type=\u00a0\u00bb1_2&Prime; _builder_version=\u00a0\u00bb4.27.4&Prime; _module_preset=\u00a0\u00bbdefault\u00a0\u00bb global_colors_info=\u00a0\u00bb{}\u00a0\u00bb][et_pb_image src=\u00a0\u00bbhttps:\/\/staging.logisduboisflotte.com\/wp-content\/uploads\/2025\/04\/Header_Chalet2_1620x2430.jpg\u00a0\u00bb title_text=\u00a0\u00bbHeader_Chalet2_1620x2430&Prime; disabled_on=\u00a0\u00bbon|on|off\u00a0\u00bb admin_label=\u00a0\u00bbImage Desktop\u00a0\u00bb _builder_version=\u00a0\u00bb4.27.4&Prime; _module_preset=\u00a0\u00bbdefault\u00a0\u00bb global_colors_info=\u00a0\u00bb{}\u00a0\u00bb][\/et_pb_image][et_pb_image src=\u00a0\u00bbhttps:\/\/staging.logisduboisflotte.com\/wp-content\/uploads\/2025\/04\/Header_M_Chalet2_1620x1620.jpg\u00a0\u00bb title_text=\u00a0\u00bbHeader_M_Chalet2_1620x1620&Prime; disabled_on=\u00a0\u00bboff|off|on\u00a0\u00bb admin_label=\u00a0\u00bbImage Mobile\u00a0\u00bb _builder_version=\u00a0\u00bb4.27.4&Prime; _module_preset=\u00a0\u00bbdefault\u00a0\u00bb global_colors_info=\u00a0\u00bb{}\u00a0\u00bb][\/et_pb_image][\/et_pb_column][\/et_pb_row][\/et_pb_section][et_pb_section fb_built=\u00a0\u00bb1&Prime; _builder_version=\u00a0\u00bb4.27.4&Prime; _module_preset=\u00a0\u00bbdefault\u00a0\u00bb custom_padding=\u00a0\u00bb6rem||||false|false\u00a0\u00bb global_colors_info=\u00a0\u00bb{}\u00a0\u00bb][et_pb_row _builder_version=\u00a0\u00bb4.27.4&Prime; _module_preset=\u00a0\u00bbdefault\u00a0\u00bb global_colors_info=\u00a0\u00bb{}\u00a0\u00bb][et_pb_column type=\u00a0\u00bb4_4&Prime; _builder_version=\u00a0\u00bb4.27.4&Prime; _module_preset=\u00a0\u00bbdefault\u00a0\u00bb global_colors_info=\u00a0\u00bb{}\u00a0\u00bb][et_pb_text _builder_version=\u00a0\u00bb4.27.4&Prime; _module_preset=\u00a0\u00bbdefault\u00a0\u00bb global_colors_info=\u00a0\u00bb{}\u00a0\u00bb]<\/p>\n<h2>Principes g\u00e9n\u00e9raux<\/h2>\n<p>Nous respectons votre vie priv\u00e9e et nous nous engageons \u00e0 la prot\u00e9ger et \u00e0 \u00eatre transparents dans nos pratiques de collecte et d&rsquo;utilisation de donn\u00e9es. Nous nous conformons aux directives de la loi 25 du gouvernement du Qu\u00e9bec et souhaitons vous informer des informations que nous collectons sur ce site, sur la mani\u00e8re dont nous les partageons, avec qui nous les partageons, et sur les raisons pour lesquelles nous le faisons.<\/p>\n<h2>Point de contact<\/h2>\n<p>Pour consulter, corriger ou mettre \u00e0 jour vos renseignements personnels collect\u00e9s au moyen de ce site Web, veuillez communiquer avec nous.<\/p>\n<p>La personne-ressource en charge de la confidentialit\u00e9 des donn\u00e9es personnelles pour Logis du Bois Flott\u00e9 est Mme Nathalie Levesque, propri\u00e9taire. Vous pouvez la contacter par courriel \u00e0 l&rsquo;adresse <a href=\"mailto:logisduboisflotte@gmail.com\">logisduboisflotte@gmail.com<\/a>. Vous pouvez \u00e9galement la contacter par t\u00e9l\u00e9phone au <a href=\"tel:+14187309084\">(418) 730-9084<\/a>.<\/p>\n<h2>Pourquoi nous recueillons et partageons des donn\u00e9es<\/h2>\n<p>Nous recueillons \u00e0 la fois des donn\u00e9es anonymes, des donn\u00e9es anonymis\u00e9es et des donn\u00e9es personnelles. Ces donn\u00e9es nous permettent:<\/p>\n<ul>\n<li>d&rsquo;assurer le bon fonctionnement des outils en ligne que nous vous proposons en v\u00e9rifiant par exemple le type d&rsquo;appareil que vous utilisez pour naviguer ou la version de votre fureteur. Ces donn\u00e9es sont anonymes et non partag\u00e9es \u00e0 l&rsquo;ext\u00e9rieur de ce site.<\/li>\n<li>de valider vos choix et pr\u00e9f\u00e9rences vis \u00e0 vis de la confidentialit\u00e9. Ces donn\u00e9es sont anonymes et partag\u00e9es uniquement avec Google Analytics afin de souvenir de votre choix.<\/li>\n<li>d&rsquo;am\u00e9liorer votre exp\u00e9rience utilisateur, en nous permettant par exemple de nous souvenir de votre langue d&rsquo;usage ou de vos favoris. Ces donn\u00e9es sont anonymes et non partag\u00e9es \u00e0 l&rsquo;ext\u00e9rieur de ce site<\/li>\n<li>de d\u00e9terminer ce qui vous int\u00e9resse sur notre site aux fins de statistiques et pour le reciblage de nos offres publicitaires. Nous enregistrons par exemple et de mani\u00e8re non-exhaustive les pages que vous visitez, le temps que vous passez sur chacune d&rsquo;entre elles, le nombre total de pages vues, la page d&rsquo;entr\u00e9e et de sortie, la proportion de la page que vous avez lue et vos interactions avec les outils de navigation. Ces donn\u00e9es sont anonymis\u00e9es et sont transmises \u00e0 Google et Facebook qui les conserve pendant 90 jours, temps pendant lequel nous pouvons vous recibler pour afficher des offres publicitaires. Au del\u00e0 des 90 jours, seules les statistiques d&rsquo;utilisations du site sont conserv\u00e9es de mani\u00e8re anonyme. Notez qu&rsquo;\u00e0 aucun moment ne ne sommes en mesure de savoir qui vous \u00eates pr\u00e9cis\u00e9ment.<\/li>\n<li>de vous r\u00e9pondre lorsque vous nous demandez une information par un formulaire de contact ou de demande de support. Ces donn\u00e9es contiennent vos noms et pr\u00e9noms, votre adresse courriel et\/ou votre num\u00e9ro de t\u00e9l\u00e9phone. Ces donn\u00e9es de sont ni partag\u00e9es \u00e0 des tiers ni utilis\u00e9es \u00e0 des fins de marketing.<\/li>\n<\/ul>\n<h2>Comment nous collectons les donn\u00e9es et comment vous y opposer<\/h2>\n<ul>\n<li>Nous utilisons des fichiers-t\u00e9moins (Cookies) que nous d\u00e9posons sur votre navigateur pour les donn\u00e9es anonymes. Ces cookies sont essentiels au bon fonctionnement du site et nous ne pouvons garantir votre exp\u00e9rience de navigation si vous les refusez. Vous pourriez \u00eatre incapable de profiter de certains services, de recevoir des renseignements sur les produits ou d&rsquo;obtenir des r\u00e9ponses \u00e0 vos demandes.<\/li>\n<li>Nous utilisons de mani\u00e8re temporaire ou permanente des scripts tiers de logiciels publicitaires et d&rsquo;analyse statistiques comme Google Analytics, Google Ads et les Pixel de Meta et ses soci\u00e9t\u00e9s affili\u00e9es. Si vous vous opposez \u00e0 ce que nous suivions votre comportement de mani\u00e8re anonymis\u00e9e, vous devriez s\u00e9lectionner l&rsquo;option \u00ab\u00a0Cookies essentiels seulement\u00a0\u00bb.<\/li>\n<li>Nous conservons dans des journaux d&rsquo;activit\u00e9 les informations personnelles transmises au moyen de formulaires de contact lors de l&rsquo;envoi. A moins d&rsquo;en faire la requ\u00eate explicitement, nous conservons vos informations dans ce registre conform\u00e9ment \u00e0 nos politiques d&rsquo;anonymisation en vigueur ou \u00e0 venir.<\/li>\n<li>Nous n&rsquo;avons pas acc\u00e8s aux donn\u00e9es personnelles que vous transmettez aux plate-formes de commandes en ligne avec lesquelles nous faisons affaire. Le lien est anonyme et ces plate-formes sont responsables de leur propre collecte et conservation de donn\u00e9es.<\/li>\n<\/ul>\n<h2>Qui peut acc\u00e9der \u00e0 mes informations personnelles ?<\/h2>\n<p>Nous attachons une importance accrue \u00e0 la protection des renseignements personnels des visiteurs de notre site Web. Nous utilisons des syst\u00e8mes, des politiques et des proc\u00e9dures pour pr\u00e9server l&rsquo;exactitude des donn\u00e9es et les prot\u00e9ger de toute perte, de tout mauvais usage ou de toute alt\u00e9ration. Les renseignements personnels que vous soumettez ne sont accessibles que par les employ\u00e9\u00b7e\u00b7s concern\u00e9\u00b7e\u00b7s ayant besoin de ces renseignements \u00e0 des fins d&rsquo;affaires. et ayant \u00e9t\u00e9 sensibilis\u00e9\u00b7e\u00b7s et form\u00e9\u00b7e\u00b7s \u00e0 cette fin.<\/p>\n<h2>Droit \u00e0 l&rsquo;oubli<\/h2>\n<p>Vous avez le droit de demander \u00e0 retirer vos informations personnelles de nos bases de donn\u00e9es, que vous les ayez fournies sur ce site web ou sur une autre plate-forme num\u00e9rique que nous utilisons.<\/p>\n<p>Lorsque vous demandez \u00e0 ce que vos informations personnelles soient effac\u00e9es, nous nous engageons \u00e0 le faire dans l&rsquo;ensemble de nos outils et \u00e0 transf\u00e9rer votre demande de mani\u00e8re diligente aux fournisseurs tierce-partie qui y ont eu acc\u00e8s.<\/p>\n<p>Veuillez noter que les tierces partie peuvent refuser le retrait sur la base du lien d&rsquo;affaire que vous avez avec eux. Nous consid\u00e9rons que nous avons une obligation de moyens et non de r\u00e9sultats si une tierce-partie n&rsquo;acc\u00e8de pas \u00e0 votre demande avec diligence ou succ\u00e8s.<\/p>\n<h2>Anonymisation et suppression de vos renseignements personnels<\/h2>\n<p>Nous travaillons actuellement \u00e0 \u00e9tablir des politiques et des proc\u00e9dures de conservation des renseignements personnels pour nos base de donn\u00e9es, afin de faire en sorte vos renseignements personnels soient anonymis\u00e9s ou d\u00e9truits de fa\u00e7on s\u00e9curitaire, \u00e0 l&rsquo;issue d&rsquo;une p\u00e9riode de temps coh\u00e9rente avec l&rsquo;utilisation de chaque information.<\/p>\n<h2>En cas de d\u00e9saccord<\/h2>\n<p>Veuillez prendre le temps de lire et comprendre la pr\u00e9sente d\u00e9claration de confidentialit\u00e9 du site Web. Nous consid\u00e9rons qu&rsquo;en utilisant ce site web, vous approuvez la pr\u00e9sente d\u00e9claration de confidentialit\u00e9. Si vous n&rsquo;\u00eates pas d&rsquo;accord avec celle-ci, veuillez vous abstenir de nous fournir tout renseignement personnel par l&rsquo;interm\u00e9diaire de ce site Web ou d&rsquo;y naviguer.<\/p>\n<p>Politique mise \u00e0 jour le 23 avril 2025.<\/p>\n<p>[\/et_pb_text][\/et_pb_column][\/et_pb_row][\/et_pb_section]<\/p>\n","protected":false},"excerpt":{"rendered":"<p>Protection des renseignements personnels et confidentialit\u00e9Principes g\u00e9n\u00e9raux Nous respectons votre vie priv\u00e9e et nous nous engageons \u00e0 la prot\u00e9ger et \u00e0 \u00eatre transparents dans nos pratiques de collecte et d&rsquo;utilisation de donn\u00e9es. Nous nous conformons aux directives de la loi 25 du gouvernement du Qu\u00e9bec et souhaitons vous informer des informations que nous collectons sur [&hellip;]<\/p>\n","protected":false},"author":1,"featured_media":2073,"parent":0,"menu_order":0,"comment_status":"closed","ping_status":"closed","template":"","meta":{"_et_pb_use_builder":"on","_et_pb_old_content":"<!-- wp:heading -->\r\n<h2 class=\"wp-block-heading\">Qui sommes-nous\u00a0?<\/h2>\r\n<!-- \/wp:heading -->\r\n\r\n<!-- wp:paragraph -->\r\n<p>L\u2019adresse de notre site est\u00a0: https:\/\/staging.logisduboisflotte.com.<\/p>\r\n<!-- \/wp:paragraph -->\r\n\r\n<!-- wp:heading -->\r\n<h2 class=\"wp-block-heading\">Commentaires<\/h2>\r\n<!-- \/wp:heading -->\r\n\r\n<!-- wp:paragraph -->\r\n<p>Quand vous laissez un commentaire sur notre site, les donn\u00e9es inscrites dans le formulaire de commentaire, ainsi que votre adresse IP et l\u2019agent utilisateur de votre navigateur sont collect\u00e9s pour nous aider \u00e0 la d\u00e9tection des commentaires ind\u00e9sirables.<\/p>\r\n<!-- \/wp:paragraph -->\r\n\r\n<!-- wp:paragraph -->\r\n<p>Une cha\u00eene anonymis\u00e9e cr\u00e9\u00e9e \u00e0 partir de votre adresse e-mail (\u00e9galement appel\u00e9e hash) peut \u00eatre envoy\u00e9e au service Gravatar pour v\u00e9rifier si vous utilisez ce dernier. Les clauses de confidentialit\u00e9 du service Gravatar sont disponibles ici\u00a0: https:\/\/automattic.com\/privacy\/. Apr\u00e8s validation de votre commentaire, votre photo de profil sera visible publiquement \u00e0 cot\u00e9 de votre commentaire.<\/p>\r\n<!-- \/wp:paragraph -->\r\n\r\n<!-- wp:heading -->\r\n<h2 class=\"wp-block-heading\">M\u00e9dias<\/h2>\r\n<!-- \/wp:heading -->\r\n\r\n<!-- wp:paragraph -->\r\n<p>Si vous t\u00e9l\u00e9versez des images sur le site, nous vous conseillons d\u2019\u00e9viter de t\u00e9l\u00e9verser des images contenant des donn\u00e9es EXIF de coordonn\u00e9es GPS. Les personnes visitant votre site peuvent t\u00e9l\u00e9charger et extraire des donn\u00e9es de localisation depuis ces images.<\/p>\r\n<!-- \/wp:paragraph -->\r\n\r\n<!-- wp:heading -->\r\n<h2 class=\"wp-block-heading\">Cookies<\/h2>\r\n<!-- \/wp:heading -->\r\n\r\n<!-- wp:paragraph -->\r\n<p>Si vous d\u00e9posez un commentaire sur notre site, il vous sera propos\u00e9 d\u2019enregistrer votre nom, adresse e-mail et site dans des cookies. C\u2019est uniquement pour votre confort afin de ne pas avoir \u00e0 saisir ces informations si vous d\u00e9posez un autre commentaire plus tard. Ces cookies expirent au bout d\u2019un an.<\/p>\r\n<!-- \/wp:paragraph -->\r\n\r\n<!-- wp:paragraph -->\r\n<p>Si vous vous rendez sur la page de connexion, un cookie temporaire sera cr\u00e9\u00e9 afin de d\u00e9terminer si votre navigateur accepte les cookies. Il ne contient pas de donn\u00e9es personnelles et sera supprim\u00e9 automatiquement \u00e0 la fermeture de votre navigateur.<\/p>\r\n<!-- \/wp:paragraph -->\r\n\r\n<!-- wp:paragraph -->\r\n<p>Lorsque vous vous connecterez, nous mettrons en place un certain nombre de cookies pour enregistrer vos informations de connexion et vos pr\u00e9f\u00e9rences d\u2019\u00e9cran. La dur\u00e9e de vie d\u2019un cookie de connexion est de deux jours, celle d\u2019un cookie d\u2019option d\u2019\u00e9cran est d\u2019un an. Si vous cochez \u00ab\u00a0Se souvenir de moi\u00a0\u00bb, votre cookie de connexion sera conserv\u00e9 pendant deux semaines. Si vous vous d\u00e9connectez de votre compte, le cookie de connexion sera effac\u00e9.<\/p>\r\n<!-- \/wp:paragraph -->\r\n\r\n<!-- wp:paragraph -->\r\n<p>En modifiant ou en publiant une publication, un cookie suppl\u00e9mentaire sera enregistr\u00e9 dans votre navigateur. Ce cookie ne comprend aucune donn\u00e9e personnelle. Il indique simplement l\u2019ID de la publication que vous venez de modifier. Il expire au bout d\u2019un jour.<\/p>\r\n<!-- \/wp:paragraph -->\r\n\r\n<!-- wp:heading -->\r\n<h2 class=\"wp-block-heading\">Contenu embarqu\u00e9 depuis d\u2019autres sites<\/h2>\r\n<!-- \/wp:heading -->\r\n\r\n<!-- wp:paragraph -->\r\n<p>Les articles de ce site peuvent inclure des contenus int\u00e9gr\u00e9s (par exemple des vid\u00e9os, images, articles\u2026). Le contenu int\u00e9gr\u00e9 depuis d\u2019autres sites se comporte de la m\u00eame mani\u00e8re que si le visiteur se rendait sur cet autre site.<\/p>\r\n<!-- \/wp:paragraph -->\r\n\r\n<!-- wp:paragraph -->\r\n<p>Ces sites web pourraient collecter des donn\u00e9es sur vous, utiliser des cookies, embarquer des outils de suivis tiers, suivre vos interactions avec ces contenus embarqu\u00e9s si vous disposez d\u2019un compte connect\u00e9 sur leur site web.<\/p>\r\n<!-- \/wp:paragraph -->\r\n\r\n<!-- wp:heading -->\r\n<h2 class=\"wp-block-heading\">Utilisation et transmission de vos donn\u00e9es personnelles<\/h2>\r\n<!-- \/wp:heading -->\r\n\r\n<!-- wp:paragraph -->\r\n<p>Si vous demandez une r\u00e9initialisation de votre mot de passe, votre adresse IP sera incluse dans l\u2019e-mail de r\u00e9initialisation.<\/p>\r\n<!-- \/wp:paragraph -->\r\n\r\n<!-- wp:heading -->\r\n<h2 class=\"wp-block-heading\">Dur\u00e9es de stockage de vos donn\u00e9es<\/h2>\r\n<!-- \/wp:heading -->\r\n\r\n<!-- wp:paragraph -->\r\n<p>Si vous laissez un commentaire, le commentaire et ses m\u00e9tadonn\u00e9es sont conserv\u00e9s ind\u00e9finiment. Cela permet de reconna\u00eetre et approuver automatiquement les commentaires suivants au lieu de les laisser dans la file de mod\u00e9ration.<\/p>\r\n<!-- \/wp:paragraph -->\r\n\r\n<!-- wp:paragraph -->\r\n<p>Pour les comptes qui s\u2019inscrivent sur notre site (le cas \u00e9ch\u00e9ant), nous stockons \u00e9galement les donn\u00e9es personnelles indiqu\u00e9es dans leur profil. Tous les comptes peuvent voir, modifier ou supprimer leurs informations personnelles \u00e0 tout moment (\u00e0 l\u2019exception de leur identifiant). Les gestionnaires du site peuvent aussi voir et modifier ces informations.<\/p>\r\n<!-- \/wp:paragraph -->\r\n\r\n<!-- wp:heading -->\r\n<h2 class=\"wp-block-heading\">Les droits que vous avez sur vos donn\u00e9es<\/h2>\r\n<!-- \/wp:heading -->\r\n\r\n<!-- wp:paragraph -->\r\n<p>Si vous avez un compte ou si vous avez laiss\u00e9 des commentaires sur le site, vous pouvez demander \u00e0 recevoir un fichier contenant toutes les donn\u00e9es personnelles que nous poss\u00e9dons \u00e0 votre sujet, incluant celles que vous nous avez fournies. Vous pouvez \u00e9galement demander la suppression des donn\u00e9es personnelles vous concernant. Cela ne prend pas en compte les donn\u00e9es stock\u00e9es \u00e0 des fins administratives, l\u00e9gales ou pour des raisons de s\u00e9curit\u00e9.<\/p>\r\n<!-- \/wp:paragraph -->\r\n\r\n<!-- wp:heading -->\r\n<h2 class=\"wp-block-heading\">O\u00f9 vos donn\u00e9es sont envoy\u00e9es<\/h2>\r\n<!-- \/wp:heading -->\r\n\r\n<!-- wp:paragraph -->\r\n<p>Les commentaires des visiteurs peuvent \u00eatre v\u00e9rifi\u00e9s \u00e0 l\u2019aide d\u2019un service automatis\u00e9 de d\u00e9tection des commentaires ind\u00e9sirables.<\/p>\r\n<!-- \/wp:paragraph -->","_et_gb_content_width":"","footnotes":""},"class_list":["post-647","page","type-page","status-publish","has-post-thumbnail","hentry"],"yoast_head":"<!-- This site is optimized with the Yoast SEO plugin v27.2 - https:\/\/yoast.com\/product\/yoast-seo-wordpress\/ -->\n<title>Renseignements personnels et confidentialit\u00e9 - Logis du Bois Flott\u00e9<\/title>\n<meta name=\"description\" content=\"Politique de gestion des renseignements personnels et politique de confidentialit\u00e9 au Logis du Bois Flott\u00e9.\" \/>\n<meta name=\"robots\" content=\"index, follow, max-snippet:-1, max-image-preview:large, max-video-preview:-1\" \/>\n<link rel=\"canonical\" href=\"https:\/\/logisduboisflotte.com\/en\/renseignements_personnels_et_confidentialite\/\" \/>\n<meta property=\"og:locale\" content=\"en_US\" \/>\n<meta property=\"og:type\" content=\"article\" \/>\n<meta property=\"og:title\" content=\"Renseignements personnels et confidentialit\u00e9 - Logis du Bois Flott\u00e9\" \/>\n<meta property=\"og:description\" content=\"Politique de gestion des renseignements personnels et politique de confidentialit\u00e9 au Logis du Bois Flott\u00e9.\" \/>\n<meta property=\"og:url\" content=\"https:\/\/logisduboisflotte.com\/en\/renseignements_personnels_et_confidentialite\/\" \/>\n<meta property=\"og:site_name\" content=\"Logis du Bois Flott\u00e9\" \/>\n<meta property=\"article:modified_time\" content=\"2026-03-17T20:19:14+00:00\" \/>\n<meta property=\"og:image\" content=\"https:\/\/logisduboisflotte.com\/wp-content\/uploads\/2025\/05\/LBF_OpenGraph_Accueil_1200x630.jpg\" \/>\n\t<meta property=\"og:image:width\" content=\"1200\" \/>\n\t<meta property=\"og:image:height\" content=\"630\" \/>\n\t<meta property=\"og:image:type\" content=\"image\/jpeg\" \/>\n<meta name=\"twitter:card\" content=\"summary_large_image\" \/>\n<meta name=\"twitter:label1\" content=\"Est. reading time\" \/>\n\t<meta name=\"twitter:data1\" content=\"6 minutes\" \/>\n<script type=\"application\/ld+json\" class=\"yoast-schema-graph\">{\"@context\":\"https:\/\/schema.org\",\"@graph\":[{\"@type\":\"WebPage\",\"@id\":\"https:\/\/logisduboisflotte.com\/renseignements_personnels_et_confidentialite\/\",\"url\":\"https:\/\/logisduboisflotte.com\/renseignements_personnels_et_confidentialite\/\",\"name\":\"Renseignements personnels et confidentialit\u00e9 - Logis du Bois Flott\u00e9\",\"isPartOf\":{\"@id\":\"https:\/\/logisduboisflotte.com\/en\/#website\"},\"primaryImageOfPage\":{\"@id\":\"https:\/\/logisduboisflotte.com\/renseignements_personnels_et_confidentialite\/#primaryimage\"},\"image\":{\"@id\":\"https:\/\/logisduboisflotte.com\/renseignements_personnels_et_confidentialite\/#primaryimage\"},\"thumbnailUrl\":\"https:\/\/logisduboisflotte.com\/wp-content\/uploads\/2025\/05\/LBF_OpenGraph_Accueil_1200x630.jpg\",\"datePublished\":\"2023-09-22T13:12:53+00:00\",\"dateModified\":\"2026-03-17T20:19:14+00:00\",\"description\":\"Politique de gestion des renseignements personnels et politique de confidentialit\u00e9 au Logis du Bois Flott\u00e9.\",\"breadcrumb\":{\"@id\":\"https:\/\/logisduboisflotte.com\/renseignements_personnels_et_confidentialite\/#breadcrumb\"},\"inLanguage\":\"en-CA\",\"potentialAction\":[{\"@type\":\"ReadAction\",\"target\":[\"https:\/\/logisduboisflotte.com\/renseignements_personnels_et_confidentialite\/\"]}]},{\"@type\":\"ImageObject\",\"inLanguage\":\"en-CA\",\"@id\":\"https:\/\/logisduboisflotte.com\/renseignements_personnels_et_confidentialite\/#primaryimage\",\"url\":\"https:\/\/logisduboisflotte.com\/wp-content\/uploads\/2025\/05\/LBF_OpenGraph_Accueil_1200x630.jpg\",\"contentUrl\":\"https:\/\/logisduboisflotte.com\/wp-content\/uploads\/2025\/05\/LBF_OpenGraph_Accueil_1200x630.jpg\",\"width\":1200,\"height\":630},{\"@type\":\"BreadcrumbList\",\"@id\":\"https:\/\/logisduboisflotte.com\/renseignements_personnels_et_confidentialite\/#breadcrumb\",\"itemListElement\":[{\"@type\":\"ListItem\",\"position\":1,\"name\":\"Accueil\",\"item\":\"https:\/\/logisduboisflotte.com\/\"},{\"@type\":\"ListItem\",\"position\":2,\"name\":\"Renseignements personnels et confidentialit\u00e9\"}]},{\"@type\":\"WebSite\",\"@id\":\"https:\/\/logisduboisflotte.com\/en\/#website\",\"url\":\"https:\/\/logisduboisflotte.com\/en\/\",\"name\":\"Logis du Bois Flott\u00e9\",\"description\":\"\",\"potentialAction\":[{\"@type\":\"SearchAction\",\"target\":{\"@type\":\"EntryPoint\",\"urlTemplate\":\"https:\/\/logisduboisflotte.com\/en\/?s={search_term_string}\"},\"query-input\":{\"@type\":\"PropertyValueSpecification\",\"valueRequired\":true,\"valueName\":\"search_term_string\"}}],\"inLanguage\":\"en-CA\"}]}<\/script>\n<!-- \/ Yoast SEO plugin. -->","yoast_head_json":{"title":"Renseignements personnels et confidentialit\u00e9 - Logis du Bois Flott\u00e9","description":"Politique de gestion des renseignements personnels et politique de confidentialit\u00e9 au Logis du Bois Flott\u00e9.","robots":{"index":"index","follow":"follow","max-snippet":"max-snippet:-1","max-image-preview":"max-image-preview:large","max-video-preview":"max-video-preview:-1"},"canonical":"https:\/\/logisduboisflotte.com\/en\/renseignements_personnels_et_confidentialite\/","og_locale":"en_US","og_type":"article","og_title":"Renseignements personnels et confidentialit\u00e9 - Logis du Bois Flott\u00e9","og_description":"Politique de gestion des renseignements personnels et politique de confidentialit\u00e9 au Logis du Bois Flott\u00e9.","og_url":"https:\/\/logisduboisflotte.com\/en\/renseignements_personnels_et_confidentialite\/","og_site_name":"Logis du Bois Flott\u00e9","article_modified_time":"2026-03-17T20:19:14+00:00","og_image":[{"width":1200,"height":630,"url":"https:\/\/logisduboisflotte.com\/wp-content\/uploads\/2025\/05\/LBF_OpenGraph_Accueil_1200x630.jpg","type":"image\/jpeg"}],"twitter_card":"summary_large_image","twitter_misc":{"Est. reading time":"6 minutes"},"schema":{"@context":"https:\/\/schema.org","@graph":[{"@type":"WebPage","@id":"https:\/\/logisduboisflotte.com\/renseignements_personnels_et_confidentialite\/","url":"https:\/\/logisduboisflotte.com\/renseignements_personnels_et_confidentialite\/","name":"Renseignements personnels et confidentialit\u00e9 - Logis du Bois Flott\u00e9","isPartOf":{"@id":"https:\/\/logisduboisflotte.com\/en\/#website"},"primaryImageOfPage":{"@id":"https:\/\/logisduboisflotte.com\/renseignements_personnels_et_confidentialite\/#primaryimage"},"image":{"@id":"https:\/\/logisduboisflotte.com\/renseignements_personnels_et_confidentialite\/#primaryimage"},"thumbnailUrl":"https:\/\/logisduboisflotte.com\/wp-content\/uploads\/2025\/05\/LBF_OpenGraph_Accueil_1200x630.jpg","datePublished":"2023-09-22T13:12:53+00:00","dateModified":"2026-03-17T20:19:14+00:00","description":"Politique de gestion des renseignements personnels et politique de confidentialit\u00e9 au Logis du Bois Flott\u00e9.","breadcrumb":{"@id":"https:\/\/logisduboisflotte.com\/renseignements_personnels_et_confidentialite\/#breadcrumb"},"inLanguage":"en-CA","potentialAction":[{"@type":"ReadAction","target":["https:\/\/logisduboisflotte.com\/renseignements_personnels_et_confidentialite\/"]}]},{"@type":"ImageObject","inLanguage":"en-CA","@id":"https:\/\/logisduboisflotte.com\/renseignements_personnels_et_confidentialite\/#primaryimage","url":"https:\/\/logisduboisflotte.com\/wp-content\/uploads\/2025\/05\/LBF_OpenGraph_Accueil_1200x630.jpg","contentUrl":"https:\/\/logisduboisflotte.com\/wp-content\/uploads\/2025\/05\/LBF_OpenGraph_Accueil_1200x630.jpg","width":1200,"height":630},{"@type":"BreadcrumbList","@id":"https:\/\/logisduboisflotte.com\/renseignements_personnels_et_confidentialite\/#breadcrumb","itemListElement":[{"@type":"ListItem","position":1,"name":"Accueil","item":"https:\/\/logisduboisflotte.com\/"},{"@type":"ListItem","position":2,"name":"Renseignements personnels et confidentialit\u00e9"}]},{"@type":"WebSite","@id":"https:\/\/logisduboisflotte.com\/en\/#website","url":"https:\/\/logisduboisflotte.com\/en\/","name":"Logis du Bois Flott\u00e9","description":"","potentialAction":[{"@type":"SearchAction","target":{"@type":"EntryPoint","urlTemplate":"https:\/\/logisduboisflotte.com\/en\/?s={search_term_string}"},"query-input":{"@type":"PropertyValueSpecification","valueRequired":true,"valueName":"search_term_string"}}],"inLanguage":"en-CA"}]}},"_links":{"self":[{"href":"https:\/\/logisduboisflotte.com\/en\/wp-json\/wp\/v2\/pages\/647","targetHints":{"allow":["GET"]}}],"collection":[{"href":"https:\/\/logisduboisflotte.com\/en\/wp-json\/wp\/v2\/pages"}],"about":[{"href":"https:\/\/logisduboisflotte.com\/en\/wp-json\/wp\/v2\/types\/page"}],"author":[{"embeddable":true,"href":"https:\/\/logisduboisflotte.com\/en\/wp-json\/wp\/v2\/users\/1"}],"replies":[{"embeddable":true,"href":"https:\/\/logisduboisflotte.com\/en\/wp-json\/wp\/v2\/comments?post=647"}],"version-history":[{"count":1,"href":"https:\/\/logisduboisflotte.com\/en\/wp-json\/wp\/v2\/pages\/647\/revisions"}],"predecessor-version":[{"id":2288,"href":"https:\/\/logisduboisflotte.com\/en\/wp-json\/wp\/v2\/pages\/647\/revisions\/2288"}],"wp:featuredmedia":[{"embeddable":true,"href":"https:\/\/logisduboisflotte.com\/en\/wp-json\/wp\/v2\/media\/2073"}],"wp:attachment":[{"href":"https:\/\/logisduboisflotte.com\/en\/wp-json\/wp\/v2\/media?parent=647"}],"curies":[{"name":"wp","href":"https:\/\/api.w.org\/{rel}","templated":true}]}}