{"id":453,"date":"2023-08-09T23:47:38","date_gmt":"2023-08-09T23:47:38","guid":{"rendered":"https:\/\/www.logisduboisflotte.com\/?page_id=453"},"modified":"2026-03-17T16:18:01","modified_gmt":"2026-03-17T20:18:01","slug":"logis_du_bois_flotte_quoi_faire","status":"publish","type":"page","link":"https:\/\/logisduboisflotte.com\/en\/logis_du_bois_flotte_quoi_faire\/","title":{"rendered":"What to Do Nearby"},"content":{"rendered":"<p>[et_pb_section fb_built=\u00a0\u00bb1&Prime; admin_label=\u00a0\u00bbEn-t\u00eate\u00a0\u00bb _builder_version=\u00a0\u00bb4.27.4&Prime; _module_preset=\u00a0\u00bbdefault\u00a0\u00bb background_image=\u00a0\u00bbhttps:\/\/logisduboisflotte.com\/wp-content\/uploads\/2025\/04\/Header_Attrait_BG_4817x3190-scaled.jpg\u00a0\u00bb custom_margin=\u00a0\u00bb||-6rem||false|false\u00a0\u00bb custom_padding=\u00a0\u00bb||0px||false|false\u00a0\u00bb hover_enabled=\u00a0\u00bb0&Prime; global_colors_info=\u00a0\u00bb{}\u00a0\u00bb title_text=\u00a0\u00bbHeader_Attrait_BG_4817x3190&Prime; sticky_enabled=\u00a0\u00bb0&Prime;][et_pb_row column_structure=\u00a0\u00bb1_2,1_2&Prime; _builder_version=\u00a0\u00bb4.27.4&Prime; _module_preset=\u00a0\u00bbdefault\u00a0\u00bb custom_padding=\u00a0\u00bb||0px||false|false\u00a0\u00bb global_colors_info=\u00a0\u00bb{}\u00a0\u00bb][et_pb_column type=\u00a0\u00bb1_2&Prime; _builder_version=\u00a0\u00bb4.27.4&Prime; _module_preset=\u00a0\u00bbdefault\u00a0\u00bb global_colors_info=\u00a0\u00bb{}\u00a0\u00bb][et_pb_text disabled_on=\u00a0\u00bbon|off|off\u00a0\u00bb admin_label=\u00a0\u00bbTexte en tablette\/desktop\u00a0\u00bb _builder_version=\u00a0\u00bb4.27.4&Prime; _module_preset=\u00a0\u00bbdefault\u00a0\u00bb text_text_color=\u00a0\u00bb#FFFFFF\u00a0\u00bb global_colors_info=\u00a0\u00bb{}\u00a0\u00bb]<\/p>\n<h1>Quoi faire \u00e0 proximit\u00e9<\/h1>\n<p class=\"accueil_intro_texte\"><strong>Que vous soyez amateur de plein air ou f\u00e9ru d\u2019histoire, il y a tant \u00e0 faire \u00e0 proximit\u00e9.<\/strong><\/p>\n<div class=\"bouton bouton_principal bouton_style1 accueil_intro_bouton\"><a style=\"display: inline-block; margin: 1rem 0;\" href=\"\/reserver_au_logis_du_bois_flotte\/\">R\u00e9servez votre chalet<\/a><\/div>\n<div class=\"bouton bouton_style1 accueil_intro_bouton\"><a style=\"display: inline-block; margin: 1rem 0;\" href=\"#carte\">Carte des attraits<\/a><\/div>\n<p>[\/et_pb_text][et_pb_text disabled_on=\u00a0\u00bboff|on|on\u00a0\u00bb admin_label=\u00a0\u00bbTexte en mobile\u00a0\u00bb _builder_version=\u00a0\u00bb4.27.4&Prime; _module_preset=\u00a0\u00bbdefault\u00a0\u00bb text_text_color=\u00a0\u00bb#FFFFFF\u00a0\u00bb global_colors_info=\u00a0\u00bb{}\u00a0\u00bb]<\/p>\n<h1>\u00c0 proximit\u00e9<\/h1>\n<p class=\"accueil_intro_texte\"><strong>Que vous soyez amateur de plein air ou f\u00e9ru d\u2019histoire, il y a tant \u00e0 faire \u00e0 proximit\u00e9.<\/strong><\/p>\n<div class=\"bouton bouton_principal bouton_style1 accueil_intro_bouton\"><a style=\"display: inline-block; margin: 1rem 0;\" href=\"\/reserver_au_logis_du_bois_flotte\/\">R\u00e9servez votre chalet<\/a><\/div>\n<div class=\"bouton bouton_style1 accueil_intro_bouton\"><a style=\"display: inline-block; margin: 1rem 0;\" href=\"#carte\">Carte des attraits<\/a><\/div>\n<p>[\/et_pb_text][\/et_pb_column][et_pb_column type=\u00a0\u00bb1_2&Prime; _builder_version=\u00a0\u00bb4.27.4&Prime; _module_preset=\u00a0\u00bbdefault\u00a0\u00bb global_colors_info=\u00a0\u00bb{}\u00a0\u00bb][et_pb_image src=\u00a0\u00bbhttps:\/\/staging.logisduboisflotte.com\/wp-content\/uploads\/2025\/04\/Header_Attrait_1620x2430.jpg\u00a0\u00bb alt=\u00a0\u00bbCouple en kayak de mer dans le Parc national du Bic, \u00e0 proximit\u00e9 des chalets du Logis du Bois Flott\u00e9\u00a0\u00bb title_text=\u00a0\u00bbCouple en kayak de mer dans le Parc national du Bic, \u00e0 proximit\u00e9 des chalets du Logis du Bois Flott\u00e9\u00a0\u00bb disabled_on=\u00a0\u00bbon|on|off\u00a0\u00bb admin_label=\u00a0\u00bbImage Desktop\u00a0\u00bb _builder_version=\u00a0\u00bb4.27.4&Prime; _module_preset=\u00a0\u00bbdefault\u00a0\u00bb global_colors_info=\u00a0\u00bb{}\u00a0\u00bb][\/et_pb_image][et_pb_image src=\u00a0\u00bbhttps:\/\/staging.logisduboisflotte.com\/wp-content\/uploads\/2025\/04\/Header_M_Attrait_1620x1620.jpg\u00a0\u00bb alt=\u00a0\u00bbCouple en kayak de mer dans le Parc national du Bic, \u00e0 proximit\u00e9 des chalets du Logis du Bois Flott\u00e9\u00a0\u00bb title_text=\u00a0\u00bbCouple en kayak de mer dans le Parc national du Bic, \u00e0 proximit\u00e9 des chalets du Logis du Bois Flott\u00e9\u00a0\u00bb disabled_on=\u00a0\u00bboff|off|on\u00a0\u00bb admin_label=\u00a0\u00bbImage Mobile\u00a0\u00bb _builder_version=\u00a0\u00bb4.27.4&Prime; _module_preset=\u00a0\u00bbdefault\u00a0\u00bb global_colors_info=\u00a0\u00bb{}\u00a0\u00bb][\/et_pb_image][\/et_pb_column][\/et_pb_row][\/et_pb_section][et_pb_section fb_built=\u00a0\u00bb1&Prime; admin_label=\u00a0\u00bbLes Jardins de m\u00e9tis\u00a0\u00bb module_class=\u00a0\u00bbreserver_besoinDAide\u00a0\u00bb _builder_version=\u00a0\u00bb4.27.4&Prime; _module_preset=\u00a0\u00bbdefault\u00a0\u00bb custom_padding=\u00a0\u00bb0px||||false|false\u00a0\u00bb global_colors_info=\u00a0\u00bb{}\u00a0\u00bb][et_pb_row column_structure=\u00a0\u00bb1_2,1_2&Prime; _builder_version=\u00a0\u00bb4.27.4&Prime; _module_preset=\u00a0\u00bbdefault\u00a0\u00bb custom_padding=\u00a0\u00bb10rem||||false|false\u00a0\u00bb global_colors_info=\u00a0\u00bb{}\u00a0\u00bb][et_pb_column type=\u00a0\u00bb1_2&Prime; _builder_version=\u00a0\u00bb4.27.4&Prime; _module_preset=\u00a0\u00bbdefault\u00a0\u00bb global_colors_info=\u00a0\u00bb{}\u00a0\u00bb][et_pb_image src=\u00a0\u00bbhttps:\/\/staging.logisduboisflotte.com\/wp-content\/uploads\/2025\/04\/Attrait_JardinMetis.jpg\u00a0\u00bb alt=\u00a0\u00bbLes Jardins de m\u00e9tis\u00a0\u00bb title_text=\u00a0\u00bbLes Jardins de m\u00e9tis\u00a0\u00bb _builder_version=\u00a0\u00bb4.27.4&Prime; _module_preset=\u00a0\u00bbdefault\u00a0\u00bb global_colors_info=\u00a0\u00bb{}\u00a0\u00bb][\/et_pb_image][\/et_pb_column][et_pb_column type=\u00a0\u00bb1_2&Prime; _builder_version=\u00a0\u00bb4.27.4&Prime; _module_preset=\u00a0\u00bbdefault\u00a0\u00bb global_colors_info=\u00a0\u00bb{}\u00a0\u00bb][et_pb_text admin_label=\u00a0\u00bbTitre et texte\u00a0\u00bb _builder_version=\u00a0\u00bb4.27.4&Prime; _module_preset=\u00a0\u00bbdefault\u00a0\u00bb text_text_color=\u00a0\u00bb#14202e\u00a0\u00bb global_colors_info=\u00a0\u00bb{}\u00a0\u00bb]<\/p>\n<h2 class=\"titre\"><span>Plein air<\/span> Les jardins de M\u00e9tis<\/h2>\n<p>Les Jardins de M\u00e9tis, joyau du patrimoine canadien cr\u00e9\u00e9 par Elsie Reford, cultivent l\u2019\u00e9merveillement depuis pr\u00e8s de 100 ans. Reconnu parmi les grands jardins du monde, ce mus\u00e9e vivant \u00e0 ciel ouvert conjugue harmonieusement histoire, savoir-faire horticole, design et gastronomie inventive. Destination incontournable \u00e0 la porte de la Gasp\u00e9sie, les Jardins de M\u00e9tis enchantent par leur beaut\u00e9 et invitent les visiteurs \u00e0 une pause sereine, inspirante et savoureuse au c\u0153ur d&rsquo;un paysage c\u00f4tier embl\u00e9matique.<\/p>\n<div class=\"attraits_boutons\">\n<div class=\"bouton bouton_principal attraits_boutons_itineraire\">\n<a target=\"_blank\" style=\"display: inline-block; margin: 1rem 0;\" href=\"https:\/\/www.google.com\/maps\/place\/Jardins+de+M%C3%A9tis+%2F+Reford+Gardens\/@48.6300069,-68.1284093,17z\/data=!4m6!3m5!1s0x4c9686eae881b935:0x8bd35d917abc9b14!8m2!3d48.628506!4d-68.1233048!16s%2Fm%2F011qb1z1?authuser=0&#038;entry=ttu&#038;g_ep=EgoyMDI1MDQxNi4xIKXMDSoASAFQAw%3D%3D\">Obtenir l&rsquo;itin\u00e9raire<\/a>\n<\/div>\n<div class=\"bouton bouton_style2\">\n<a target=\"_blank\" href=\"https:\/\/jardinsdemetis.com\/\">Voir le site Web<\/a>\n<\/div>\n<\/div>\n<p>[\/et_pb_text][\/et_pb_column][\/et_pb_row][\/et_pb_section][et_pb_section fb_built=\u00a0\u00bb1&Prime; admin_label=\u00a0\u00bbAventures Archipel\u00a0\u00bb module_class=\u00a0\u00bbreserver_besoinDAide\u00a0\u00bb _builder_version=\u00a0\u00bb4.27.4&Prime; _module_preset=\u00a0\u00bbdefault\u00a0\u00bb custom_padding=\u00a0\u00bb0px||||false|false\u00a0\u00bb global_colors_info=\u00a0\u00bb{}\u00a0\u00bb][et_pb_row column_structure=\u00a0\u00bb1_2,1_2&Prime; module_class=\u00a0\u00bbattraits_inverse\u00a0\u00bb _builder_version=\u00a0\u00bb4.27.4&Prime; _module_preset=\u00a0\u00bbdefault\u00a0\u00bb custom_padding=\u00a0\u00bb||||false|false\u00a0\u00bb global_colors_info=\u00a0\u00bb{}\u00a0\u00bb][et_pb_column type=\u00a0\u00bb1_2&Prime; _builder_version=\u00a0\u00bb4.27.4&Prime; _module_preset=\u00a0\u00bbdefault\u00a0\u00bb global_colors_info=\u00a0\u00bb{}\u00a0\u00bb][et_pb_text admin_label=\u00a0\u00bbTitre et texte\u00a0\u00bb _builder_version=\u00a0\u00bb4.27.4&Prime; _module_preset=\u00a0\u00bbdefault\u00a0\u00bb text_text_color=\u00a0\u00bb#14202e\u00a0\u00bb global_colors_info=\u00a0\u00bb{}\u00a0\u00bb]<\/p>\n<h2 class=\"titre\"><span>Plein air<\/span> Aventures Archipel<\/h2>\n<p>Avec Archipel Aventure, embarquez pour une aventure inoubliable en kayak de mer dans le parc national du Bic, o\u00f9 vous pourrez admirer des paysages c\u00f4tiers magnifiques et observer une faune marine vari\u00e9e. Laissez-vous guider par des professionnels pour une exp\u00e9rience s\u00e9curitaire et enrichissante au c\u0153ur de cet archipel exceptionnel.<\/p>\n<div class=\"attraits_boutons\">\n<div class=\"bouton bouton_principal attraits_boutons_itineraire\">\n<a target=\"_blank\" style=\"display: inline-block; margin: 1rem 0;\" href=\"https:\/\/www.google.com\/maps\/place\/Aventures+Archipel\/@48.3715396,-68.7245964,16z\/data=!3m1!4b1!4m6!3m5!1s0x4c95dd38c7aba7e9:0x82e5a05c070d6128!8m2!3d48.3715361!4d-68.7220161!16s%2Fg%2F11cs39dv1q?authuser=0&#038;entry=ttu&#038;g_ep=EgoyMDI1MDQxNi4xIKXMDSoASAFQAw%3D%3D\">Obtenir l&rsquo;itin\u00e9raire<\/a>\n<\/div>\n<div class=\"bouton bouton_style2\">\n<a target=\"_blank\" href=\"https:\/\/aventuresarchipel.com\/\">Voir le site Web<\/a>\n<\/div>\n<\/div>\n<p>[\/et_pb_text][\/et_pb_column][et_pb_column type=\u00a0\u00bb1_2&Prime; _builder_version=\u00a0\u00bb4.27.4&Prime; _module_preset=\u00a0\u00bbdefault\u00a0\u00bb global_colors_info=\u00a0\u00bb{}\u00a0\u00bb][et_pb_image src=\u00a0\u00bbhttps:\/\/staging.logisduboisflotte.com\/wp-content\/uploads\/2025\/04\/Attrait_ArchipelAventure.jpg\u00a0\u00bb alt=\u00a0\u00bbAventures Archipel\u00a0\u00bb title_text=\u00a0\u00bbAventures Archipel\u00a0\u00bb _builder_version=\u00a0\u00bb4.27.4&Prime; _module_preset=\u00a0\u00bbdefault\u00a0\u00bb global_colors_info=\u00a0\u00bb{}\u00a0\u00bb][\/et_pb_image][\/et_pb_column][\/et_pb_row][\/et_pb_section][et_pb_section fb_built=\u00a0\u00bb1&Prime; admin_label=\u00a0\u00bbCanyon des Portes de l&rsquo;Enfer\u00a0\u00bb module_class=\u00a0\u00bbreserver_besoinDAide\u00a0\u00bb _builder_version=\u00a0\u00bb4.27.4&Prime; _module_preset=\u00a0\u00bbdefault\u00a0\u00bb custom_padding=\u00a0\u00bb0px||||false|false\u00a0\u00bb global_colors_info=\u00a0\u00bb{}\u00a0\u00bb][et_pb_row column_structure=\u00a0\u00bb1_2,1_2&Prime; _builder_version=\u00a0\u00bb4.27.4&Prime; _module_preset=\u00a0\u00bbdefault\u00a0\u00bb custom_padding=\u00a0\u00bb||||false|false\u00a0\u00bb global_colors_info=\u00a0\u00bb{}\u00a0\u00bb][et_pb_column type=\u00a0\u00bb1_2&Prime; _builder_version=\u00a0\u00bb4.27.4&Prime; _module_preset=\u00a0\u00bbdefault\u00a0\u00bb global_colors_info=\u00a0\u00bb{}\u00a0\u00bb][et_pb_image src=\u00a0\u00bbhttps:\/\/staging.logisduboisflotte.com\/wp-content\/uploads\/2025\/04\/Attrait_Canyon-scaled.jpg\u00a0\u00bb alt=\u00a0\u00bbCanyon des Portes de l&rsquo;Enfer\u00a0\u00bb title_text=\u00a0\u00bbCanyon des Portes de l&rsquo;Enfer\u00a0\u00bb _builder_version=\u00a0\u00bb4.27.4&Prime; _module_preset=\u00a0\u00bbdefault\u00a0\u00bb global_colors_info=\u00a0\u00bb{}\u00a0\u00bb][\/et_pb_image][\/et_pb_column][et_pb_column type=\u00a0\u00bb1_2&Prime; _builder_version=\u00a0\u00bb4.27.4&Prime; _module_preset=\u00a0\u00bbdefault\u00a0\u00bb global_colors_info=\u00a0\u00bb{}\u00a0\u00bb][et_pb_text admin_label=\u00a0\u00bbTitre et texte\u00a0\u00bb _builder_version=\u00a0\u00bb4.27.4&Prime; _module_preset=\u00a0\u00bbdefault\u00a0\u00bb text_text_color=\u00a0\u00bb#14202e\u00a0\u00bb global_colors_info=\u00a0\u00bb{}\u00a0\u00bb]<\/p>\n<h2 class=\"titre\"><span>Plein air<\/span> Canyon des Portes de l&rsquo;Enfer<\/h2>\n<p>Le Canyon des Portes de l&rsquo;Enfer, situ\u00e9 pr\u00e8s de Rimouski, est un site naturel spectaculaire connu pour ses falaises vertigineuses et sa passerelle suspendue \u00e0 63 m\u00e8tres au-dessus de la rivi\u00e8re Rimouski. Ses sentiers offrent des points de vue impressionnants, menant \u00e0 la myst\u00e9rieuse Porte de l\u2019Enfer, une crevasse profonde entour\u00e9e de l\u00e9gendes. Avec ses paysages saisissants et son ambiance unique, c\u2019est un lieu parfait pour les amateurs de randonn\u00e9e et d\u2019aventure !<\/p>\n<div class=\"attraits_boutons\">\n<div class=\"bouton bouton_principal attraits_boutons_itineraire\">\n<a target=\"_blank\" style=\"display: inline-block; margin: 1rem 0;\" href=\"https:\/\/www.google.com\/maps\/place\/Canyon+des+Portes+de+l'Enfer\/@48.2307309,-68.5068698,17z\/data=!3m1!4b1!4m6!3m5!1s0x4c960be6e199c693:0x5fa687b110431632!8m2!3d48.2307274!4d-68.5042895!16s%2Fg%2F11b6gp5mk2?authuser=0&#038;entry=ttu&#038;g_ep=EgoyMDI1MDQxNi4xIKXMDSoASAFQAw%3D%3D\">Obtenir l&rsquo;itin\u00e9raire<\/a>\n<\/div>\n<div class=\"bouton bouton_style2\">\n<a target=\"_blank\" href=\"https:\/\/www.terfa.ca\/fr\/terfa\/canyon-des-portes-de-l-enfer\/\">Voir le site Web<\/a>\n<\/div>\n<\/div>\n<p>[\/et_pb_text][\/et_pb_column][\/et_pb_row][\/et_pb_section][et_pb_section fb_built=\u00a0\u00bb1&Prime; admin_label=\u00a0\u00bbPlage de l&rsquo;Anse-aux-Coques\u00a0\u00bb module_class=\u00a0\u00bbreserver_besoinDAide\u00a0\u00bb _builder_version=\u00a0\u00bb4.27.4&Prime; _module_preset=\u00a0\u00bbdefault\u00a0\u00bb custom_padding=\u00a0\u00bb0px||||false|false\u00a0\u00bb global_colors_info=\u00a0\u00bb{}\u00a0\u00bb][et_pb_row column_structure=\u00a0\u00bb1_2,1_2&Prime; module_class=\u00a0\u00bbattraits_inverse\u00a0\u00bb _builder_version=\u00a0\u00bb4.27.4&Prime; _module_preset=\u00a0\u00bbdefault\u00a0\u00bb custom_padding=\u00a0\u00bb||||false|false\u00a0\u00bb global_colors_info=\u00a0\u00bb{}\u00a0\u00bb][et_pb_column type=\u00a0\u00bb1_2&Prime; _builder_version=\u00a0\u00bb4.27.4&Prime; _module_preset=\u00a0\u00bbdefault\u00a0\u00bb global_colors_info=\u00a0\u00bb{}\u00a0\u00bb][et_pb_text admin_label=\u00a0\u00bbTitre et texte\u00a0\u00bb _builder_version=\u00a0\u00bb4.27.4&Prime; _module_preset=\u00a0\u00bbdefault\u00a0\u00bb text_text_color=\u00a0\u00bb#14202e\u00a0\u00bb global_colors_info=\u00a0\u00bb{}\u00a0\u00bb]<\/p>\n<h2 class=\"titre\"><span>Plein air<\/span> Plage de l&rsquo;Anse-aux-Coques<\/h2>\n<p>La plage de l&rsquo;Anse-aux-Coques, situ\u00e9e \u00e0 Sainte-Luce, est un lieu pris\u00e9 pour ses vastes plages de sable et son ambiance paisible. Id\u00e9ale pour la baignade, la marche ou simplement admirer le coucher de soleil, elle offre une vue imprenable sur le fleuve Saint-Laurent. La promenade en bois qui longe le rivage permet de profiter du paysage tout en acc\u00e9dant aux restaurants et terrasses du village. Un endroit parfait pour une escapade relaxante!<\/p>\n<div class=\"attraits_boutons\">\n<div class=\"bouton bouton_principal attraits_boutons_itineraire\">\n<a target=\"_blank\" style=\"display: inline-block; margin: 1rem 0;\" href=\"https:\/\/www.google.com\/maps\/place\/1+Rue+Langlois,+Sainte-Luce,+QC+G0K+1P0\/@48.5461093,-68.4131692,15z\/data=!3m1!4b1!4m6!3m5!1s0x4c95d5db3a372593:0xa5b07d68cd63d7a9!8m2!3d48.5460966!4d-68.3947369!16s%2Fg%2F11vkrwshm9?authuser=0&#038;entry=ttu&#038;g_ep=EgoyMDI1MDQxNi4xIKXMDSoASAFQAw%3D%3D\">Obtenir l&rsquo;itin\u00e9raire<\/a>\n<\/div>\n<div class=\"bouton bouton_style2\">\n<a target=\"_blank\" href=\"https:\/\/www.sainteluce.ca\/tourisme\/attraits-touristiques\">Voir le site Web<\/a>\n<\/div>\n<\/div>\n<p>[\/et_pb_text][\/et_pb_column][et_pb_column type=\u00a0\u00bb1_2&Prime; _builder_version=\u00a0\u00bb4.27.4&Prime; _module_preset=\u00a0\u00bbdefault\u00a0\u00bb global_colors_info=\u00a0\u00bb{}\u00a0\u00bb][et_pb_image src=\u00a0\u00bbhttps:\/\/staging.logisduboisflotte.com\/wp-content\/uploads\/2025\/04\/Attrait_Promenade_AnseCoque.jpg\u00a0\u00bb alt=\u00a0\u00bbPlage de l&rsquo;Anse-aux-Coques\u00a0\u00bb title_text=\u00a0\u00bbPlage de l&rsquo;Anse-aux-Coques\u00a0\u00bb _builder_version=\u00a0\u00bb4.27.4&Prime; _module_preset=\u00a0\u00bbdefault\u00a0\u00bb global_colors_info=\u00a0\u00bb{}\u00a0\u00bb][\/et_pb_image][\/et_pb_column][\/et_pb_row][\/et_pb_section][et_pb_section fb_built=\u00a0\u00bb1&Prime; admin_label=\u00a0\u00bbLa For\u00eat de Ma\u00eetre Corbeau\u00a0\u00bb module_class=\u00a0\u00bbreserver_besoinDAide\u00a0\u00bb _builder_version=\u00a0\u00bb4.27.4&Prime; _module_preset=\u00a0\u00bbdefault\u00a0\u00bb custom_padding=\u00a0\u00bb0px||||false|false\u00a0\u00bb global_colors_info=\u00a0\u00bb{}\u00a0\u00bb][et_pb_row column_structure=\u00a0\u00bb1_2,1_2&Prime; _builder_version=\u00a0\u00bb4.27.4&Prime; _module_preset=\u00a0\u00bbdefault\u00a0\u00bb custom_padding=\u00a0\u00bb||||false|false\u00a0\u00bb global_colors_info=\u00a0\u00bb{}\u00a0\u00bb][et_pb_column type=\u00a0\u00bb1_2&Prime; _builder_version=\u00a0\u00bb4.27.4&Prime; _module_preset=\u00a0\u00bbdefault\u00a0\u00bb global_colors_info=\u00a0\u00bb{}\u00a0\u00bb][et_pb_image src=\u00a0\u00bbhttps:\/\/staging.logisduboisflotte.com\/wp-content\/uploads\/2025\/04\/Attrait_MaitreCorbeau.jpg\u00a0\u00bb alt=\u00a0\u00bbLa For\u00eat de Ma\u00eetre Corbeau\u00a0\u00bb title_text=\u00a0\u00bbLa For\u00eat de Ma\u00eetre Corbeau\u00a0\u00bb _builder_version=\u00a0\u00bb4.27.4&Prime; _module_preset=\u00a0\u00bbdefault\u00a0\u00bb global_colors_info=\u00a0\u00bb{}\u00a0\u00bb][\/et_pb_image][\/et_pb_column][et_pb_column type=\u00a0\u00bb1_2&Prime; _builder_version=\u00a0\u00bb4.27.4&Prime; _module_preset=\u00a0\u00bbdefault\u00a0\u00bb global_colors_info=\u00a0\u00bb{}\u00a0\u00bb][et_pb_text admin_label=\u00a0\u00bbTitre et texte\u00a0\u00bb _builder_version=\u00a0\u00bb4.27.4&Prime; _module_preset=\u00a0\u00bbdefault\u00a0\u00bb text_text_color=\u00a0\u00bb#14202e\u00a0\u00bb global_colors_info=\u00a0\u00bb{}\u00a0\u00bb]<\/p>\n<h2 class=\"titre\"><span>Plein air<\/span> La For\u00eat de Ma\u00eetre Corbeau<\/h2>\n<p>La For\u00eat de Ma\u00eetre Corbeau, situ\u00e9e \u00e0 Saint-Gabriel-de-Rimouski, est un parc d\u2019aventure en pleine nature offrant des parcours d\u2019h\u00e9bertisme a\u00e9rien et de tyroliennes au c\u0153ur d\u2019une for\u00eat majestueuse. Adapt\u00e9e aux petits comme aux grands, elle propose divers niveaux de d\u00e9fis dans un cadre enchanteur. C\u2019est l\u2019endroit id\u00e9al pour vivre une exp\u00e9rience immersive en nature, alliant adr\u00e9naline et contemplation!<\/p>\n<div class=\"attraits_boutons\">\n<div class=\"bouton bouton_principal attraits_boutons_itineraire\">\n<a target=\"_blank\" style=\"display: inline-block; margin: 1rem 0;\" href=\"https:\/\/www.google.com\/maps\/place\/Foret+De+Maitre+Corbeau\/@48.4503122,-68.2517201,17z\/data=!3m1!4b1!4m6!3m5!1s0x4c967a5b819e49c7:0x43a096bfeaf77d8b!8m2!3d48.4503087!4d-68.2491398!16s%2Fg%2F11p068qsyz?authuser=0&#038;entry=ttu&#038;g_ep=EgoyMDI1MDQxNi4xIKXMDSoASAFQAw%3D%3D\">Obtenir l&rsquo;itin\u00e9raire<\/a>\n<\/div>\n<div class=\"bouton bouton_style2\">\n<a target=\"_blank\" href=\"https:\/\/www.domainevalga.com\/activites\/parcours-aeriens\/\">Voir le site Web<\/a>\n<\/div>\n<\/div>\n<p>[\/et_pb_text][\/et_pb_column][\/et_pb_row][\/et_pb_section][et_pb_section fb_built=\u00a0\u00bb1&Prime; admin_label=\u00a0\u00bbParc national du Bic\u00a0\u00bb module_class=\u00a0\u00bbreserver_besoinDAide\u00a0\u00bb _builder_version=\u00a0\u00bb4.27.4&Prime; _module_preset=\u00a0\u00bbdefault\u00a0\u00bb custom_padding=\u00a0\u00bb0px||||false|false\u00a0\u00bb global_colors_info=\u00a0\u00bb{}\u00a0\u00bb][et_pb_row column_structure=\u00a0\u00bb1_2,1_2&Prime; module_class=\u00a0\u00bbattraits_inverse\u00a0\u00bb _builder_version=\u00a0\u00bb4.27.4&Prime; _module_preset=\u00a0\u00bbdefault\u00a0\u00bb custom_padding=\u00a0\u00bb||||false|false\u00a0\u00bb global_colors_info=\u00a0\u00bb{}\u00a0\u00bb][et_pb_column type=\u00a0\u00bb1_2&Prime; _builder_version=\u00a0\u00bb4.27.4&Prime; _module_preset=\u00a0\u00bbdefault\u00a0\u00bb global_colors_info=\u00a0\u00bb{}\u00a0\u00bb][et_pb_text admin_label=\u00a0\u00bbTitre et texte\u00a0\u00bb _builder_version=\u00a0\u00bb4.27.4&Prime; _module_preset=\u00a0\u00bbdefault\u00a0\u00bb text_text_color=\u00a0\u00bb#14202e\u00a0\u00bb global_colors_info=\u00a0\u00bb{}\u00a0\u00bb]<\/p>\n<h2 class=\"titre\"><span>Plein air<\/span> Parc national du Bic<\/h2>\n<p>Le Parc national du Bic, situ\u00e9 sur les rives du Saint-Laurent, est un joyau naturel reconnu pour ses caps rocheux, ses anses paisibles et ses phoques qui se pr\u00e9lassent sur les rivages. Ses sentiers de randonn\u00e9e offrent des panoramas \u00e0 couper le souffle, parfaits pour l&rsquo;observation de la faune et les couchers de soleil spectaculaires. Que ce soit en kayak, \u00e0 v\u00e9lo ou \u00e0 pied, c&rsquo;est un lieu id\u00e9al pour une immersion en pleine nature!<\/p>\n<div class=\"attraits_boutons\">\n<div class=\"bouton bouton_principal attraits_boutons_itineraire\">\n<a target=\"_blank\" style=\"display: inline-block; margin: 1rem 0;\" href=\"https:\/\/www.google.com\/maps\/place\/Parc+national+du+Bic\/@48.3542509,-68.7572817,17z\/data=!3m1!4b1!4m9!3m8!1s0x4c95e836def8722d:0xea96251c8c43c9aa!5m2!4m1!1i2!8m2!3d48.3542474!4d-68.7547014!16s%2Fm%2F080c10l?authuser=0&#038;entry=ttu&#038;g_ep=EgoyMDI1MDQxNi4xIKXMDSoASAFQAw%3D%3D\">Obtenir l&rsquo;itin\u00e9raire<\/a>\n<\/div>\n<div class=\"bouton bouton_style2\">\n<a target=\"_blank\" href=\"https:\/\/www.sepaq.com\/pq\/bic\/index.dot?language_id=2\">Voir le site Web<\/a>\n<\/div>\n<\/div>\n<p>[\/et_pb_text][\/et_pb_column][et_pb_column type=\u00a0\u00bb1_2&Prime; _builder_version=\u00a0\u00bb4.27.4&Prime; _module_preset=\u00a0\u00bbdefault\u00a0\u00bb global_colors_info=\u00a0\u00bb{}\u00a0\u00bb][et_pb_image src=\u00a0\u00bbhttps:\/\/staging.logisduboisflotte.com\/wp-content\/uploads\/2025\/04\/Attrait_ParcBic.jpg\u00a0\u00bb alt=\u00a0\u00bbParc national du Bic\u00a0\u00bb title_text=\u00a0\u00bbParc national du Bic\u00a0\u00bb _builder_version=\u00a0\u00bb4.27.4&Prime; _module_preset=\u00a0\u00bbdefault\u00a0\u00bb global_colors_info=\u00a0\u00bb{}\u00a0\u00bb][\/et_pb_image][\/et_pb_column][\/et_pb_row][\/et_pb_section][et_pb_section fb_built=\u00a0\u00bb1&Prime; admin_label=\u00a0\u00bbParc Beaus\u00e9jour\u00a0\u00bb module_class=\u00a0\u00bbreserver_besoinDAide\u00a0\u00bb _builder_version=\u00a0\u00bb4.27.4&Prime; _module_preset=\u00a0\u00bbdefault\u00a0\u00bb custom_padding=\u00a0\u00bb0px||||false|false\u00a0\u00bb global_colors_info=\u00a0\u00bb{}\u00a0\u00bb][et_pb_row column_structure=\u00a0\u00bb1_2,1_2&Prime; _builder_version=\u00a0\u00bb4.27.4&Prime; _module_preset=\u00a0\u00bbdefault\u00a0\u00bb custom_padding=\u00a0\u00bb||||false|false\u00a0\u00bb global_colors_info=\u00a0\u00bb{}\u00a0\u00bb][et_pb_column type=\u00a0\u00bb1_2&Prime; _builder_version=\u00a0\u00bb4.27.4&Prime; _module_preset=\u00a0\u00bbdefault\u00a0\u00bb global_colors_info=\u00a0\u00bb{}\u00a0\u00bb][et_pb_image src=\u00a0\u00bbhttps:\/\/staging.logisduboisflotte.com\/wp-content\/uploads\/2025\/04\/Attrait_ParcBeausejour.jpg\u00a0\u00bb alt=\u00a0\u00bbParc Beaus\u00e9jour\u00a0\u00bb title_text=\u00a0\u00bbParc Beaus\u00e9jour\u00a0\u00bb _builder_version=\u00a0\u00bb4.27.4&Prime; _module_preset=\u00a0\u00bbdefault\u00a0\u00bb global_colors_info=\u00a0\u00bb{}\u00a0\u00bb][\/et_pb_image][\/et_pb_column][et_pb_column type=\u00a0\u00bb1_2&Prime; _builder_version=\u00a0\u00bb4.27.4&Prime; _module_preset=\u00a0\u00bbdefault\u00a0\u00bb global_colors_info=\u00a0\u00bb{}\u00a0\u00bb][et_pb_text admin_label=\u00a0\u00bbTitre et texte\u00a0\u00bb _builder_version=\u00a0\u00bb4.27.4&Prime; _module_preset=\u00a0\u00bbdefault\u00a0\u00bb text_text_color=\u00a0\u00bb#14202e\u00a0\u00bb global_colors_info=\u00a0\u00bb{}\u00a0\u00bb]<\/p>\n<h2 class=\"titre\"><span>Plein air<\/span> Parc Beaus\u00e9jour<\/h2>\n<p>Le Parc Beaus\u00e9jour est un vaste espace vert situ\u00e9 au c\u0153ur de Rimouski, offrant une multitude d\u2019activit\u00e9s en toute saison. Avec ses sentiers p\u00e9destres, aires de jeux, pistes cyclables et installations sportives, il est un lieu pris\u00e9 autant pour les familles que pour les amateurs de plein air. En hiver, le parc se transforme en un v\u00e9ritable terrain de jeux avec des pistes de ski de fond, de la glissade, une patinoire et 1 km d&rsquo;all\u00e9es glac\u00e9es.<\/p>\n<div class=\"attraits_boutons\">\n<div class=\"bouton bouton_principal attraits_boutons_itineraire\">\n<a target=\"_blank\" style=\"display: inline-block; margin: 1rem 0;\" href=\"https:\/\/www.google.com\/maps\/place\/Parc+Beaus%C3%A9jour\/@48.437585,-68.5406273,16z\/data=!3m1!4b1!4m6!3m5!1s0x4c95d97501d01717:0xd14744d875434f39!8m2!3d48.4375815!4d-68.538047!16s%2Fg%2F1tfqfd06?authuser=0&#038;entry=ttu&#038;g_ep=EgoyMDI1MDQxNi4xIKXMDSoASAFQAw%3D%3D\">Obtenir l&rsquo;itin\u00e9raire<\/a>\n<\/div>\n<div class=\"bouton bouton_style2\">\n<a target=\"_blank\" href=\"https:\/\/rimouski.ca\/rubrique\/parc-beausejour\">Voir le site Web<\/a>\n<\/div>\n<\/div>\n<p>[\/et_pb_text][\/et_pb_column][\/et_pb_row][\/et_pb_section][et_pb_section fb_built=\u00a0\u00bb1&Prime; admin_label=\u00a0\u00bbExcursions \u00e0 l\u2019\u00eele Saint-Barnab\u00e9\u00a0\u00bb module_class=\u00a0\u00bbreserver_besoinDAide\u00a0\u00bb _builder_version=\u00a0\u00bb4.27.4&Prime; _module_preset=\u00a0\u00bbdefault\u00a0\u00bb custom_padding=\u00a0\u00bb0px||||false|false\u00a0\u00bb global_colors_info=\u00a0\u00bb{}\u00a0\u00bb][et_pb_row column_structure=\u00a0\u00bb1_2,1_2&Prime; module_class=\u00a0\u00bbattraits_inverse\u00a0\u00bb _builder_version=\u00a0\u00bb4.27.4&Prime; _module_preset=\u00a0\u00bbdefault\u00a0\u00bb custom_padding=\u00a0\u00bb||0px||false|false\u00a0\u00bb global_colors_info=\u00a0\u00bb{}\u00a0\u00bb][et_pb_column type=\u00a0\u00bb1_2&Prime; _builder_version=\u00a0\u00bb4.27.4&Prime; _module_preset=\u00a0\u00bbdefault\u00a0\u00bb global_colors_info=\u00a0\u00bb{}\u00a0\u00bb][et_pb_text admin_label=\u00a0\u00bbTitre et texte\u00a0\u00bb _builder_version=\u00a0\u00bb4.27.4&Prime; _module_preset=\u00a0\u00bbdefault\u00a0\u00bb text_text_color=\u00a0\u00bb#14202e\u00a0\u00bb global_colors_info=\u00a0\u00bb{}\u00a0\u00bb]<\/p>\n<h2 class=\"titre\"><span>Plein air<\/span> Excursions \u00e0 l\u2019\u00eele Saint-Barnab\u00e9<\/h2>\n<p>Les excursions \u00e0 l\u2019\u00eele Saint-Barnab\u00e9, situ\u00e9e au large de Rimouski, offrent une exp\u00e9rience unique en pleine nature. Accessible par traversier en saison estivale, l\u2019\u00eele propose des sentiers de randonn\u00e9e, des aires de pique-nique et des points d&rsquo;observation parfaits pour admirer la faune et la flore locales. Riche en histoire et en paysages maritimes, c&rsquo;est une destination pris\u00e9e pour les amateurs de plein air et de tranquillit\u00e9.<\/p>\n<div class=\"attraits_boutons\">\n<div class=\"bouton bouton_principal attraits_boutons_itineraire\">\n<a target=\"_blank\" style=\"display: inline-block; margin: 1rem 0;\" href=\"https:\/\/www.google.com\/maps\/place\/Marina+de+Rimouski\/@48.4783611,-68.5135412,17z\/data=!3m1!4b1!4m6!3m5!1s0x41096c3cb70e1f69:0x5bf16c80c5f946ac!8m2!3d48.4783576!4d-68.5109609!16s%2Fg%2F11bbs_fyf1?authuser=0&#038;entry=ttu&#038;g_ep=EgoyMDI1MDQxNi4xIKXMDSoASAFQAw%3D%3D\">Obtenir l&rsquo;itin\u00e9raire<\/a>\n<\/div>\n<div class=\"bouton bouton_style2\">\n<a target=\"_blank\" href=\"https:\/\/tourismerimouski.com\/attrait\/ile-saint-barnabe\/\">Voir le site Web<\/a>\n<\/div>\n<\/div>\n<p>[\/et_pb_text][\/et_pb_column][et_pb_column type=\u00a0\u00bb1_2&Prime; _builder_version=\u00a0\u00bb4.27.4&Prime; _module_preset=\u00a0\u00bbdefault\u00a0\u00bb global_colors_info=\u00a0\u00bb{}\u00a0\u00bb][et_pb_image src=\u00a0\u00bbhttps:\/\/staging.logisduboisflotte.com\/wp-content\/uploads\/2025\/04\/Attrait_IleSteBarnabe.jpg\u00a0\u00bb alt=\u00a0\u00bbExcursions \u00e0 l\u2019\u00eele Saint-Barnab\u00e9\u00a0\u00bb title_text=\u00a0\u00bbExcursions \u00e0 l\u2019\u00eele Saint-Barnab\u00e9\u00a0\u00bb _builder_version=\u00a0\u00bb4.27.4&Prime; _module_preset=\u00a0\u00bbdefault\u00a0\u00bb global_colors_info=\u00a0\u00bb{}\u00a0\u00bb][\/et_pb_image][\/et_pb_column][\/et_pb_row][\/et_pb_section][et_pb_section fb_built=\u00a0\u00bb1&Prime; admin_label=\u00a0\u00bbCarte\u00a0\u00bb module_id=\u00a0\u00bbcarte\u00a0\u00bb _builder_version=\u00a0\u00bb4.27.4&Prime; _module_preset=\u00a0\u00bbdefault\u00a0\u00bb custom_padding=\u00a0\u00bb0px||||false|false\u00a0\u00bb global_colors_info=\u00a0\u00bb{}\u00a0\u00bb][et_pb_row _builder_version=\u00a0\u00bb4.27.4&Prime; _module_preset=\u00a0\u00bbdefault\u00a0\u00bb global_colors_info=\u00a0\u00bb{}\u00a0\u00bb][et_pb_column type=\u00a0\u00bb4_4&Prime; _builder_version=\u00a0\u00bb4.27.4&Prime; _module_preset=\u00a0\u00bbdefault\u00a0\u00bb global_colors_info=\u00a0\u00bb{}\u00a0\u00bb][et_pb_map address=\u00a0\u00bbRimouski, QC, Canada\u00a0\u00bb zoom_level=\u00a0\u00bb9&Prime; address_lat=\u00a0\u00bb48.464483715921&Prime; address_lng=\u00a0\u00bb-68.408627626563&Prime; use_grayscale_filter=\u00a0\u00bbon\u00a0\u00bb _builder_version=\u00a0\u00bb4.27.4&Prime; _module_preset=\u00a0\u00bbdefault\u00a0\u00bb height_tablet=\u00a0\u00bb440px\u00a0\u00bb height_phone=\u00a0\u00bb440px\u00a0\u00bb height_last_edited=\u00a0\u00bbon|phone\u00a0\u00bb global_colors_info=\u00a0\u00bb{}\u00a0\u00bb][et_pb_map_pin title=\u00a0\u00bbLogis du Bois Flott\u00e9\u00a0\u00bb pin_address=\u00a0\u00bb1410 Bd Sainte-Anne, Rimouski, QC G5M 1W3, Canada\u00a0\u00bb pin_address_lat=\u00a0\u00bb48.5238222&Prime; pin_address_lng=\u00a0\u00bb-68.4502076&Prime; _builder_version=\u00a0\u00bb4.27.4&Prime; _module_preset=\u00a0\u00bbdefault\u00a0\u00bb global_colors_info=\u00a0\u00bb{}\u00a0\u00bb][\/et_pb_map_pin][et_pb_map_pin title=\u00a0\u00bbLes Jardins de M\u00e9tis\u00a0\u00bb pin_address=\u00a0\u00bb200 QC-132, Price, QC G0J 1Z0, Canada\u00a0\u00bb pin_address_lat=\u00a0\u00bb48.6300034&Prime; pin_address_lng=\u00a0\u00bb-68.1258344&Prime; _builder_version=\u00a0\u00bb4.27.4&Prime; _module_preset=\u00a0\u00bbdefault\u00a0\u00bb global_colors_info=\u00a0\u00bb{}\u00a0\u00bb][\/et_pb_map_pin][et_pb_map_pin title=\u00a0\u00bbAventures Archipel\u00a0\u00bb pin_address=\u00a0\u00bbRte du Quai, Rimouski, QC G0L 1B0, Canada\u00a0\u00bb zoom_level=\u00a0\u00bb16&Prime; pin_address_lat=\u00a0\u00bb48.371542&Prime; pin_address_lng=\u00a0\u00bb-68.7219261&Prime; _builder_version=\u00a0\u00bb4.27.4&Prime; _module_preset=\u00a0\u00bbdefault\u00a0\u00bb global_colors_info=\u00a0\u00bb{}\u00a0\u00bb][\/et_pb_map_pin][et_pb_map_pin title=\u00a0\u00bbCanyon des Portes de l&rsquo;Enfer\u00a0\u00bb pin_address=\u00a0\u00bb1280 Chem. Duch\u00e9nier, Saint-Narcisse-de-Rimouski, QC G0K 1S0, Canada\u00a0\u00bb pin_address_lat=\u00a0\u00bb48.2294964&Prime; pin_address_lng=\u00a0\u00bb-68.5046795&Prime; _builder_version=\u00a0\u00bb4.27.4&Prime; _module_preset=\u00a0\u00bbdefault\u00a0\u00bb global_colors_info=\u00a0\u00bb{}\u00a0\u00bb][\/et_pb_map_pin][et_pb_map_pin title=\u00a0\u00bbPlage de l&rsquo;Anse-aux-Coques\u00a0\u00bb pin_address=\u00a0\u00bb1 Rue Langlois, Sainte-Luce, QC G0K 1P0, Canada\u00a0\u00bb pin_address_lat=\u00a0\u00bb48.5460966&Prime; pin_address_lng=\u00a0\u00bb-68.3947369&Prime; _builder_version=\u00a0\u00bb4.27.4&Prime; _module_preset=\u00a0\u00bbdefault\u00a0\u00bb global_colors_info=\u00a0\u00bb{}\u00a0\u00bb][\/et_pb_map_pin][et_pb_map_pin title=\u00a0\u00bbParc national du Bic\u00a0\u00bb pin_address=\u00a0\u00bb3382 Rte 132 O, Rimouski, QC G0L 1B0, Canada\u00a0\u00bb pin_address_lat=\u00a0\u00bb48.35497&Prime; pin_address_lng=\u00a0\u00bb-68.75473&Prime; _builder_version=\u00a0\u00bb4.27.4&Prime; _module_preset=\u00a0\u00bbdefault\u00a0\u00bb global_colors_info=\u00a0\u00bb{}\u00a0\u00bb][\/et_pb_map_pin][et_pb_map_pin title=\u00a0\u00bbParc Beaus\u00e9jour\u00a0\u00bb pin_address=\u00a0\u00bb400 Bd de la Rivi\u00e8re, Rimouski, QC G5L 4L4, Canada\u00a0\u00bb pin_address_lat=\u00a0\u00bb48.434909&Prime; pin_address_lng=\u00a0\u00bb-68.5420371&Prime; _builder_version=\u00a0\u00bb4.27.4&Prime; _module_preset=\u00a0\u00bbdefault\u00a0\u00bb global_colors_info=\u00a0\u00bb{}\u00a0\u00bb][\/et_pb_map_pin][et_pb_map_pin title=\u00a0\u00bbExcursions \u00e0 l\u2019\u00eele Saint-Barnab\u00e9\u00a0\u00bb pin_address=\u00a0\u00bbRimouski, QC G5L 7C3, Canada\u00a0\u00bb pin_address_lat=\u00a0\u00bb48.4783576&Prime; pin_address_lng=\u00a0\u00bb-68.5109609&Prime; _builder_version=\u00a0\u00bb4.27.4&Prime; _module_preset=\u00a0\u00bbdefault\u00a0\u00bb global_colors_info=\u00a0\u00bb{}\u00a0\u00bb][\/et_pb_map_pin][et_pb_map_pin title=\u00a0\u00bbParc du Mont-Comi\u00a0\u00bb pin_address=\u00a0\u00bb300 Chem. du Plateau, Saint-Donat, QC G0K 1L0&Prime; _builder_version=\u00a0\u00bb4.27.4&Prime; _module_preset=\u00a0\u00bbdefault\u00a0\u00bb global_colors_info=\u00a0\u00bb{}\u00a0\u00bb][\/et_pb_map_pin][et_pb_map_pin title=\u00a0\u00bbMus\u00e9e r\u00e9gional de Rimouski\u00a0\u00bb pin_address=\u00a0\u00bb35 Rue St Germain O, Rimouski, QC G5L 4B4&Prime; _builder_version=\u00a0\u00bb4.27.4&Prime; _module_preset=\u00a0\u00bbdefault\u00a0\u00bb global_colors_info=\u00a0\u00bb{}\u00a0\u00bb][\/et_pb_map_pin][et_pb_map_pin title=\u00a0\u00bbCircuits Rimouski\u00a0\u00bb pin_address=\u00a0\u00bb22 Rue Ste Marie, Rimouski, QC G5L 4E1, Canada\u00a0\u00bb pin_address_lat=\u00a0\u00bb48.4504034&Prime; pin_address_lng=\u00a0\u00bb-68.5283218&Prime; _builder_version=\u00a0\u00bb4.27.4&Prime; _module_preset=\u00a0\u00bbdefault\u00a0\u00bb global_colors_info=\u00a0\u00bb{}\u00a0\u00bb][\/et_pb_map_pin][et_pb_map_pin title=\u00a0\u00bbSite historique maritime de la Pointe-au-P\u00e8re\u00a0\u00bb pin_address=\u00a0\u00bb1000 Rue du Phare, Rimouski, QC G5M 1L8, Canada\u00a0\u00bb pin_address_lat=\u00a0\u00bb48.5168622&Prime; pin_address_lng=\u00a0\u00bb-68.469934&Prime; _builder_version=\u00a0\u00bb4.27.4&Prime; _module_preset=\u00a0\u00bbdefault\u00a0\u00bb global_colors_info=\u00a0\u00bb{}\u00a0\u00bb][\/et_pb_map_pin][et_pb_map_pin title=\u00a0\u00bbSite historique de la maison Lamontagne\u00a0\u00bb pin_address=\u00a0\u00bb707 Bd du Rivage, Rimouski, QC G5L 7L4, Canada\u00a0\u00bb pin_address_lat=\u00a0\u00bb48.4841805&Prime; pin_address_lng=\u00a0\u00bb-68.4951109&Prime; _builder_version=\u00a0\u00bb4.27.4&Prime; _module_preset=\u00a0\u00bbdefault\u00a0\u00bb global_colors_info=\u00a0\u00bb{}\u00a0\u00bb][\/et_pb_map_pin][et_pb_map_pin title=\u00a0\u00bbLa Soci\u00e9t\u00e9 : Jeux d&rsquo;\u00e9vasion\u00a0\u00bb pin_address=\u00a0\u00bb5 Rue St Germain E #101, Rimouski, QC G5L 1A1, Canada\u00a0\u00bb pin_address_lat=\u00a0\u00bb48.4513884&Prime; pin_address_lng=\u00a0\u00bb-68.5270759&Prime; _builder_version=\u00a0\u00bb4.27.4&Prime; _module_preset=\u00a0\u00bbdefault\u00a0\u00bb global_colors_info=\u00a0\u00bb{}\u00a0\u00bb][\/et_pb_map_pin][et_pb_map_pin title=\u00a0\u00bbCoop\u00e9rative Riki Bloc &#8211; Escalade int\u00e9rieure\u00a0\u00bb pin_address=\u00a0\u00bb547 Rue St Germain, Rimouski, QC G5L 1G2, Canada\u00a0\u00bb pin_address_lat=\u00a0\u00bb48.4754356&Prime; pin_address_lng=\u00a0\u00bb-68.5110988&Prime; _builder_version=\u00a0\u00bb4.27.4&Prime; _module_preset=\u00a0\u00bbdefault\u00a0\u00bb global_colors_info=\u00a0\u00bb{}\u00a0\u00bb][\/et_pb_map_pin][et_pb_map_pin title=\u00a0\u00bbL\u2019\u00eele des Moussaillons &#8211; Centre d\u2019amusement\u00a0\u00bb pin_address=\u00a0\u00bb387 2e Rue E, Rimouski, QC G5L 2G4, Canada\u00a0\u00bb pin_address_lat=\u00a0\u00bb48.455335&Prime; pin_address_lng=\u00a0\u00bb-68.5014373&Prime; _builder_version=\u00a0\u00bb4.27.4&Prime; _module_preset=\u00a0\u00bbdefault\u00a0\u00bb global_colors_info=\u00a0\u00bb{}\u00a0\u00bb][\/et_pb_map_pin][et_pb_map_pin title=\u00a0\u00bbLa For\u00eat de Ma\u00eetre Corbeau\u00a0\u00bb pin_address=\u00a0\u00bb300 Chem. des \u00c9corchis, Saint-Gabriel-de-Rimouski, QC G0K 1M0, Canada\u00a0\u00bb pin_address_lat=\u00a0\u00bb48.4502778&Prime; pin_address_lng=\u00a0\u00bb-68.2491667&Prime; _builder_version=\u00a0\u00bb4.27.4&Prime; _module_preset=\u00a0\u00bbdefault\u00a0\u00bb global_colors_info=\u00a0\u00bb{}\u00a0\u00bb][\/et_pb_map_pin][\/et_pb_map][\/et_pb_column][\/et_pb_row][\/et_pb_section][et_pb_section fb_built=\u00a0\u00bb1&Prime; admin_label=\u00a0\u00bbParc du Mont-Comi\u00a0\u00bb module_class=\u00a0\u00bbreserver_besoinDAide\u00a0\u00bb _builder_version=\u00a0\u00bb4.27.4&Prime; _module_preset=\u00a0\u00bbdefault\u00a0\u00bb custom_padding=\u00a0\u00bb0px||||false|false\u00a0\u00bb global_colors_info=\u00a0\u00bb{}\u00a0\u00bb][et_pb_row column_structure=\u00a0\u00bb1_2,1_2&Prime; _builder_version=\u00a0\u00bb4.27.4&Prime; _module_preset=\u00a0\u00bbdefault\u00a0\u00bb custom_padding=\u00a0\u00bb||||false|false\u00a0\u00bb global_colors_info=\u00a0\u00bb{}\u00a0\u00bb][et_pb_column type=\u00a0\u00bb1_2&Prime; _builder_version=\u00a0\u00bb4.27.4&Prime; _module_preset=\u00a0\u00bbdefault\u00a0\u00bb global_colors_info=\u00a0\u00bb{}\u00a0\u00bb][et_pb_image src=\u00a0\u00bbhttps:\/\/staging.logisduboisflotte.com\/wp-content\/uploads\/2025\/04\/Attrait_MontComi.jpg\u00a0\u00bb alt=\u00a0\u00bbParc du Mont-Comi\u00a0\u00bb title_text=\u00a0\u00bbParc du Mont-Comi\u00a0\u00bb _builder_version=\u00a0\u00bb4.27.4&Prime; _module_preset=\u00a0\u00bbdefault\u00a0\u00bb global_colors_info=\u00a0\u00bb{}\u00a0\u00bb][\/et_pb_image][\/et_pb_column][et_pb_column type=\u00a0\u00bb1_2&Prime; _builder_version=\u00a0\u00bb4.27.4&Prime; _module_preset=\u00a0\u00bbdefault\u00a0\u00bb global_colors_info=\u00a0\u00bb{}\u00a0\u00bb][et_pb_text admin_label=\u00a0\u00bbTitre et texte\u00a0\u00bb _builder_version=\u00a0\u00bb4.27.4&Prime; _module_preset=\u00a0\u00bbdefault\u00a0\u00bb text_text_color=\u00a0\u00bb#14202e\u00a0\u00bb global_colors_info=\u00a0\u00bb{}\u00a0\u00bb]<\/p>\n<h2 class=\"titre\"><span>Plein air<\/span> Parc du Mont-Comi<\/h2>\n<p>Les amoureux du plein air trouveront leur bonheur au Parc du Mont-Comi, situ\u00e9 pr\u00e8s de Rimouski. R\u00e9put\u00e9 pour sa station de ski en hiver, il propose \u00e9galement des sentiers de randonn\u00e9e, de v\u00e9lo de montagne et diverses activit\u00e9s en pleine nature durant l&rsquo;\u00e9t\u00e9. Avec ses panoramas impressionnants et son ambiance conviviale, le parc est un incontournable pour les passionn\u00e9s de sport et d&rsquo;aventure.<\/p>\n<div class=\"attraits_boutons\">\n<div class=\"bouton bouton_principal attraits_boutons_itineraire\">\n<a target=\"_blank\" style=\"display: inline-block; margin: 1rem 0;\" href=\"https:\/\/www.google.com\/maps\/place\/Parc+du+Mont-Comi\/@48.4675933,-68.1978452,17z\/data=!3m1!4b1!4m6!3m5!1s0x4c967b17ba49d6bd:0xd7d3be3d097c1d0!8m2!3d48.4675898!4d-68.1952649!16s%2Fm%2F02rt14x?authuser=0&#038;entry=ttu&#038;g_ep=EgoyMDI1MDQxNi4xIKXMDSoASAFQAw%3D%3D\">Obtenir l&rsquo;itin\u00e9raire<\/a>\n<\/div>\n<div class=\"bouton bouton_style2\">\n<a target=\"_blank\" href=\"https:\/\/mont-comi.ca\/\">Voir le site Web<\/a>\n<\/div>\n<\/div>\n<p>[\/et_pb_text][\/et_pb_column][\/et_pb_row][\/et_pb_section][et_pb_section fb_built=\u00a0\u00bb1&Prime; admin_label=\u00a0\u00bbMus\u00e9e r\u00e9gional de Rimouski\u00a0\u00bb module_class=\u00a0\u00bbreserver_besoinDAide\u00a0\u00bb _builder_version=\u00a0\u00bb4.27.4&Prime; _module_preset=\u00a0\u00bbdefault\u00a0\u00bb custom_padding=\u00a0\u00bb0px||||false|false\u00a0\u00bb global_colors_info=\u00a0\u00bb{}\u00a0\u00bb][et_pb_row column_structure=\u00a0\u00bb1_2,1_2&Prime; module_class=\u00a0\u00bbattraits_inverse\u00a0\u00bb _builder_version=\u00a0\u00bb4.27.4&Prime; _module_preset=\u00a0\u00bbdefault\u00a0\u00bb custom_padding=\u00a0\u00bb||||false|false\u00a0\u00bb global_colors_info=\u00a0\u00bb{}\u00a0\u00bb][et_pb_column type=\u00a0\u00bb1_2&Prime; _builder_version=\u00a0\u00bb4.27.4&Prime; _module_preset=\u00a0\u00bbdefault\u00a0\u00bb global_colors_info=\u00a0\u00bb{}\u00a0\u00bb][et_pb_text admin_label=\u00a0\u00bbTitre et texte\u00a0\u00bb _builder_version=\u00a0\u00bb4.27.4&Prime; _module_preset=\u00a0\u00bbdefault\u00a0\u00bb text_text_color=\u00a0\u00bb#14202e\u00a0\u00bb global_colors_info=\u00a0\u00bb{}\u00a0\u00bb]<\/p>\n<h2 class=\"titre\"><span>Culture et histoire<\/span> Mus\u00e9e r\u00e9gional de Rimouski<\/h2>\n<p>Le Mus\u00e9e r\u00e9gional de Rimouski est un centre culturel dynamique qui met en valeur l\u2019histoire, l\u2019art et le patrimoine du Bas-Saint-Laurent. Install\u00e9 dans un ancien couvent, il propose des expositions vari\u00e9es, allant de l\u2019art contemporain aux r\u00e9cits historiques marquants de la r\u00e9gion. Il joue \u00e9galement un r\u00f4le cl\u00e9 dans la pr\u00e9servation et la diffusion du patrimoine maritime et religieux. Un incontournable pour les passionn\u00e9s de culture et de d\u00e9couverte!<\/p>\n<div class=\"attraits_boutons\">\n<div class=\"bouton bouton_principal attraits_boutons_itineraire\">\n<a target=\"_blank\" style=\"display: inline-block; margin: 1rem 0;\" href=\"https:\/\/www.google.com\/maps\/place\/Mus%C3%A9e+r%C3%A9gional+de+Rimouski\/@48.4504429,-68.5317547,17z\/data=!3m1!4b1!4m6!3m5!1s0x4c95d996f256d77b:0x452260a4a5471d89!8m2!3d48.4504394!4d-68.5291744!16s%2Fg%2F122n5b7y?authuser=0&#038;entry=ttu&#038;g_ep=EgoyMDI1MDQxNi4xIKXMDSoASAFQAw%3D%3D\">Obtenir l&rsquo;itin\u00e9raire<\/a>\n<\/div>\n<div class=\"bouton bouton_style2\">\n<a target=\"_blank\" href=\"https:\/\/museerimouski.qc.ca\/\">Voir le site Web<\/a>\n<\/div>\n<\/div>\n<p>[\/et_pb_text][\/et_pb_column][et_pb_column type=\u00a0\u00bb1_2&Prime; _builder_version=\u00a0\u00bb4.27.4&Prime; _module_preset=\u00a0\u00bbdefault\u00a0\u00bb global_colors_info=\u00a0\u00bb{}\u00a0\u00bb][et_pb_image src=\u00a0\u00bbhttps:\/\/staging.logisduboisflotte.com\/wp-content\/uploads\/2025\/04\/Attrait_MuseeRimouski.jpg\u00a0\u00bb alt=\u00a0\u00bbMus\u00e9e r\u00e9gional de Rimouski\u00a0\u00bb title_text=\u00a0\u00bbMus\u00e9e r\u00e9gional de Rimouski\u00a0\u00bb _builder_version=\u00a0\u00bb4.27.4&Prime; _module_preset=\u00a0\u00bbdefault\u00a0\u00bb global_colors_info=\u00a0\u00bb{}\u00a0\u00bb][\/et_pb_image][\/et_pb_column][\/et_pb_row][\/et_pb_section][et_pb_section fb_built=\u00a0\u00bb1&Prime; admin_label=\u00a0\u00bbCircuits Rimouski\u00a0\u00bb module_class=\u00a0\u00bbreserver_besoinDAide\u00a0\u00bb _builder_version=\u00a0\u00bb4.27.4&Prime; _module_preset=\u00a0\u00bbdefault\u00a0\u00bb custom_padding=\u00a0\u00bb0px||||false|false\u00a0\u00bb global_colors_info=\u00a0\u00bb{}\u00a0\u00bb][et_pb_row column_structure=\u00a0\u00bb1_2,1_2&Prime; _builder_version=\u00a0\u00bb4.27.4&Prime; _module_preset=\u00a0\u00bbdefault\u00a0\u00bb custom_padding=\u00a0\u00bb||||false|false\u00a0\u00bb global_colors_info=\u00a0\u00bb{}\u00a0\u00bb][et_pb_column type=\u00a0\u00bb1_2&Prime; _builder_version=\u00a0\u00bb4.27.4&Prime; _module_preset=\u00a0\u00bbdefault\u00a0\u00bb global_colors_info=\u00a0\u00bb{}\u00a0\u00bb][et_pb_image src=\u00a0\u00bbhttps:\/\/staging.logisduboisflotte.com\/wp-content\/uploads\/2025\/04\/Attrait_CircuitsRimouski.jpg\u00a0\u00bb alt=\u00a0\u00bbCircuits Rimouski\u00a0\u00bb title_text=\u00a0\u00bbCircuits Rimouski\u00a0\u00bb _builder_version=\u00a0\u00bb4.27.4&Prime; _module_preset=\u00a0\u00bbdefault\u00a0\u00bb global_colors_info=\u00a0\u00bb{}\u00a0\u00bb][\/et_pb_image][\/et_pb_column][et_pb_column type=\u00a0\u00bb1_2&Prime; _builder_version=\u00a0\u00bb4.27.4&Prime; _module_preset=\u00a0\u00bbdefault\u00a0\u00bb global_colors_info=\u00a0\u00bb{}\u00a0\u00bb][et_pb_text admin_label=\u00a0\u00bbTitre et texte\u00a0\u00bb _builder_version=\u00a0\u00bb4.27.4&Prime; _module_preset=\u00a0\u00bbdefault\u00a0\u00bb text_text_color=\u00a0\u00bb#14202e\u00a0\u00bb global_colors_info=\u00a0\u00bb{}\u00a0\u00bb]<\/p>\n<h2 class=\"titre\"><span>Culture et histoire<\/span> Circuits Rimouski<\/h2>\n<p>D\u00e9couvrez l&rsquo;architecture, l&rsquo;histoire et le patrimoine b\u00e2ti de Rimouski. R\u00e9alis\u00e9s par la Soci\u00e9t\u00e9 rimouskoise du patrimoine, six circuits totalisant 46 panneaux th\u00e9matiques avec du contenu compl\u00e9mentaire disponible en ligne vous renseignent sur la transformation du paysage urbain. Durant la saison estivale, joignez-vous \u00e0 notre guide animateur, du mercredi au dimanche, pour des visites gratuites du centre-ville.<\/p>\n<div class=\"attraits_boutons\">\n<div class=\"bouton bouton_principal attraits_boutons_itineraire\">\n<a target=\"_blank\" style=\"display: inline-block; margin: 1rem 0;\" href=\"https:\/\/www.google.com\/maps\/place\/22+Rue+Ste+Marie,+Rimouski,+QC+G5L+4E1\/@48.4504069,-68.5309021,17z\/data=!3m1!4b1!4m6!3m5!1s0x4c95d996f934683b:0x34a62d7c8f6323a0!8m2!3d48.4504034!4d-68.5283218!16s%2Fg%2F11bw41mg66?authuser=0&#038;entry=ttu&#038;g_ep=EgoyMDI1MDQxNi4xIKXMDSoASAFQAw%3D%3D\">Obtenir l&rsquo;itin\u00e9raire<\/a>\n<\/div>\n<div class=\"bouton bouton_style2\">\n<a target=\"_blank\" href=\"https:\/\/circuitsrimouski.ca\/visite\/\">Voir le site Web<\/a>\n<\/div>\n<\/div>\n<p>[\/et_pb_text][\/et_pb_column][\/et_pb_row][\/et_pb_section][et_pb_section fb_built=\u00a0\u00bb1&Prime; admin_label=\u00a0\u00bbSite historique maritime de la Pointe-au-P\u00e8re\u00a0\u00bb module_class=\u00a0\u00bbreserver_besoinDAide\u00a0\u00bb _builder_version=\u00a0\u00bb4.27.4&Prime; _module_preset=\u00a0\u00bbdefault\u00a0\u00bb custom_padding=\u00a0\u00bb0px||||false|false\u00a0\u00bb global_colors_info=\u00a0\u00bb{}\u00a0\u00bb][et_pb_row column_structure=\u00a0\u00bb1_2,1_2&Prime; module_class=\u00a0\u00bbattraits_inverse\u00a0\u00bb _builder_version=\u00a0\u00bb4.27.4&Prime; _module_preset=\u00a0\u00bbdefault\u00a0\u00bb custom_padding=\u00a0\u00bb||||false|false\u00a0\u00bb global_colors_info=\u00a0\u00bb{}\u00a0\u00bb][et_pb_column type=\u00a0\u00bb1_2&Prime; _builder_version=\u00a0\u00bb4.27.4&Prime; _module_preset=\u00a0\u00bbdefault\u00a0\u00bb global_colors_info=\u00a0\u00bb{}\u00a0\u00bb][et_pb_text admin_label=\u00a0\u00bbTitre et texte\u00a0\u00bb _builder_version=\u00a0\u00bb4.27.4&Prime; _module_preset=\u00a0\u00bbdefault\u00a0\u00bb text_text_color=\u00a0\u00bb#14202e\u00a0\u00bb global_colors_info=\u00a0\u00bb{}\u00a0\u00bb]<\/p>\n<h2 class=\"titre\"><span>Culture et histoire<\/span> Site historique maritime de la Pointe-au-P\u00e8re<\/h2>\n<p>Le Site historique maritime de la Pointe-au-P\u00e8re, situ\u00e9 \u00e0 Rimouski, plonge les visiteurs dans l\u2019histoire maritime du Saint-Laurent. Il abrite le sous-marin Onondaga, un navire de la Marine canadienne \u00e0 explorer de l\u2019int\u00e9rieur, ainsi qu\u2019un mus\u00e9e d\u00e9di\u00e9 au tragique naufrage de l\u2019Empress of Ireland en 1914. On y trouve aussi l\u2019un des plus hauts phares du Canada, offrant une vue imprenable sur le fleuve. Un site fascinant pour les passionn\u00e9s d\u2019histoire et d\u2019aventure!<\/p>\n<div class=\"attraits_boutons\">\n<div class=\"bouton bouton_principal attraits_boutons_itineraire\">\n<a target=\"_blank\" style=\"display: inline-block; margin: 1rem 0;\" href=\"https:\/\/www.google.com\/maps\/place\/Site+historique+maritime+de+la+Pointe-au-P%C3%A8re\/@48.5171415,-68.4721281,17z\/data=!3m1!4b1!4m6!3m5!1s0x4c95d6e7777235b9:0xafb7d78887b99eb8!8m2!3d48.517138!4d-68.4695478!16s%2Fm%2F04g2q04?authuser=0&#038;entry=ttu&#038;g_ep=EgoyMDI1MDQxNi4xIKXMDSoASAFQAw%3D%3D\">Obtenir l&rsquo;itin\u00e9raire<\/a>\n<\/div>\n<div class=\"bouton bouton_style2\">\n<a target=\"_blank\" href=\"https:\/\/www.shmp.qc.ca\/\">Voir le site Web<\/a>\n<\/div>\n<\/div>\n<p>[\/et_pb_text][\/et_pb_column][et_pb_column type=\u00a0\u00bb1_2&Prime; _builder_version=\u00a0\u00bb4.27.4&Prime; _module_preset=\u00a0\u00bbdefault\u00a0\u00bb global_colors_info=\u00a0\u00bb{}\u00a0\u00bb][et_pb_image src=\u00a0\u00bbhttps:\/\/staging.logisduboisflotte.com\/wp-content\/uploads\/2025\/04\/Attrait_MuseeMaritime.jpg\u00a0\u00bb alt=\u00a0\u00bbSite historique maritime de la Pointe-au-P\u00e8re\u00a0\u00bb title_text=\u00a0\u00bbSite historique maritime de la Pointe-au-P\u00e8re\u00a0\u00bb _builder_version=\u00a0\u00bb4.27.4&Prime; _module_preset=\u00a0\u00bbdefault\u00a0\u00bb global_colors_info=\u00a0\u00bb{}\u00a0\u00bb][\/et_pb_image][\/et_pb_column][\/et_pb_row][\/et_pb_section][et_pb_section fb_built=\u00a0\u00bb1&Prime; admin_label=\u00a0\u00bbSite historique de la maison Lamontagne\u00a0\u00bb module_class=\u00a0\u00bbreserver_besoinDAide\u00a0\u00bb _builder_version=\u00a0\u00bb4.27.4&Prime; _module_preset=\u00a0\u00bbdefault\u00a0\u00bb custom_padding=\u00a0\u00bb0px||||false|false\u00a0\u00bb global_colors_info=\u00a0\u00bb{}\u00a0\u00bb][et_pb_row column_structure=\u00a0\u00bb1_2,1_2&Prime; _builder_version=\u00a0\u00bb4.27.4&Prime; _module_preset=\u00a0\u00bbdefault\u00a0\u00bb custom_padding=\u00a0\u00bb||||false|false\u00a0\u00bb global_colors_info=\u00a0\u00bb{}\u00a0\u00bb][et_pb_column type=\u00a0\u00bb1_2&Prime; _builder_version=\u00a0\u00bb4.27.4&Prime; _module_preset=\u00a0\u00bbdefault\u00a0\u00bb global_colors_info=\u00a0\u00bb{}\u00a0\u00bb][et_pb_image src=\u00a0\u00bbhttps:\/\/staging.logisduboisflotte.com\/wp-content\/uploads\/2025\/04\/Attrait_MaisonLamontagne.jpg\u00a0\u00bb alt=\u00a0\u00bbSite historique de la maison Lamontagne\u00a0\u00bb title_text=\u00a0\u00bbSite historique de la maison Lamontagne\u00a0\u00bb _builder_version=\u00a0\u00bb4.27.4&Prime; _module_preset=\u00a0\u00bbdefault\u00a0\u00bb global_colors_info=\u00a0\u00bb{}\u00a0\u00bb][\/et_pb_image][\/et_pb_column][et_pb_column type=\u00a0\u00bb1_2&Prime; _builder_version=\u00a0\u00bb4.27.4&Prime; _module_preset=\u00a0\u00bbdefault\u00a0\u00bb global_colors_info=\u00a0\u00bb{}\u00a0\u00bb][et_pb_text admin_label=\u00a0\u00bbTitre et texte\u00a0\u00bb _builder_version=\u00a0\u00bb4.27.4&Prime; _module_preset=\u00a0\u00bbdefault\u00a0\u00bb text_text_color=\u00a0\u00bb#14202e\u00a0\u00bb global_colors_info=\u00a0\u00bb{}\u00a0\u00bb]<\/p>\n<h2 class=\"titre\"><span>Culture et histoire<\/span> Site historique de la maison Lamontagne<\/h2>\n<p>Construite en 1744, la maison Lamontagne est la plus ancienne r\u00e9sidence en colombage pierrot\u00e9 ouverte au public dans l&rsquo;Est du Qu\u00e9bec. Presque tricentenaire, elle est construite pour Marie-Agn\u00e8s Lepage, petite-fille du premier seigneur r\u00e9sident de Rimouski. Expositions sur le mode de vie \u00e0 l&rsquo;\u00e9poque de la Nouvelle-France et boutique de produits r\u00e9gionaux. Sur le site, exposition sur l&rsquo;\u00e9volution de l&rsquo;architecture domestique au Qu\u00e9bec, fourn\u00e9es de pain et aires de pique-nique.<\/p>\n<div class=\"attraits_boutons\">\n<div class=\"bouton bouton_principal attraits_boutons_itineraire\">\n<a target=\"_blank\" style=\"display: inline-block; margin: 1rem 0;\" href=\"https:\/\/www.google.com\/maps\/place\/Site+historique+de+la+maison+Lamontagne\/@48.4841613,-68.4976794,17z\/data=!3m1!4b1!4m6!3m5!1s0x4c95d768038dc0d3:0xfea5c563ad471fb9!8m2!3d48.4841578!4d-68.4950991!16s%2Fg%2F12nvpgr17?authuser=0&#038;entry=ttu&#038;g_ep=EgoyMDI1MDQxNi4xIKXMDSoASAFQAw%3D%3D\">Obtenir l&rsquo;itin\u00e9raire<\/a>\n<\/div>\n<div class=\"bouton bouton_style2\">\n<a target=\"_blank\" href=\"https:\/\/maisonlamontagne.com\/\">Voir le site Web<\/a>\n<\/div>\n<\/div>\n<p>[\/et_pb_text][\/et_pb_column][\/et_pb_row][\/et_pb_section][et_pb_section fb_built=\u00a0\u00bb1&Prime; admin_label=\u00a0\u00bbLa Soci\u00e9t\u00e9 : Jeux d&rsquo;\u00e9vasion\u00a0\u00bb module_class=\u00a0\u00bbreserver_besoinDAide\u00a0\u00bb _builder_version=\u00a0\u00bb4.27.4&Prime; _module_preset=\u00a0\u00bbdefault\u00a0\u00bb custom_padding=\u00a0\u00bb0px||||false|false\u00a0\u00bb global_colors_info=\u00a0\u00bb{}\u00a0\u00bb][et_pb_row column_structure=\u00a0\u00bb1_2,1_2&Prime; module_class=\u00a0\u00bbattraits_inverse\u00a0\u00bb _builder_version=\u00a0\u00bb4.27.4&Prime; _module_preset=\u00a0\u00bbdefault\u00a0\u00bb custom_padding=\u00a0\u00bb||||false|false\u00a0\u00bb global_colors_info=\u00a0\u00bb{}\u00a0\u00bb][et_pb_column type=\u00a0\u00bb1_2&Prime; _builder_version=\u00a0\u00bb4.27.4&Prime; _module_preset=\u00a0\u00bbdefault\u00a0\u00bb global_colors_info=\u00a0\u00bb{}\u00a0\u00bb][et_pb_text admin_label=\u00a0\u00bbTitre et texte\u00a0\u00bb _builder_version=\u00a0\u00bb4.27.4&Prime; _module_preset=\u00a0\u00bbdefault\u00a0\u00bb text_text_color=\u00a0\u00bb#14202e\u00a0\u00bb global_colors_info=\u00a0\u00bb{}\u00a0\u00bb]<\/p>\n<h2 class=\"titre\"><span>Activit\u00e9s int\u00e9rieures<\/span> La Soci\u00e9t\u00e9 : Jeux d&rsquo;\u00e9vasion<\/h2>\n<p>La Soci\u00e9t\u00e9 : Jeux d&rsquo;\u00e9vasion est un centre de divertissement immersif offrant des exp\u00e9riences de jeux d\u2019\u00e9vasions. En \u00e9quipe, les participants doivent r\u00e9soudre des \u00e9nigmes, manipuler des objets et relever des d\u00e9fis pour s\u2019\u00e9chapper d\u2019une pi\u00e8ce th\u00e9matique en un temps limit\u00e9.<\/p>\n<div class=\"attraits_boutons\">\n<div class=\"bouton bouton_principal attraits_boutons_itineraire\">\n<a target=\"_blank\" style=\"display: inline-block; margin: 1rem 0;\" href=\"https:\/\/www.google.com\/maps\/place\/La+Soci%C3%A9t%C3%A9+:+Jeux+d'%C3%A9vasion\/@48.4513847,-68.5296825,17z\/data=!3m1!4b1!4m6!3m5!1s0x4c95d99661f7a76f:0x6016bf88319be70b!8m2!3d48.4513812!4d-68.5271022!16s%2Fg%2F11d_8gvqt9?authuser=0&#038;entry=ttu&#038;g_ep=EgoyMDI1MDQxNi4xIKXMDSoASAFQAw%3D%3D\">Obtenir l&rsquo;itin\u00e9raire<\/a>\n<\/div>\n<div class=\"bouton bouton_style2\">\n<a target=\"_blank\" href=\"https:\/\/lasociete.site\/\">Voir le site Web<\/a>\n<\/div>\n<\/div>\n<p>[\/et_pb_text][\/et_pb_column][et_pb_column type=\u00a0\u00bb1_2&Prime; _builder_version=\u00a0\u00bb4.27.4&Prime; _module_preset=\u00a0\u00bbdefault\u00a0\u00bb global_colors_info=\u00a0\u00bb{}\u00a0\u00bb][et_pb_image src=\u00a0\u00bbhttps:\/\/staging.logisduboisflotte.com\/wp-content\/uploads\/2025\/04\/Attrait_JeuxEvasion.jpg\u00a0\u00bb alt=\u00a0\u00bbLa Soci\u00e9t\u00e9 : Jeux d&rsquo;\u00e9vasion\u00a0\u00bb title_text=\u00a0\u00bbLa Soci\u00e9t\u00e9 : Jeux d&rsquo;\u00e9vasion\u00a0\u00bb _builder_version=\u00a0\u00bb4.27.4&Prime; _module_preset=\u00a0\u00bbdefault\u00a0\u00bb global_colors_info=\u00a0\u00bb{}\u00a0\u00bb][\/et_pb_image][\/et_pb_column][\/et_pb_row][\/et_pb_section][et_pb_section fb_built=\u00a0\u00bb1&Prime; admin_label=\u00a0\u00bbCoop\u00e9rative Riki Bloc &#8211; Escalade int\u00e9rieure\u00a0\u00bb module_class=\u00a0\u00bbreserver_besoinDAide\u00a0\u00bb _builder_version=\u00a0\u00bb4.27.4&Prime; _module_preset=\u00a0\u00bbdefault\u00a0\u00bb custom_padding=\u00a0\u00bb0px||||false|false\u00a0\u00bb global_colors_info=\u00a0\u00bb{}\u00a0\u00bb][et_pb_row column_structure=\u00a0\u00bb1_2,1_2&Prime; _builder_version=\u00a0\u00bb4.27.4&Prime; _module_preset=\u00a0\u00bbdefault\u00a0\u00bb custom_padding=\u00a0\u00bb||||false|false\u00a0\u00bb global_colors_info=\u00a0\u00bb{}\u00a0\u00bb][et_pb_column type=\u00a0\u00bb1_2&Prime; _builder_version=\u00a0\u00bb4.27.4&Prime; _module_preset=\u00a0\u00bbdefault\u00a0\u00bb global_colors_info=\u00a0\u00bb{}\u00a0\u00bb][et_pb_image src=\u00a0\u00bbhttps:\/\/staging.logisduboisflotte.com\/wp-content\/uploads\/2025\/04\/Attrait_RikiBloc-scaled.jpg\u00a0\u00bb alt=\u00a0\u00bbCoop\u00e9rative Riki Bloc &#8211; Escalade int\u00e9rieure\u00a0\u00bb title_text=\u00a0\u00bbCoop\u00e9rative Riki Bloc &#8211; Escalade int\u00e9rieure\u00a0\u00bb _builder_version=\u00a0\u00bb4.27.4&Prime; _module_preset=\u00a0\u00bbdefault\u00a0\u00bb global_colors_info=\u00a0\u00bb{}\u00a0\u00bb][\/et_pb_image][\/et_pb_column][et_pb_column type=\u00a0\u00bb1_2&Prime; _builder_version=\u00a0\u00bb4.27.4&Prime; _module_preset=\u00a0\u00bbdefault\u00a0\u00bb global_colors_info=\u00a0\u00bb{}\u00a0\u00bb][et_pb_text admin_label=\u00a0\u00bbTitre et texte\u00a0\u00bb _builder_version=\u00a0\u00bb4.27.4&Prime; _module_preset=\u00a0\u00bbdefault\u00a0\u00bb text_text_color=\u00a0\u00bb#14202e\u00a0\u00bb global_colors_info=\u00a0\u00bb{}\u00a0\u00bb]<\/p>\n<h2 class=\"titre\"><span>Activit\u00e9s int\u00e9rieures<\/span> Coop\u00e9rative Riki Bloc &#8211; Escalade int\u00e9rieure<\/h2>\n<p>La Coop\u00e9rative Riki Bloc est un centre d&rsquo;escalade int\u00e9rieure situ\u00e9 \u00e0 Rimouski, offrant une exp\u00e9rience conviviale et accessible aux grimpeurs de tous niveaux. Avec ses murs vari\u00e9s et ses parcours renouvel\u00e9s r\u00e9guli\u00e8rement, Riki Bloc est un lieu id\u00e9al pour les passionn\u00e9s d&rsquo;escalade, qu&rsquo;ils soient d\u00e9butants ou exp\u00e9riment\u00e9s. En tant que coop\u00e9rative, elle favorise \u00e9galement l&rsquo;engagement communautaire et le d\u00e9veloppement d&rsquo;une culture d&rsquo;entraide et de d\u00e9passement de soi.<\/p>\n<div class=\"attraits_boutons\">\n<div class=\"bouton bouton_principal attraits_boutons_itineraire\">\n<a target=\"_blank\" style=\"display: inline-block; margin: 1rem 0;\" href=\"https:\/\/www.google.com\/maps\/place\/Riki+Bloc+Coop%C3%A9rative+d'escalade\/@48.4754391,-68.5136791,17z\/data=!4m15!1m8!3m7!1s0x4c95d75f57f8ef25:0xcd20fa4a099ceef4!2s547+Rue+St+Germain,+Rimouski,+QC+G5L+1G2!3b1!8m2!3d48.4754356!4d-68.5110988!16s%2Fg%2F11f54tjv02!3m5!1s0x4c95d9be88ddb5b5:0x932cb8c6f683c817!8m2!3d48.4754541!4d-68.5111304!16s%2Fg%2F11cnbwlw48?authuser=0&#038;entry=ttu&#038;g_ep=EgoyMDI1MDQxNi4xIKXMDSoASAFQAw%3D%3D\">Obtenir l&rsquo;itin\u00e9raire<\/a>\n<\/div>\n<div class=\"bouton bouton_style2\">\n<a target=\"_blank\" href=\"https:\/\/rikibloc.com\/au-centre\/\">Voir le site Web<\/a>\n<\/div>\n<\/div>\n<p>[\/et_pb_text][\/et_pb_column][\/et_pb_row][\/et_pb_section][et_pb_section fb_built=\u00a0\u00bb1&Prime; admin_label=\u00a0\u00bbL\u2019\u00eele des Moussaillons &#8211; Centre d\u2019amusement\u00a0\u00bb module_class=\u00a0\u00bbreserver_besoinDAide\u00a0\u00bb _builder_version=\u00a0\u00bb4.27.4&Prime; _module_preset=\u00a0\u00bbdefault\u00a0\u00bb custom_padding=\u00a0\u00bb0px||||false|false\u00a0\u00bb global_colors_info=\u00a0\u00bb{}\u00a0\u00bb][et_pb_row column_structure=\u00a0\u00bb1_2,1_2&Prime; module_class=\u00a0\u00bbattraits_inverse\u00a0\u00bb _builder_version=\u00a0\u00bb4.27.4&Prime; _module_preset=\u00a0\u00bbdefault\u00a0\u00bb custom_padding=\u00a0\u00bb||||false|false\u00a0\u00bb global_colors_info=\u00a0\u00bb{}\u00a0\u00bb][et_pb_column type=\u00a0\u00bb1_2&Prime; _builder_version=\u00a0\u00bb4.27.4&Prime; _module_preset=\u00a0\u00bbdefault\u00a0\u00bb global_colors_info=\u00a0\u00bb{}\u00a0\u00bb][et_pb_text admin_label=\u00a0\u00bbTitre et texte\u00a0\u00bb _builder_version=\u00a0\u00bb4.27.4&Prime; _module_preset=\u00a0\u00bbdefault\u00a0\u00bb text_text_color=\u00a0\u00bb#14202e\u00a0\u00bb global_colors_info=\u00a0\u00bb{}\u00a0\u00bb]<\/p>\n<h2 class=\"titre\"><span>Activit\u00e9s int\u00e9rieures<\/span> L\u2019\u00eele des Moussaillons &#8211; Centre d\u2019amusement<\/h2>\n<p>L\u2019\u00eele des Moussaillons est un centre d\u2019amusement con\u00e7u pour divertir les enfants dans un environnement color\u00e9 et s\u00e9curitaire. Avec ses structures de jeux, ses modules d&rsquo;escalade et ses zones interactives, le centre offre des heures de plaisir aux tout-petits comme aux plus grands.<\/p>\n<div class=\"attraits_boutons\">\n<div class=\"bouton bouton_principal attraits_boutons_itineraire\">\n<a target=\"_blank\" style=\"display: inline-block; margin: 1rem 0;\" href=\"https:\/\/www.google.com\/maps\/place\/Centre+d'amusement+l'%C3%AEle+des+Moussaillons\/@48.4553385,-68.5040176,17z\/data=!4m15!1m8!3m7!1s0x4c95d9c8f7ad1a91:0x5202df71b410b120!2s387+2e+Rue+E,+Rimouski,+QC+G5L+2G4!3b1!8m2!3d48.455335!4d-68.5014373!16s%2Fg%2F11q2nmb33t!3m5!1s0x4c95d9a1a493b16d:0x8a94a02fcfe4ce71!8m2!3d48.455335!4d-68.5014373!16s%2Fg%2F11hdk5vsrc?authuser=0&#038;entry=ttu&#038;g_ep=EgoyMDI1MDQxNi4xIKXMDSoASAFQAw%3D%3D\">Obtenir l&rsquo;itin\u00e9raire<\/a>\n<\/div>\n<div class=\"bouton bouton_style2\">\n<a target=\"_blank\" href=\"https:\/\/www.iledesmoussaillons.com\/\">Voir le site Web<\/a>\n<\/div>\n<\/div>\n<p>[\/et_pb_text][\/et_pb_column][et_pb_column type=\u00a0\u00bb1_2&Prime; _builder_version=\u00a0\u00bb4.27.4&Prime; _module_preset=\u00a0\u00bbdefault\u00a0\u00bb global_colors_info=\u00a0\u00bb{}\u00a0\u00bb][et_pb_image src=\u00a0\u00bbhttps:\/\/staging.logisduboisflotte.com\/wp-content\/uploads\/2025\/04\/Attrait_IleMousaillons.jpg\u00a0\u00bb alt=\u00a0\u00bbL\u2019\u00eele des Moussaillons &#8211; Centre d\u2019amusement\u00a0\u00bb title_text=\u00a0\u00bbL\u2019\u00eele des Moussaillons &#8211; Centre d\u2019amusement\u00a0\u00bb _builder_version=\u00a0\u00bb4.27.4&Prime; _module_preset=\u00a0\u00bbdefault\u00a0\u00bb global_colors_info=\u00a0\u00bb{}\u00a0\u00bb][\/et_pb_image][\/et_pb_column][\/et_pb_row][\/et_pb_section]<\/p>\n","protected":false},"excerpt":{"rendered":"<p>Quoi faire \u00e0 proximit\u00e9 Que vous soyez amateur de plein air ou f\u00e9ru d\u2019histoire, il y a tant \u00e0 faire \u00e0 proximit\u00e9. R\u00e9servez votre chalet Carte des attraits\u00c0 proximit\u00e9 Que vous soyez amateur de plein air ou f\u00e9ru d\u2019histoire, il y a tant \u00e0 faire \u00e0 proximit\u00e9. R\u00e9servez votre chalet Carte des attraitsPlein air Les [&hellip;]<\/p>\n","protected":false},"author":1,"featured_media":2074,"parent":0,"menu_order":0,"comment_status":"closed","ping_status":"closed","template":"","meta":{"_et_pb_use_builder":"on","_et_pb_old_content":"","_et_gb_content_width":"","footnotes":""},"class_list":["post-453","page","type-page","status-publish","has-post-thumbnail","hentry"],"yoast_head":"<!-- This site is optimized with the Yoast SEO plugin v27.2 - https:\/\/yoast.com\/product\/yoast-seo-wordpress\/ -->\n<title>Quoi faire \u00e0 proximit\u00e9 du Logis du Bois Flott\u00e9<\/title>\n<meta name=\"description\" content=\"D\u00e9couvrez toutes les activit\u00e9s \u00e0 faire dans la r\u00e9gion lors de votre s\u00e9jour au Logis du Bois Flott\u00e9, id\u00e9alement situ\u00e9 \u00e0 5 min. de Rimouski.\" \/>\n<meta name=\"robots\" content=\"index, follow, max-snippet:-1, max-image-preview:large, max-video-preview:-1\" \/>\n<link rel=\"canonical\" href=\"https:\/\/logisduboisflotte.com\/en\/logis_du_bois_flotte_quoi_faire\/\" \/>\n<meta property=\"og:locale\" content=\"en_US\" \/>\n<meta property=\"og:type\" content=\"article\" \/>\n<meta property=\"og:title\" content=\"Quoi faire \u00e0 proximit\u00e9 du Logis du Bois Flott\u00e9\" \/>\n<meta property=\"og:description\" content=\"D\u00e9couvrez toutes les activit\u00e9s \u00e0 faire dans la r\u00e9gion lors de votre s\u00e9jour au Logis du Bois Flott\u00e9, id\u00e9alement situ\u00e9 \u00e0 5 min. de Rimouski.\" \/>\n<meta property=\"og:url\" content=\"https:\/\/logisduboisflotte.com\/en\/logis_du_bois_flotte_quoi_faire\/\" \/>\n<meta property=\"og:site_name\" content=\"Logis du Bois Flott\u00e9\" \/>\n<meta property=\"article:modified_time\" content=\"2026-03-17T20:18:01+00:00\" \/>\n<meta property=\"og:image\" content=\"https:\/\/logisduboisflotte.com\/wp-content\/uploads\/2025\/05\/LBF_OpenGraph_Activites_1200x630.jpg\" \/>\n\t<meta property=\"og:image:width\" content=\"1200\" \/>\n\t<meta property=\"og:image:height\" content=\"630\" \/>\n\t<meta property=\"og:image:type\" content=\"image\/jpeg\" \/>\n<meta name=\"twitter:card\" content=\"summary_large_image\" \/>\n<meta name=\"twitter:label1\" content=\"Est. reading time\" \/>\n\t<meta name=\"twitter:data1\" content=\"11 minutes\" \/>\n<script type=\"application\/ld+json\" class=\"yoast-schema-graph\">{\"@context\":\"https:\/\/schema.org\",\"@graph\":[{\"@type\":\"WebPage\",\"@id\":\"https:\/\/logisduboisflotte.com\/logis_du_bois_flotte_quoi_faire\/\",\"url\":\"https:\/\/logisduboisflotte.com\/logis_du_bois_flotte_quoi_faire\/\",\"name\":\"Quoi faire \u00e0 proximit\u00e9 du Logis du Bois Flott\u00e9\",\"isPartOf\":{\"@id\":\"https:\/\/logisduboisflotte.com\/en\/#website\"},\"primaryImageOfPage\":{\"@id\":\"https:\/\/logisduboisflotte.com\/logis_du_bois_flotte_quoi_faire\/#primaryimage\"},\"image\":{\"@id\":\"https:\/\/logisduboisflotte.com\/logis_du_bois_flotte_quoi_faire\/#primaryimage\"},\"thumbnailUrl\":\"https:\/\/logisduboisflotte.com\/wp-content\/uploads\/2025\/05\/LBF_OpenGraph_Activites_1200x630.jpg\",\"datePublished\":\"2023-08-09T23:47:38+00:00\",\"dateModified\":\"2026-03-17T20:18:01+00:00\",\"description\":\"D\u00e9couvrez toutes les activit\u00e9s \u00e0 faire dans la r\u00e9gion lors de votre s\u00e9jour au Logis du Bois Flott\u00e9, id\u00e9alement situ\u00e9 \u00e0 5 min. de Rimouski.\",\"breadcrumb\":{\"@id\":\"https:\/\/logisduboisflotte.com\/logis_du_bois_flotte_quoi_faire\/#breadcrumb\"},\"inLanguage\":\"en-CA\",\"potentialAction\":[{\"@type\":\"ReadAction\",\"target\":[\"https:\/\/logisduboisflotte.com\/logis_du_bois_flotte_quoi_faire\/\"]}]},{\"@type\":\"ImageObject\",\"inLanguage\":\"en-CA\",\"@id\":\"https:\/\/logisduboisflotte.com\/logis_du_bois_flotte_quoi_faire\/#primaryimage\",\"url\":\"https:\/\/logisduboisflotte.com\/wp-content\/uploads\/2025\/05\/LBF_OpenGraph_Activites_1200x630.jpg\",\"contentUrl\":\"https:\/\/logisduboisflotte.com\/wp-content\/uploads\/2025\/05\/LBF_OpenGraph_Activites_1200x630.jpg\",\"width\":1200,\"height\":630},{\"@type\":\"BreadcrumbList\",\"@id\":\"https:\/\/logisduboisflotte.com\/logis_du_bois_flotte_quoi_faire\/#breadcrumb\",\"itemListElement\":[{\"@type\":\"ListItem\",\"position\":1,\"name\":\"Accueil\",\"item\":\"https:\/\/logisduboisflotte.com\/\"},{\"@type\":\"ListItem\",\"position\":2,\"name\":\"Quoi faire \u00e0 proximit\u00e9\"}]},{\"@type\":\"WebSite\",\"@id\":\"https:\/\/logisduboisflotte.com\/en\/#website\",\"url\":\"https:\/\/logisduboisflotte.com\/en\/\",\"name\":\"Logis du Bois Flott\u00e9\",\"description\":\"\",\"potentialAction\":[{\"@type\":\"SearchAction\",\"target\":{\"@type\":\"EntryPoint\",\"urlTemplate\":\"https:\/\/logisduboisflotte.com\/en\/?s={search_term_string}\"},\"query-input\":{\"@type\":\"PropertyValueSpecification\",\"valueRequired\":true,\"valueName\":\"search_term_string\"}}],\"inLanguage\":\"en-CA\"}]}<\/script>\n<!-- \/ Yoast SEO plugin. -->","yoast_head_json":{"title":"Quoi faire \u00e0 proximit\u00e9 du Logis du Bois Flott\u00e9","description":"D\u00e9couvrez toutes les activit\u00e9s \u00e0 faire dans la r\u00e9gion lors de votre s\u00e9jour au Logis du Bois Flott\u00e9, id\u00e9alement situ\u00e9 \u00e0 5 min. de Rimouski.","robots":{"index":"index","follow":"follow","max-snippet":"max-snippet:-1","max-image-preview":"max-image-preview:large","max-video-preview":"max-video-preview:-1"},"canonical":"https:\/\/logisduboisflotte.com\/en\/logis_du_bois_flotte_quoi_faire\/","og_locale":"en_US","og_type":"article","og_title":"Quoi faire \u00e0 proximit\u00e9 du Logis du Bois Flott\u00e9","og_description":"D\u00e9couvrez toutes les activit\u00e9s \u00e0 faire dans la r\u00e9gion lors de votre s\u00e9jour au Logis du Bois Flott\u00e9, id\u00e9alement situ\u00e9 \u00e0 5 min. de Rimouski.","og_url":"https:\/\/logisduboisflotte.com\/en\/logis_du_bois_flotte_quoi_faire\/","og_site_name":"Logis du Bois Flott\u00e9","article_modified_time":"2026-03-17T20:18:01+00:00","og_image":[{"width":1200,"height":630,"url":"https:\/\/logisduboisflotte.com\/wp-content\/uploads\/2025\/05\/LBF_OpenGraph_Activites_1200x630.jpg","type":"image\/jpeg"}],"twitter_card":"summary_large_image","twitter_misc":{"Est. reading time":"11 minutes"},"schema":{"@context":"https:\/\/schema.org","@graph":[{"@type":"WebPage","@id":"https:\/\/logisduboisflotte.com\/logis_du_bois_flotte_quoi_faire\/","url":"https:\/\/logisduboisflotte.com\/logis_du_bois_flotte_quoi_faire\/","name":"Quoi faire \u00e0 proximit\u00e9 du Logis du Bois Flott\u00e9","isPartOf":{"@id":"https:\/\/logisduboisflotte.com\/en\/#website"},"primaryImageOfPage":{"@id":"https:\/\/logisduboisflotte.com\/logis_du_bois_flotte_quoi_faire\/#primaryimage"},"image":{"@id":"https:\/\/logisduboisflotte.com\/logis_du_bois_flotte_quoi_faire\/#primaryimage"},"thumbnailUrl":"https:\/\/logisduboisflotte.com\/wp-content\/uploads\/2025\/05\/LBF_OpenGraph_Activites_1200x630.jpg","datePublished":"2023-08-09T23:47:38+00:00","dateModified":"2026-03-17T20:18:01+00:00","description":"D\u00e9couvrez toutes les activit\u00e9s \u00e0 faire dans la r\u00e9gion lors de votre s\u00e9jour au Logis du Bois Flott\u00e9, id\u00e9alement situ\u00e9 \u00e0 5 min. de Rimouski.","breadcrumb":{"@id":"https:\/\/logisduboisflotte.com\/logis_du_bois_flotte_quoi_faire\/#breadcrumb"},"inLanguage":"en-CA","potentialAction":[{"@type":"ReadAction","target":["https:\/\/logisduboisflotte.com\/logis_du_bois_flotte_quoi_faire\/"]}]},{"@type":"ImageObject","inLanguage":"en-CA","@id":"https:\/\/logisduboisflotte.com\/logis_du_bois_flotte_quoi_faire\/#primaryimage","url":"https:\/\/logisduboisflotte.com\/wp-content\/uploads\/2025\/05\/LBF_OpenGraph_Activites_1200x630.jpg","contentUrl":"https:\/\/logisduboisflotte.com\/wp-content\/uploads\/2025\/05\/LBF_OpenGraph_Activites_1200x630.jpg","width":1200,"height":630},{"@type":"BreadcrumbList","@id":"https:\/\/logisduboisflotte.com\/logis_du_bois_flotte_quoi_faire\/#breadcrumb","itemListElement":[{"@type":"ListItem","position":1,"name":"Accueil","item":"https:\/\/logisduboisflotte.com\/"},{"@type":"ListItem","position":2,"name":"Quoi faire \u00e0 proximit\u00e9"}]},{"@type":"WebSite","@id":"https:\/\/logisduboisflotte.com\/en\/#website","url":"https:\/\/logisduboisflotte.com\/en\/","name":"Logis du Bois Flott\u00e9","description":"","potentialAction":[{"@type":"SearchAction","target":{"@type":"EntryPoint","urlTemplate":"https:\/\/logisduboisflotte.com\/en\/?s={search_term_string}"},"query-input":{"@type":"PropertyValueSpecification","valueRequired":true,"valueName":"search_term_string"}}],"inLanguage":"en-CA"}]}},"_links":{"self":[{"href":"https:\/\/logisduboisflotte.com\/en\/wp-json\/wp\/v2\/pages\/453","targetHints":{"allow":["GET"]}}],"collection":[{"href":"https:\/\/logisduboisflotte.com\/en\/wp-json\/wp\/v2\/pages"}],"about":[{"href":"https:\/\/logisduboisflotte.com\/en\/wp-json\/wp\/v2\/types\/page"}],"author":[{"embeddable":true,"href":"https:\/\/logisduboisflotte.com\/en\/wp-json\/wp\/v2\/users\/1"}],"replies":[{"embeddable":true,"href":"https:\/\/logisduboisflotte.com\/en\/wp-json\/wp\/v2\/comments?post=453"}],"version-history":[{"count":1,"href":"https:\/\/logisduboisflotte.com\/en\/wp-json\/wp\/v2\/pages\/453\/revisions"}],"predecessor-version":[{"id":2287,"href":"https:\/\/logisduboisflotte.com\/en\/wp-json\/wp\/v2\/pages\/453\/revisions\/2287"}],"wp:featuredmedia":[{"embeddable":true,"href":"https:\/\/logisduboisflotte.com\/en\/wp-json\/wp\/v2\/media\/2074"}],"wp:attachment":[{"href":"https:\/\/logisduboisflotte.com\/en\/wp-json\/wp\/v2\/media?parent=453"}],"curies":[{"name":"wp","href":"https:\/\/api.w.org\/{rel}","templated":true}]}}