{"id":441,"date":"2023-08-09T17:23:17","date_gmt":"2023-08-09T17:23:17","guid":{"rendered":"https:\/\/www.logisduboisflotte.com\/?page_id=441"},"modified":"2026-03-17T16:07:59","modified_gmt":"2026-03-17T20:07:59","slug":"chalet_le_clapotis_de_la_maree","status":"publish","type":"page","link":"https:\/\/logisduboisflotte.com\/en\/chalet_le_clapotis_de_la_maree\/","title":{"rendered":"Chalet Le Clapotis de la mar\u00e9e"},"content":{"rendered":"<p>[et_pb_section fb_built=\u00a0\u00bb1&Prime; admin_label=\u00a0\u00bbEn-t\u00eate\u00a0\u00bb _builder_version=\u00a0\u00bb4.27.4&Prime; _module_preset=\u00a0\u00bbdefault\u00a0\u00bb background_image=\u00a0\u00bbhttps:\/\/logisduboisflotte.com\/wp-content\/uploads\/2025\/04\/Header_Chalet1_BG_4817x3190-scaled.jpg\u00a0\u00bb custom_margin=\u00a0\u00bb||-6rem||false|false\u00a0\u00bb custom_padding=\u00a0\u00bb||0px||false|false\u00a0\u00bb hover_enabled=\u00a0\u00bb0&Prime; global_colors_info=\u00a0\u00bb{}\u00a0\u00bb title_text=\u00a0\u00bbHeader_Chalet1_BG_4817x3190&Prime; sticky_enabled=\u00a0\u00bb0&Prime;][et_pb_row column_structure=\u00a0\u00bb1_2,1_2&Prime; _builder_version=\u00a0\u00bb4.27.4&Prime; _module_preset=\u00a0\u00bbdefault\u00a0\u00bb custom_padding=\u00a0\u00bb||0px||false|false\u00a0\u00bb global_colors_info=\u00a0\u00bb{}\u00a0\u00bb][et_pb_column type=\u00a0\u00bb1_2&Prime; _builder_version=\u00a0\u00bb4.27.4&Prime; _module_preset=\u00a0\u00bbdefault\u00a0\u00bb global_colors_info=\u00a0\u00bb{}\u00a0\u00bb][et_pb_text _builder_version=\u00a0\u00bb4.27.4&Prime; _module_preset=\u00a0\u00bbdefault\u00a0\u00bb text_text_color=\u00a0\u00bb#FFFFFF\u00a0\u00bb global_colors_info=\u00a0\u00bb{}\u00a0\u00bb]<\/p>\n<p class=\"chalet_intro_sousTitre\">Chalet n\u00b01<\/p>\n<h1>Le clapotis de la mar\u00e9e<\/h1>\n<p class=\"chalet_intro_texte\"><strong>Peut accueillir jusqu&rsquo;\u00e0 6 personnes<\/strong><\/p>\n<p class=\"chalet_intro_texte\"><strong>\u00c0 partir de 200 $ \/ nuit<\/strong><\/p>\n<div class=\"bouton bouton_principal bouton_style1 accueil_intro_bouton\">\n<a style=\"display: inline-block; margin: 1rem 0;\" href=\"\/reserver_au_logis_du_bois_flotte?chalet=420#calendrier\">R\u00e9servez le chalet<\/a>\n<\/div>\n<div class=\"bouton bouton_style1 accueil_intro_bouton\">\n<a style=\"display: inline-block; margin: 1rem 0;\" href=\"#tarifs\">Consultez nos tarifs<\/a>\n<\/div>\n<p>[\/et_pb_text][\/et_pb_column][et_pb_column type=\u00a0\u00bb1_2&Prime; _builder_version=\u00a0\u00bb4.27.4&Prime; _module_preset=\u00a0\u00bbdefault\u00a0\u00bb global_colors_info=\u00a0\u00bb{}\u00a0\u00bb][et_pb_image src=\u00a0\u00bbhttps:\/\/staging.logisduboisflotte.com\/wp-content\/uploads\/2025\/04\/Header_Chalet1_1620x2430.jpg\u00a0\u00bb alt=\u00a0\u00bbSalon \u00e0 la d\u00e9coration moderne avec un sofa gris confortable du chalet Le Clapotis de la mar\u00e9e au Logis du Bois Flott\u00e9\u00a0\u00bb title_text=\u00a0\u00bbSalon \u00e0 la d\u00e9coration moderne avec un sofa gris confortable du chalet Le Clapotis de la mar\u00e9e au Logis du Bois Flott\u00e9\u00a0\u00bb disabled_on=\u00a0\u00bbon|on|off\u00a0\u00bb admin_label=\u00a0\u00bbImage Desktop\u00a0\u00bb _builder_version=\u00a0\u00bb4.27.4&Prime; _module_preset=\u00a0\u00bbdefault\u00a0\u00bb global_colors_info=\u00a0\u00bb{}\u00a0\u00bb][\/et_pb_image][et_pb_image src=\u00a0\u00bbhttps:\/\/staging.logisduboisflotte.com\/wp-content\/uploads\/2025\/04\/Header_M_Chalet1_1620x1620.jpg\u00a0\u00bb alt=\u00a0\u00bbSalon \u00e0 la d\u00e9coration moderne avec un sofa gris confortable du chalet Le Clapotis de la mar\u00e9e au Logis du Bois Flott\u00e9\u00a0\u00bb title_text=\u00a0\u00bbSalon \u00e0 la d\u00e9coration moderne avec un sofa gris confortable du chalet Le Clapotis de la mar\u00e9e au Logis du Bois Flott\u00e9\u00a0\u00bb disabled_on=\u00a0\u00bboff|off|on\u00a0\u00bb admin_label=\u00a0\u00bbImage Mobile\u00a0\u00bb _builder_version=\u00a0\u00bb4.27.4&Prime; _module_preset=\u00a0\u00bbdefault\u00a0\u00bb global_colors_info=\u00a0\u00bb{}\u00a0\u00bb][\/et_pb_image][\/et_pb_column][\/et_pb_row][\/et_pb_section][et_pb_section fb_built=\u00a0\u00bb1&Prime; admin_label=\u00a0\u00bbEn bref\u00a0\u00bb _builder_version=\u00a0\u00bb4.27.4&Prime; _module_preset=\u00a0\u00bbdefault\u00a0\u00bb custom_margin=\u00a0\u00bb-6rem||||false|false\u00a0\u00bb custom_padding=\u00a0\u00bb||||false|false\u00a0\u00bb global_colors_info=\u00a0\u00bb{}\u00a0\u00bb][et_pb_row custom_padding_last_edited=\u00a0\u00bbon|desktop\u00a0\u00bb _builder_version=\u00a0\u00bb4.27.4&Prime; _module_preset=\u00a0\u00bbdefault\u00a0\u00bb custom_padding_tablet=\u00a0\u00bb6rem||||false|false\u00a0\u00bb custom_padding_phone=\u00a0\u00bb6rem||||false|false\u00a0\u00bb global_colors_info=\u00a0\u00bb{}\u00a0\u00bb][et_pb_column type=\u00a0\u00bb4_4&Prime; _builder_version=\u00a0\u00bb4.27.4&Prime; _module_preset=\u00a0\u00bbdefault\u00a0\u00bb global_colors_info=\u00a0\u00bb{}\u00a0\u00bb][et_pb_text admin_label=\u00a0\u00bbTitre et texte\u00a0\u00bb _builder_version=\u00a0\u00bb4.27.4&Prime; _module_preset=\u00a0\u00bbdefault\u00a0\u00bb text_text_color=\u00a0\u00bb#14202e\u00a0\u00bb global_colors_info=\u00a0\u00bb{}\u00a0\u00bb]<\/p>\n<h2 class=\"titre\"><span>En bref<\/span> Votre s\u00e9jour au chalet<\/h2>\n<p>Bienvenue au chalet Le Clapotis de la mar\u00e9e. Pouvant accueillir jusqu&rsquo;\u00e0 6 personnes, ce chalet comprend une cuisine toute \u00e9quip\u00e9e avec tous les \u00e9lectrom\u00e9nagers n\u00e9cessaires, un salon avec un sofa tr\u00e8s confortable, une salle \u00e0 manger et une salle d\u2019eau. Le tout au rez-de-chauss\u00e9e. En sous-sol, vous trouverez deux chambres, l\u2019une avec un grand lit et une deuxi\u00e8me avec un grand lit et deux lits superpos\u00e9s. La salle de bain avec douche et l\u2019espace de lavage sont \u00e9galement en sous-sol.<\/p>\n<p>Le chalet dispose de deux stationnements privatifs et une borne de recharge est \u00e0 votre disposition (en commun avec les 4 chalets). \u00c0 l\u2019ext\u00e9rieur, profitez d\u2019un patio avec table de pique-nique, d\u2019un BBQ ainsi que d\u2019un foyer avec deux chaises Adirondacks. Besoin de vous ressourcer ? Vous \u00eates \u00e0 la bonne place. R\u00e9servez votre s\u00e9jour d\u00e8s maintenant !<\/p>\n<p>[\/et_pb_text][\/et_pb_column][\/et_pb_row][et_pb_row admin_label=\u00a0\u00bbLigne\u00a0\u00bb _builder_version=\u00a0\u00bb4.27.4&Prime; _module_preset=\u00a0\u00bbdefault\u00a0\u00bb global_colors_info=\u00a0\u00bb{}\u00a0\u00bb][et_pb_column type=\u00a0\u00bb4_4&Prime; _builder_version=\u00a0\u00bb4.27.4&Prime; _module_preset=\u00a0\u00bbdefault\u00a0\u00bb global_colors_info=\u00a0\u00bb{}\u00a0\u00bb][et_pb_text admin_label=\u00a0\u00bbCalendrier des disponibilit\u00e9s\u00a0\u00bb _builder_version=\u00a0\u00bb4.27.4&Prime; _module_preset=\u00a0\u00bbdefault\u00a0\u00bb text_orientation=\u00a0\u00bbcenter\u00a0\u00bb global_colors_info=\u00a0\u00bb{}\u00a0\u00bb]<\/p>\n<div class=\"bouton bouton_principal bouton_style2\">\n<a href=\"\/reserver_au_logis_du_bois_flotte?chalet=420#calendrier\">Calendrier des disponibilit\u00e9s<\/a>\n<\/div>\n<p>[\/et_pb_text][\/et_pb_column][\/et_pb_row][\/et_pb_section][et_pb_section fb_built=\u00a0\u00bb1&Prime; disabled_on=\u00a0\u00bbon|on|on\u00a0\u00bb admin_label=\u00a0\u00bbGalerie photos\u00a0\u00bb module_class=\u00a0\u00bbaccueil_galeriePhotos\u00a0\u00bb _builder_version=\u00a0\u00bb4.27.4&Prime; _module_preset=\u00a0\u00bbdefault\u00a0\u00bb custom_padding=\u00a0\u00bb0px||0px||false|false\u00a0\u00bb disabled=\u00a0\u00bbon\u00a0\u00bb global_colors_info=\u00a0\u00bb{}\u00a0\u00bb][et_pb_row _builder_version=\u00a0\u00bb4.27.4&Prime; _module_preset=\u00a0\u00bbdefault\u00a0\u00bb custom_padding=\u00a0\u00bb0px||||false|false\u00a0\u00bb global_colors_info=\u00a0\u00bb{}\u00a0\u00bb][et_pb_column type=\u00a0\u00bb4_4&Prime; _builder_version=\u00a0\u00bb4.27.4&Prime; _module_preset=\u00a0\u00bbdefault\u00a0\u00bb global_colors_info=\u00a0\u00bb{}\u00a0\u00bb][et_pb_text admin_label=\u00a0\u00bbTitre\u00a0\u00bb _builder_version=\u00a0\u00bb4.27.4&Prime; _module_preset=\u00a0\u00bbdefault\u00a0\u00bb text_text_color=\u00a0\u00bb#14202e\u00a0\u00bb global_colors_info=\u00a0\u00bb{}\u00a0\u00bb]<\/p>\n<h2 class=\"titre\"><span>Galerie-Photos<\/span> Une image vaut mille mots<\/h2>\n<p>[\/et_pb_text][dica_divi_carousel show_items_desktop=\u00a0\u00bb3&Prime; show_items_tablet=\u00a0\u00bb2&Prime; arrow_nav=\u00a0\u00bbon\u00a0\u00bb dot_nav=\u00a0\u00bbon\u00a0\u00bb dot_alignment=\u00a0\u00bbleft\u00a0\u00bb item_spacing=\u00a0\u00bb0&Prime; equal_height=\u00a0\u00bbon\u00a0\u00bb advanced_effect=\u00a0\u00bb1&Prime; arrow_nav_color=\u00a0\u00bb#14202e\u00a0\u00bb dots_color=\u00a0\u00bb#d9d9d9&Prime; dots_active_color=\u00a0\u00bb#14202e\u00a0\u00bb overlay_color_field_bgcolor=\u00a0\u00bbrgba(255,255,255,0.85)\u00a0\u00bb arrow_position=\u00a0\u00bbbottom\u00a0\u00bb arrow_alignment=\u00a0\u00bbflex-end\u00a0\u00bb admin_label=\u00a0\u00bbCarrousel de photos\u00a0\u00bb _builder_version=\u00a0\u00bb4.27.4&Prime; _module_preset=\u00a0\u00bbdefault\u00a0\u00bb global_colors_info=\u00a0\u00bb{}\u00a0\u00bb][dica_divi_carouselitem button_url_new_window=\u00a0\u00bb1&Prime; image=\u00a0\u00bbhttps:\/\/staging.logisduboisflotte.com\/wp-content\/uploads\/2025\/04\/GalerieChalet1_Img1_2880x1620-scaled.jpg\u00a0\u00bb image_alt=\u00a0\u00bbCuisine moderne avec \u00e9lectrom\u00e9nagers en stainless communiquant avec le salon du chalet Le Clapotis de la mar\u00e9e au Logis du Bois Flott\u00e9\u00a0\u00bb image_lightbox=\u00a0\u00bbon\u00a0\u00bb _builder_version=\u00a0\u00bb4.27.4&Prime; _module_preset=\u00a0\u00bbdefault\u00a0\u00bb global_colors_info=\u00a0\u00bb{}\u00a0\u00bb][\/dica_divi_carouselitem][dica_divi_carouselitem button_url_new_window=\u00a0\u00bb1&Prime; image=\u00a0\u00bbhttps:\/\/staging.logisduboisflotte.com\/wp-content\/uploads\/2025\/04\/GalerieChalet1_Img2_2880x1620-scaled.jpg\u00a0\u00bb image_alt=\u00a0\u00bbEntr\u00e9e du chalet Le Clapotis de la mar\u00e9e au Logis du Bois Flott\u00e9 donnant sur le salon\u00a0\u00bb image_lightbox=\u00a0\u00bbon\u00a0\u00bb _builder_version=\u00a0\u00bb4.27.4&Prime; _module_preset=\u00a0\u00bbdefault\u00a0\u00bb global_colors_info=\u00a0\u00bb{}\u00a0\u00bb][\/dica_divi_carouselitem][dica_divi_carouselitem button_url_new_window=\u00a0\u00bb1&Prime; image=\u00a0\u00bbhttps:\/\/staging.logisduboisflotte.com\/wp-content\/uploads\/2025\/04\/GalerieChalet1_Img3_2880x1620-scaled.jpg\u00a0\u00bb image_alt=\u00a0\u00bbCuisine moderne et lumineuse, toute \u00e9quip\u00e9e avec des \u00e9lectrom\u00e9nagers en stainless du chalet Le Clapotis de la mar\u00e9e au Logis du Bois Flott\u00e9\u00a0\u00bb image_lightbox=\u00a0\u00bbon\u00a0\u00bb _builder_version=\u00a0\u00bb4.27.4&Prime; _module_preset=\u00a0\u00bbdefault\u00a0\u00bb global_colors_info=\u00a0\u00bb{}\u00a0\u00bb][\/dica_divi_carouselitem][dica_divi_carouselitem button_url_new_window=\u00a0\u00bb1&Prime; image=\u00a0\u00bbhttps:\/\/staging.logisduboisflotte.com\/wp-content\/uploads\/2025\/04\/GalerieChalet1_Img4_2880x1620-scaled.jpg\u00a0\u00bb image_alt=\u00a0\u00bbVue sur le fleuve depuis la cuisine et la salle \u00e0 manger du chalet Le Clapotis de la mar\u00e9e au Logis du Bois Flott\u00e9\u00a0\u00bb image_lightbox=\u00a0\u00bbon\u00a0\u00bb _builder_version=\u00a0\u00bb4.27.4&Prime; _module_preset=\u00a0\u00bbdefault\u00a0\u00bb global_colors_info=\u00a0\u00bb{}\u00a0\u00bb][\/dica_divi_carouselitem][dica_divi_carouselitem button_url_new_window=\u00a0\u00bb1&Prime; image=\u00a0\u00bbhttps:\/\/staging.logisduboisflotte.com\/wp-content\/uploads\/2025\/04\/GalerieChalet1_Img5_2880x1620-scaled.jpg\u00a0\u00bb image_alt=\u00a0\u00bbSalle \u00e0 manger avec table et chaises color\u00e9es en bois, \u00e0 aire ouverte sur la cuisine du chalet Le Clapotis de la mar\u00e9e au Logis du Bois Flott\u00e9\u00a0\u00bb image_lightbox=\u00a0\u00bbon\u00a0\u00bb _builder_version=\u00a0\u00bb4.27.4&Prime; _module_preset=\u00a0\u00bbdefault\u00a0\u00bb global_colors_info=\u00a0\u00bb{}\u00a0\u00bb][\/dica_divi_carouselitem][dica_divi_carouselitem button_url_new_window=\u00a0\u00bb1&Prime; image=\u00a0\u00bbhttps:\/\/staging.logisduboisflotte.com\/wp-content\/uploads\/2025\/04\/GalerieChalet1_Img6_2880x1620-scaled.jpg\u00a0\u00bb image_alt=\u00a0\u00bbChambre principale avec lit Queen et espace de rangement du chalet Le Clapotis de la mar\u00e9e au Logis du Bois Flott\u00e9\u00a0\u00bb image_lightbox=\u00a0\u00bbon\u00a0\u00bb _builder_version=\u00a0\u00bb4.27.4&Prime; _module_preset=\u00a0\u00bbdefault\u00a0\u00bb global_colors_info=\u00a0\u00bb{}\u00a0\u00bb][\/dica_divi_carouselitem][dica_divi_carouselitem button_url_new_window=\u00a0\u00bb1&Prime; image=\u00a0\u00bbhttps:\/\/staging.logisduboisflotte.com\/wp-content\/uploads\/2025\/04\/GalerieChalet1_Img7_2880x1620-scaled.jpg\u00a0\u00bb image_alt=\u00a0\u00bbChambre 2 avec lit Queen et deux lits simples superpos\u00e9s du chalet Le Clapotis de la mar\u00e9e au Logis du Bois Flott\u00e9\u00a0\u00bb image_lightbox=\u00a0\u00bbon\u00a0\u00bb _builder_version=\u00a0\u00bb4.27.4&Prime; _module_preset=\u00a0\u00bbdefault\u00a0\u00bb global_colors_info=\u00a0\u00bb{}\u00a0\u00bb][\/dica_divi_carouselitem][dica_divi_carouselitem button_url_new_window=\u00a0\u00bb1&Prime; image=\u00a0\u00bbhttps:\/\/staging.logisduboisflotte.com\/wp-content\/uploads\/2025\/04\/GalerieChalet1_Img8_2880x1620-scaled.jpg\u00a0\u00bb image_alt=\u00a0\u00bbChambre 2 &#8211; Lits simples superpos\u00e9s avec espace de rangement du chalet Le Clapotis de la mar\u00e9e au Logis du Bois Flott\u00e9\u00a0\u00bb image_lightbox=\u00a0\u00bbon\u00a0\u00bb _builder_version=\u00a0\u00bb4.27.4&Prime; _module_preset=\u00a0\u00bbdefault\u00a0\u00bb global_colors_info=\u00a0\u00bb{}\u00a0\u00bb][\/dica_divi_carouselitem][dica_divi_carouselitem button_url_new_window=\u00a0\u00bb1&Prime; image=\u00a0\u00bbhttps:\/\/staging.logisduboisflotte.com\/wp-content\/uploads\/2025\/04\/GalerieChalet1_Img9_2880x1620-scaled.jpg\u00a0\u00bb image_alt=\u00a0\u00bbLavabo avec miroir rond et plan de travail en bois de la salle de bain du chalet Le Clapotis de la mar\u00e9e au Logis du Bois Flott\u00e9\u00a0\u00bb image_lightbox=\u00a0\u00bbon\u00a0\u00bb _builder_version=\u00a0\u00bb4.27.4&Prime; _module_preset=\u00a0\u00bbdefault\u00a0\u00bb global_colors_info=\u00a0\u00bb{}\u00a0\u00bb][\/dica_divi_carouselitem][dica_divi_carouselitem button_url_new_window=\u00a0\u00bb1&Prime; image=\u00a0\u00bbhttps:\/\/staging.logisduboisflotte.com\/wp-content\/uploads\/2025\/04\/GalerieChalet1_Img10_2880x1620-scaled.jpg\u00a0\u00bb image_alt=\u00a0\u00bbVue de l\u2019ext\u00e9rieur des quatre chalets du Logis du Bois Flott\u00e9\u00a0\u00bb image_lightbox=\u00a0\u00bbon\u00a0\u00bb _builder_version=\u00a0\u00bb4.27.4&Prime; _module_preset=\u00a0\u00bbdefault\u00a0\u00bb global_colors_info=\u00a0\u00bb{}\u00a0\u00bb][\/dica_divi_carouselitem][dica_divi_carouselitem button_url_new_window=\u00a0\u00bb1&Prime; image=\u00a0\u00bbhttps:\/\/staging.logisduboisflotte.com\/wp-content\/uploads\/2025\/04\/GalerieChalet1_Img11_2880x1620-scaled.jpg\u00a0\u00bb image_alt=\u00a0\u00bbFoyer ext\u00e9rieur et chaises Adirondack au bord du fleuve, devant les quatre chalets du Logis du Bois Flott\u00e9\u00a0\u00bb image_lightbox=\u00a0\u00bbon\u00a0\u00bb _builder_version=\u00a0\u00bb4.27.4&Prime; _module_preset=\u00a0\u00bbdefault\u00a0\u00bb global_colors_info=\u00a0\u00bb{}\u00a0\u00bb][\/dica_divi_carouselitem][dica_divi_carouselitem button_url_new_window=\u00a0\u00bb1&Prime; image=\u00a0\u00bbhttps:\/\/staging.logisduboisflotte.com\/wp-content\/uploads\/2025\/04\/GalerieChalet1_Img12_2880x1620-scaled.jpg\u00a0\u00bb image_alt=\u00a0\u00bbVue sur la gr\u00e8ve et le fleuve depuis les quatre chalets du Logis du Bois Flott\u00e9\u00a0\u00bb image_lightbox=\u00a0\u00bbon\u00a0\u00bb _builder_version=\u00a0\u00bb4.27.4&Prime; _module_preset=\u00a0\u00bbdefault\u00a0\u00bb global_colors_info=\u00a0\u00bb{}\u00a0\u00bb][\/dica_divi_carouselitem][\/dica_divi_carousel][et_pb_text admin_label=\u00a0\u00bbPlanifiez vos vacances maintenant\u00a0\u00bb _builder_version=\u00a0\u00bb4.27.4&Prime; _module_preset=\u00a0\u00bbdefault\u00a0\u00bb text_orientation=\u00a0\u00bbcenter\u00a0\u00bb custom_margin=\u00a0\u00bb3rem||||false|false\u00a0\u00bb global_colors_info=\u00a0\u00bb{}\u00a0\u00bb]<\/p>\n<div class=\"bouton bouton_principal bouton_style2\">\n<a href=\"\/reserver_au_logis_du_bois_flotte?chalet=420#calendrier\">Planifiez vos vacances maintenant<\/a>\n<\/div>\n<p>[\/et_pb_text][\/et_pb_column][\/et_pb_row][\/et_pb_section][et_pb_section fb_built=\u00a0\u00bb1&Prime; admin_label=\u00a0\u00bbGalerie photos\u00a0\u00bb module_class=\u00a0\u00bbaccueil_galeriePhotos\u00a0\u00bb _builder_version=\u00a0\u00bb4.27.4&Prime; _module_preset=\u00a0\u00bbdefault\u00a0\u00bb custom_padding=\u00a0\u00bb0px||0px||false|false\u00a0\u00bb global_colors_info=\u00a0\u00bb{}\u00a0\u00bb][et_pb_row _builder_version=\u00a0\u00bb4.27.4&Prime; _module_preset=\u00a0\u00bbdefault\u00a0\u00bb custom_padding=\u00a0\u00bb0px||||false|false\u00a0\u00bb global_colors_info=\u00a0\u00bb{}\u00a0\u00bb][et_pb_column type=\u00a0\u00bb4_4&Prime; _builder_version=\u00a0\u00bb4.27.4&Prime; _module_preset=\u00a0\u00bbdefault\u00a0\u00bb global_colors_info=\u00a0\u00bb{}\u00a0\u00bb][et_pb_text admin_label=\u00a0\u00bbTitre\u00a0\u00bb _builder_version=\u00a0\u00bb4.27.4&Prime; _module_preset=\u00a0\u00bbdefault\u00a0\u00bb text_text_color=\u00a0\u00bb#14202e\u00a0\u00bb global_colors_info=\u00a0\u00bb{}\u00a0\u00bb]<\/p>\n<h2 class=\"titre\"><span>Galerie-Photos<\/span> Une image vaut mille mots<\/h2>\n<p>[\/et_pb_text][et_pb_gallery gallery_ids=\u00a0\u00bb1261,1262,1263,1264,1265,1266,1267,1268,1269,1270,1271,1272&Prime; posts_number=\u00a0\u00bb3&Prime; orientation=\u00a0\u00bbportrait\u00a0\u00bb show_title_and_caption=\u00a0\u00bboff\u00a0\u00bb _builder_version=\u00a0\u00bb4.27.4&Prime; _module_preset=\u00a0\u00bbdefault\u00a0\u00bb global_colors_info=\u00a0\u00bb{}\u00a0\u00bb][\/et_pb_gallery][et_pb_text admin_label=\u00a0\u00bbPlanifiez vos vacances maintenant\u00a0\u00bb _builder_version=\u00a0\u00bb4.27.4&Prime; _module_preset=\u00a0\u00bbdefault\u00a0\u00bb text_orientation=\u00a0\u00bbcenter\u00a0\u00bb custom_margin=\u00a0\u00bb3rem||||false|false\u00a0\u00bb global_colors_info=\u00a0\u00bb{}\u00a0\u00bb]<\/p>\n<div class=\"bouton bouton_principal bouton_style2\">\n<a href=\"\/reserver_au_logis_du_bois_flotte?chalet=420#calendrier\">Planifiez vos vacances maintenant<\/a>\n<\/div>\n<p>[\/et_pb_text][\/et_pb_column][\/et_pb_row][\/et_pb_section][et_pb_section fb_built=\u00a0\u00bb1&Prime; admin_label=\u00a0\u00bbCo\u00fbt de location\u00a0\u00bb module_id=\u00a0\u00bbtarifs\u00a0\u00bb module_class=\u00a0\u00bbchalet_coutDeLocation\u00a0\u00bb _builder_version=\u00a0\u00bb4.27.4&Prime; _module_preset=\u00a0\u00bbdefault\u00a0\u00bb global_colors_info=\u00a0\u00bb{}\u00a0\u00bb][et_pb_row _builder_version=\u00a0\u00bb4.27.4&Prime; _module_preset=\u00a0\u00bbdefault\u00a0\u00bb custom_padding=\u00a0\u00bb||0px||false|false\u00a0\u00bb global_colors_info=\u00a0\u00bb{}\u00a0\u00bb][et_pb_column type=\u00a0\u00bb4_4&Prime; _builder_version=\u00a0\u00bb4.27.4&Prime; _module_preset=\u00a0\u00bbdefault\u00a0\u00bb global_colors_info=\u00a0\u00bb{}\u00a0\u00bb][et_pb_text admin_label=\u00a0\u00bbTitre et texte\u00a0\u00bb _builder_version=\u00a0\u00bb4.27.4&Prime; _module_preset=\u00a0\u00bbdefault\u00a0\u00bb text_text_color=\u00a0\u00bb#14202e\u00a0\u00bb global_colors_info=\u00a0\u00bb{}\u00a0\u00bb]<\/p>\n<h2 class=\"titre\"><span>Co\u00fbt de location<\/span> R\u00e9server ce chalet<\/h2>\n<p>Nos tarifs varient en fonction de la saison et un nombre de nuit\u00e9es minimum peut \u00eatre requis. Si vous souhaitez louer en basse saison, nous vous invitons \u00e0 <a href=\"\/location_temporaire_a_l_annee\/\">consulter cette page<\/a> pour tous les d\u00e9tails.<\/p>\n<div class=\"rabais\">\n<p><strong>Rabais 10%<\/strong><\/p>\n<p>Si vous r\u00e9servez pour 7 nuits ou plus, obtenez 10 % de rabais sur le prix \u00e0 la nuit\u00e9e. Offre valable toute l&rsquo;ann\u00e9e.<\/p>\n<\/div>\n<p class=\"chalet_coutDeLocation_titre\">Chalet Le Clapotis de la mar\u00e9e &#8211; Tarifs 2025-2026<\/p>\n<p>[\/et_pb_text][\/et_pb_column][\/et_pb_row][et_pb_row column_structure=\u00a0\u00bb3_5,2_5&Prime; _builder_version=\u00a0\u00bb4.27.4&Prime; _module_preset=\u00a0\u00bbdefault\u00a0\u00bb custom_padding=\u00a0\u00bb||0px||false|false\u00a0\u00bb global_colors_info=\u00a0\u00bb{}\u00a0\u00bb][et_pb_column type=\u00a0\u00bb3_5&Prime; _builder_version=\u00a0\u00bb4.27.4&Prime; _module_preset=\u00a0\u00bbdefault\u00a0\u00bb global_colors_info=\u00a0\u00bb{}\u00a0\u00bb][et_pb_text admin_label=\u00a0\u00bbSaisons\u00a0\u00bb _builder_version=\u00a0\u00bb4.27.4&Prime; _module_preset=\u00a0\u00bbdefault\u00a0\u00bb global_colors_info=\u00a0\u00bb{}\u00a0\u00bb]<\/p>\n<div class=\"chalet_coutDeLocation_liste\">\n<div>\n<h3>Hiver &#038; Printemps<\/h3>\n<p>Du 6 janvier au 17 avril 2025 et du 21 avril au 21 mai 2025<\/p>\n<ul>\n<li>200 $ par nuit\u00e9e (en semaine)<\/li>\n<li>250 $ par nuit\u00e9e (en fin de semaine)<\/li>\n<\/ul>\n<\/div>\n<div>\n<h3>P\u00e2ques<\/h3>\n<p>Du 18 au 20 avril 2025<\/p>\n<ul>\n<li>275 $ par nuit\u00e9e<\/li>\n<li>2 nuit\u00e9es minimum<\/li>\n<\/ul>\n<\/div>\n<div>\n<h3>Coupe Memorial<\/h3>\n<p>Du 22 mai au 31 mai 2025<\/p>\n<ul>\n<li>325 $ par nuit\u00e9e<\/li>\n<li>3 nuit\u00e9es minimum<\/li>\n<\/ul>\n<\/div>\n<div>\n<h3>Juin<\/h3>\n<p>Du 1<sup>er<\/sup> juin au 26 juin 2025<\/p>\n<ul>\n<li>250 $ par nuit\u00e9e (en semaine)<\/li>\n<li>275 $ par nuit\u00e9e (en fin de semaine)<\/li>\n<\/ul>\n<\/div>\n<div>\n<h3>\u00c9t\u00e9<\/h3>\n<p>Du 27 juin au 14 septembre 2025<\/p>\n<ul>\n<li>325 $ par nuit\u00e9e<\/li>\n<li>3 nuit\u00e9es minimum<\/li>\n<li>2 nuit\u00e9es minimum \u00e0 partir du 31 ao\u00fbt<\/li>\n<\/ul>\n<\/div>\n<div>\n<h3>Automne<\/h3>\n<p>Du 15 septembre au 18 d\u00e9cembre 2025<\/p>\n<ul>\n<li>200 $ par nuit\u00e9e (en semaine)<\/li>\n<li>250 $ par nuit\u00e9e (en fin de semaine)<\/li>\n<\/ul>\n<\/div>\n<div>\n<h3>P\u00e9riode des f\u00eates<\/h3>\n<p>Du 19 d\u00e9cembre 2025 au 4 janvier 2026<\/p>\n<ul>\n<li>275 $ par nuit\u00e9e<\/li>\n<li>3 nuit\u00e9es minimum<\/li>\n<\/ul>\n<\/div>\n<\/div>\n<p>[\/et_pb_text][\/et_pb_column][et_pb_column type=\u00a0\u00bb2_5&Prime; _builder_version=\u00a0\u00bb4.27.4&Prime; _module_preset=\u00a0\u00bbdefault\u00a0\u00bb global_colors_info=\u00a0\u00bb{}\u00a0\u00bb][et_pb_image src=\u00a0\u00bbhttps:\/\/staging.logisduboisflotte.com\/wp-content\/uploads\/2025\/04\/Tarifs_Couple_1620x2430.jpg\u00a0\u00bb alt=\u00a0\u00bbCouple heureux tenant une tasse de caf\u00e9 en train de regarder un \u00e9cran d\u2019ordinateur portable\u00a0\u00bb title_text=\u00a0\u00bbCouple heureux tenant une tasse de caf\u00e9 en train de regarder un \u00e9cran d\u2019ordinateur portable\u00a0\u00bb _builder_version=\u00a0\u00bb4.27.4&Prime; _module_preset=\u00a0\u00bbdefault\u00a0\u00bb global_colors_info=\u00a0\u00bb{}\u00a0\u00bb][\/et_pb_image][\/et_pb_column][\/et_pb_row][et_pb_row custom_padding_last_edited=\u00a0\u00bbon|desktop\u00a0\u00bb admin_label=\u00a0\u00bbLigne\u00a0\u00bb _builder_version=\u00a0\u00bb4.27.4&Prime; _module_preset=\u00a0\u00bbdefault\u00a0\u00bb custom_padding=\u00a0\u00bb||||false|false\u00a0\u00bb custom_padding_tablet=\u00a0\u00bb0px||||false|false\u00a0\u00bb custom_padding_phone=\u00a0\u00bb0px||||false|false\u00a0\u00bb global_colors_info=\u00a0\u00bb{}\u00a0\u00bb][et_pb_column type=\u00a0\u00bb4_4&Prime; _builder_version=\u00a0\u00bb4.27.4&Prime; _module_preset=\u00a0\u00bbdefault\u00a0\u00bb global_colors_info=\u00a0\u00bb{}\u00a0\u00bb][et_pb_text admin_label=\u00a0\u00bbVoir les disponibilit\u00e9s\u00a0\u00bb _builder_version=\u00a0\u00bb4.27.4&Prime; _module_preset=\u00a0\u00bbdefault\u00a0\u00bb global_colors_info=\u00a0\u00bb{}\u00a0\u00bb]<\/p>\n<div class=\"bouton bouton_principal bouton_style2\">\n<a href=\"\/reserver_au_logis_du_bois_flotte?chalet=420#calendrier\">Voir les disponibilit\u00e9s<\/a>\n<\/div>\n<p>[\/et_pb_text][\/et_pb_column][\/et_pb_row][\/et_pb_section][et_pb_section fb_built=\u00a0\u00bb1&Prime; admin_label=\u00a0\u00bbConfort\u00a0\u00bb module_class=\u00a0\u00bbchalet_confort\u00a0\u00bb _builder_version=\u00a0\u00bb4.27.4&Prime; _module_preset=\u00a0\u00bbdefault\u00a0\u00bb background_color=\u00a0\u00bb#edf2f6&Prime; global_colors_info=\u00a0\u00bb{}\u00a0\u00bb][et_pb_row _builder_version=\u00a0\u00bb4.27.4&Prime; _module_preset=\u00a0\u00bbdefault\u00a0\u00bb custom_padding=\u00a0\u00bb||0px||false|false\u00a0\u00bb global_colors_info=\u00a0\u00bb{}\u00a0\u00bb][et_pb_column type=\u00a0\u00bb4_4&Prime; _builder_version=\u00a0\u00bb4.27.4&Prime; _module_preset=\u00a0\u00bbdefault\u00a0\u00bb global_colors_info=\u00a0\u00bb{}\u00a0\u00bb][et_pb_text admin_label=\u00a0\u00bbTitre et texte\u00a0\u00bb _builder_version=\u00a0\u00bb4.27.4&Prime; _module_preset=\u00a0\u00bbdefault\u00a0\u00bb text_text_color=\u00a0\u00bb#14202e\u00a0\u00bb global_colors_info=\u00a0\u00bb{}\u00a0\u00bb]<\/p>\n<h2 class=\"titre\"><span>Confort<\/span> Enti\u00e8rement \u00e9quip\u00e9 pour votre confort<\/h2>\n<p>\u00c9lectrom\u00e9nagers en stainless, cuisine toute \u00e9quip\u00e9e, patio avec BBQ, foyer ext\u00e9rieur, borne de recharge et bien plus! Tous nos chalets sont enti\u00e8rement \u00e9quip\u00e9s pour que vous vous sentiez comme \u00e0 la maison. Notre plus? Le bruit des vagues pour vous bercer.<\/p>\n<p>[\/et_pb_text][\/et_pb_column][\/et_pb_row][et_pb_row column_structure=\u00a0\u00bb1_2,1_2&Prime; _builder_version=\u00a0\u00bb4.27.4&Prime; _module_preset=\u00a0\u00bbdefault\u00a0\u00bb global_colors_info=\u00a0\u00bb{}\u00a0\u00bb][et_pb_column type=\u00a0\u00bb1_2&Prime; _builder_version=\u00a0\u00bb4.27.4&Prime; _module_preset=\u00a0\u00bbdefault\u00a0\u00bb global_colors_info=\u00a0\u00bb{}\u00a0\u00bb][et_pb_text _builder_version=\u00a0\u00bb4.27.4&Prime; _module_preset=\u00a0\u00bbdefault\u00a0\u00bb global_colors_info=\u00a0\u00bb{}\u00a0\u00bb]<\/p>\n<div class=\"chalet_confort_categorie chalet_confort_categorie_cuisine\">\n<h3>Cuisine<\/h3>\n<ul>\n<li>Frigo avec cong\u00e9lateur<\/li>\n<li>Four \u00e9lectrique<\/li>\n<li>Lave-vaisselle<\/li>\n<li>Four micro-onde<\/li>\n<li>Cuisine toute \u00e9quip\u00e9e : chaudrons, po\u00eales, wok, vaisselle\/ustensiles\/coupes \u00e0 vin, saladiers, plats \u00e0 four, tasse \u00e0 mesurer, ustensiles pour brochettes, crabe, homard et hu\u00eetres<\/li>\n<li>Petits \u00e9lectrom\u00e9nagers : M\u00e9langeur, grill \u00e0 panini, grille-pain, bouilloire, cafeti\u00e8re Keurig, cafeti\u00e8re avec filtre \u00e0 caf\u00e9 r\u00e9utilisable, plat \u00e0 fondue et appareil \u00e0 raclette<\/li>\n<li>Sel, poivre, huile d\u2019olive, huile canola, \u00e9pices \u00e0 steak, \u00e0 l\u00e9gumes et au poulet, papier essuie-tout, papier aluminium, papier cellophane et savon \u00e0 main<\/li>\n<\/ul>\n<\/div>\n<div class=\"chalet_confort_categorie chalet_confort_categorie_salon\">\n<h3>Salon \/ Salle \u00e0 manger<\/h3>\n<ul>\n<li>Table de cuisine avec 6 chaises<\/li>\n<li>TV 55 po avec c\u00e2ble<\/li>\n<li>Sofa et table de salon<\/li>\n<\/ul>\n<\/div>\n<div class=\"chalet_confort_categorie chalet_confort_categorie_chambres\">\n<h3>Chambres<\/h3>\n<ul>\n<li>Chambre n\u00b01 avec 1 lit Queen<\/li>\n<li>Chambre n\u00b02 avec 1 lit Queen et 2 lits simples superpos\u00e9s<\/li>\n<li>Literie fournie<\/li>\n<li>1 r\u00e9veil-matin par chambre avec prises USB<\/li>\n<\/ul>\n<\/div>\n<div class=\"chalet_confort_categorie chalet_confort_categorie_salleDeBain\">\n<h3>Salle de bain<\/h3>\n<ul>\n<li>Douche<\/li>\n<li>Serviettes et bonnet de douche en tissu<\/li>\n<li>Savon \u00e0 main, shampoing, revitalisant et gel douche, papier toilette et mouchoirs<\/li>\n<\/ul>\n<\/div>\n<p>[\/et_pb_text][\/et_pb_column][et_pb_column type=\u00a0\u00bb1_2&Prime; _builder_version=\u00a0\u00bb4.27.4&Prime; _module_preset=\u00a0\u00bbdefault\u00a0\u00bb global_colors_info=\u00a0\u00bb{}\u00a0\u00bb][et_pb_text _builder_version=\u00a0\u00bb4.27.4&Prime; _module_preset=\u00a0\u00bbdefault\u00a0\u00bb global_colors_info=\u00a0\u00bb{}\u00a0\u00bb]<\/p>\n<div class=\"chalet_confort_categorie chalet_confort_categorie_lavage\">\n<h3>Espace de lavage<\/h3>\n<ul>\n<li>Laveuse<\/li>\n<li>S\u00e9cheuse<\/li>\n<li>D\u00e9tergent &#038; assouplisseur<\/li>\n<\/ul>\n<\/div>\n<div class=\"chalet_confort_categorie chalet_confort_categorie_exterieur\">\n<h3>Ext\u00e9rieur<\/h3>\n<ul>\n<li>BBQ* avec ustensiles<\/li>\n<li>Patio avec table de pique-nique* pour 6 personnes<\/li>\n<li>Un foyer ext\u00e9rieur* avec 2 chaises Adirondack<\/li>\n<li>4 chaises de camping suppl\u00e9mentaires sous le patio<\/li>\n<\/ul>\n<p>* Le BBQ, le foyer ext\u00e9rieur et table de pique-nique ne sont pas disponibles de mi-octobre \u00e0 mi-mai.<\/p>\n<\/div>\n<div class=\"chalet_confort_categorie chalet_confort_categorie_autres\">\n<h3>Autres commodit\u00e9s<\/h3>\n<ul>\n<li>Stores ou rideaux aux fen\u00eatres<\/li>\n<li>Internet<\/li>\n<li>Serrure de porte d&rsquo;entr\u00e9e intelligente<\/li>\n<li>Bornes de recharge<\/li>\n<li>Espaces de stationnement privatif (2)<\/li>\n<\/ul>\n<\/div>\n<p>[\/et_pb_text][\/et_pb_column][\/et_pb_row][\/et_pb_section][et_pb_section fb_built=\u00a0\u00bb1&Prime; admin_label=\u00a0\u00bbDistinction\u00a0\u00bb _builder_version=\u00a0\u00bb4.27.4&Prime; _module_preset=\u00a0\u00bbdefault\u00a0\u00bb custom_padding=\u00a0\u00bb||0px||false|false\u00a0\u00bb global_colors_info=\u00a0\u00bb{}\u00a0\u00bb][et_pb_row _builder_version=\u00a0\u00bb4.27.4&Prime; _module_preset=\u00a0\u00bbdefault\u00a0\u00bb global_colors_info=\u00a0\u00bb{}\u00a0\u00bb][et_pb_column type=\u00a0\u00bb4_4&Prime; _builder_version=\u00a0\u00bb4.27.4&Prime; _module_preset=\u00a0\u00bbdefault\u00a0\u00bb global_colors_info=\u00a0\u00bb{}\u00a0\u00bb][et_pb_image src=\u00a0\u00bbhttps:\/\/staging.logisduboisflotte.com\/wp-content\/uploads\/2025\/03\/Bandeau_SuperHote_3000x600-scaled.jpg\u00a0\u00bb alt=\u00a0\u00bbCouple avec deux enfants au bord de la mer qui se regardent en souriant\u00a0\u00bb title_text=\u00a0\u00bbCouple avec deux enfants au bord de la mer qui se regardent en souriant\u00a0\u00bb _builder_version=\u00a0\u00bb4.27.4&Prime; _module_preset=\u00a0\u00bbdefault\u00a0\u00bb custom_margin=\u00a0\u00bb||0px||false|false\u00a0\u00bb global_colors_info=\u00a0\u00bb{}\u00a0\u00bb][\/et_pb_image][et_pb_text admin_label=\u00a0\u00bbTexte\u00a0\u00bb module_class=\u00a0\u00bbaccueil_distinction\u00a0\u00bb _builder_version=\u00a0\u00bb4.27.4&Prime; _module_preset=\u00a0\u00bbdefault\u00a0\u00bb text_text_color=\u00a0\u00bb#FFFFFF\u00a0\u00bb background_color=\u00a0\u00bb#154a65&Prime; custom_padding=\u00a0\u00bb1.25px|1.25px|1.25px|1.25px|true|true\u00a0\u00bb global_colors_info=\u00a0\u00bb{}\u00a0\u00bb]<\/p>\n<h2 class=\"titre\" style=\"color: white; margin-top: 1rem; padding: 0 1rem;\"><span>Distinction<\/span> SuperH\u00f4te sur Airbnb<\/h2>\n<p style=\"margin-top: 1rem; margin-bottom: 1rem; padding: 0 1rem\">Depuis plus d\u2019un an nous avons la distinction de SuperH\u00f4te sur Airbnb. Cette reconnaissance sp\u00e9ciale est accord\u00e9e aux h\u00f4tes qui offrent une exp\u00e9rience exceptionnelle aux voyageurs. Pour obtenir ce statut, un h\u00f4te doit maintenir une note moyenne d&rsquo;au moins 4,8 \u00e9toiles. Cette distinction t\u00e9moigne d\u2019un service fiable et de qualit\u00e9, renfor\u00e7ant la confiance des voyageurs.<\/p>\n<p>[\/et_pb_text][\/et_pb_column][\/et_pb_row][\/et_pb_section][et_pb_section fb_built=\u00a0\u00bb1&Prime; admin_label=\u00a0\u00bbSection Autres chalets\u00a0\u00bb _builder_version=\u00a0\u00bb4.27.4&Prime; _module_preset=\u00a0\u00bbdefault\u00a0\u00bb global_colors_info=\u00a0\u00bb{}\u00a0\u00bb][et_pb_row _builder_version=\u00a0\u00bb4.27.4&Prime; _module_preset=\u00a0\u00bbdefault\u00a0\u00bb custom_padding=\u00a0\u00bb||0px||false|false\u00a0\u00bb global_colors_info=\u00a0\u00bb{}\u00a0\u00bb][et_pb_column type=\u00a0\u00bb4_4&Prime; _builder_version=\u00a0\u00bb4.27.4&Prime; _module_preset=\u00a0\u00bbdefault\u00a0\u00bb global_colors_info=\u00a0\u00bb{}\u00a0\u00bb][et_pb_text admin_label=\u00a0\u00bbTitre\u00a0\u00bb _builder_version=\u00a0\u00bb4.27.4&Prime; _module_preset=\u00a0\u00bbdefault\u00a0\u00bb text_text_color=\u00a0\u00bb#14202e\u00a0\u00bb global_colors_info=\u00a0\u00bb{}\u00a0\u00bb]<\/p>\n<h2 class=\"titre\"><span>Nos autres chalets<\/span> Vous pourriez aussi \u00eatre charm\u00e9 par&#8230;<\/h2>\n<p>[\/et_pb_text][\/et_pb_column][\/et_pb_row][et_pb_row column_structure=\u00a0\u00bb1_3,1_3,1_3&Prime; _builder_version=\u00a0\u00bb4.27.4&Prime; _module_preset=\u00a0\u00bbdefault\u00a0\u00bb global_colors_info=\u00a0\u00bb{}\u00a0\u00bb][et_pb_column type=\u00a0\u00bb1_3&Prime; _builder_version=\u00a0\u00bb4.27.4&Prime; _module_preset=\u00a0\u00bbdefault\u00a0\u00bb global_colors_info=\u00a0\u00bb{}\u00a0\u00bb][et_pb_text admin_label=\u00a0\u00bbChalet n\u00b02&Prime; module_class=\u00a0\u00bbaccueil_deConfortablesChalets_chalet\u00a0\u00bb _builder_version=\u00a0\u00bb4.27.4&Prime; _module_preset=\u00a0\u00bbdefault\u00a0\u00bb text_text_color=\u00a0\u00bb#14202e\u00a0\u00bb global_colors_info=\u00a0\u00bb{}\u00a0\u00bb]<img decoding=\"async\" src=\"\/wp-content\/uploads\/2025\/03\/Chalet2_Accueil_2880x1620-scaled.jpg\" alt=\"Salon \u00e0 la d\u00e9coration moderne avec un confortable sofa gris du chalet Le Fleuve tranquille au Logis du Bois Flott\u00e9\"\/><\/p>\n<h3 class=\"titre\">Chalet N\u00b02 <span>Le Fleuve tranquille<\/span><\/h3>\n<p>Peut accueillir jusqu&rsquo;\u00e0 6 personnes<\/p>\n<p>\u00c0 partir de 200 $ par nuit<\/p>\n<div class=\"bouton bouton_style2\">\n<a href=\"\/chalet_le_fleuve_tranquille\/\">D\u00e9couvrez-le<\/a>\n<\/div>\n<p>[\/et_pb_text][\/et_pb_column][et_pb_column type=\u00a0\u00bb1_3&Prime; _builder_version=\u00a0\u00bb4.27.4&Prime; _module_preset=\u00a0\u00bbdefault\u00a0\u00bb global_colors_info=\u00a0\u00bb{}\u00a0\u00bb][et_pb_text admin_label=\u00a0\u00bbChalet n\u00b03&Prime; module_class=\u00a0\u00bbaccueil_deConfortablesChalets_chalet\u00a0\u00bb _builder_version=\u00a0\u00bb4.27.4&Prime; _module_preset=\u00a0\u00bbdefault\u00a0\u00bb text_text_color=\u00a0\u00bb#14202e\u00a0\u00bb global_colors_info=\u00a0\u00bb{}\u00a0\u00bb]<img decoding=\"async\" src=\"\/wp-content\/uploads\/2025\/03\/Chalet3_Accueil_2880x1620-scaled.jpg\" alt=\"Cuisine toute \u00e9quip\u00e9e et moderne avec \u00e9lectrom\u00e9nagers en stainless et un \u00eelot avec tabourets du chalet L\u2019\u00c9cume des vagues au Logis du Bois Flott\u00e9\"\/><\/p>\n<h3 class=\"titre\">Chalet N\u00b03 <span>L&rsquo;\u00c9cume des vagues<\/span><\/h3>\n<p>Peut accueillir jusqu&rsquo;\u00e0 8 personnes<\/p>\n<p>\u00c0 partir de 250 $ par nuit<\/p>\n<div class=\"bouton bouton_style2\">\n<a href=\"\/chalet_l_ecume_des_vagues\/\">D\u00e9couvrez-le<\/a>\n<\/div>\n<p>[\/et_pb_text][\/et_pb_column][et_pb_column type=\u00a0\u00bb1_3&Prime; _builder_version=\u00a0\u00bb4.27.4&Prime; _module_preset=\u00a0\u00bbdefault\u00a0\u00bb global_colors_info=\u00a0\u00bb{}\u00a0\u00bb][et_pb_text admin_label=\u00a0\u00bbChalet n\u00b04&Prime; module_class=\u00a0\u00bbaccueil_deConfortablesChalets_chalet\u00a0\u00bb _builder_version=\u00a0\u00bb4.27.4&Prime; _module_preset=\u00a0\u00bbdefault\u00a0\u00bb text_text_color=\u00a0\u00bb#14202e\u00a0\u00bb global_colors_info=\u00a0\u00bb{}\u00a0\u00bb]<img decoding=\"async\" src=\"\/wp-content\/uploads\/2025\/03\/Chalet4_Accueil_2880x1620-scaled.jpg\" alt=\"Vue sur le salon avec sofa d\u2019angle et TV et la salle \u00e0 manger du chalet Les Grandes Mar\u00e9es au Logis du Bois Flott\u00e9\"\/><\/p>\n<h3 class=\"titre\">Chalet N\u00b04 <span>Les Grandes Mar\u00e9es<\/span><\/h3>\n<p>Peut accueillir jusqu&rsquo;\u00e0 8 personnes<\/p>\n<p>\u00c0 partir de 250 $ par nuit<\/p>\n<div class=\"bouton bouton_style2\">\n<a href=\"\/chalet_les_grandes_marees\/\">D\u00e9couvrez-le<\/a>\n<\/div>\n<p>[\/et_pb_text][\/et_pb_column][\/et_pb_row][\/et_pb_section][et_pb_section fb_built=\u00a0\u00bb1&Prime; custom_padding_last_edited=\u00a0\u00bbon|tablet\u00a0\u00bb admin_label=\u00a0\u00bbPolitique et conditions\u00a0\u00bb module_class=\u00a0\u00bbchalet_politiqueEtConditions\u00a0\u00bb _builder_version=\u00a0\u00bb4.27.4&Prime; _module_preset=\u00a0\u00bbdefault\u00a0\u00bb custom_padding=\u00a0\u00bb0px||8%||false|false\u00a0\u00bb custom_padding_tablet=\u00a0\u00bb0px||8%||false|false\u00a0\u00bb custom_padding_phone=\u00a0\u00bb0px||8%||false|false\u00a0\u00bb global_colors_info=\u00a0\u00bb{}\u00a0\u00bb][et_pb_row _builder_version=\u00a0\u00bb4.27.4&Prime; _module_preset=\u00a0\u00bbdefault\u00a0\u00bb custom_padding=\u00a0\u00bb||0px||false|false\u00a0\u00bb global_colors_info=\u00a0\u00bb{}\u00a0\u00bb][et_pb_column type=\u00a0\u00bb4_4&Prime; _builder_version=\u00a0\u00bb4.27.4&Prime; _module_preset=\u00a0\u00bbdefault\u00a0\u00bb global_colors_info=\u00a0\u00bb{}\u00a0\u00bb][et_pb_text admin_label=\u00a0\u00bbTitre\u00a0\u00bb _builder_version=\u00a0\u00bb4.27.4&Prime; _module_preset=\u00a0\u00bbdefault\u00a0\u00bb text_text_color=\u00a0\u00bb#14202e\u00a0\u00bb global_colors_info=\u00a0\u00bb{}\u00a0\u00bb]<\/p>\n<div class=\"chalet_politiqueEtConditions_toggle_container\">\n<h2 class=\"titre\"><span>Politique et conditions<\/span> Ce qu&rsquo;il faut savoir<\/h2>\n<div class=\"bouton bouton_style2\">\n<button class=\"chalet_politiqueEtConditions_toggle_button chalet_politiqueEtConditions_toggle_button_closed\">Tout afficher<\/button>\n<\/div>\n<\/div>\n<p>[\/et_pb_text][et_pb_toggle title=\u00a0\u00bbConditions de location\u00a0\u00bb admin_label=\u00a0\u00bbConditions de location\u00a0\u00bb _builder_version=\u00a0\u00bb4.27.4&Prime; _module_preset=\u00a0\u00bbdefault\u00a0\u00bb global_colors_info=\u00a0\u00bb{}\u00a0\u00bb]<\/p>\n<p>Dans un souci de garder un environnement sain pour notre client\u00e8le, nos chalets sont des endroits sans fum\u00e9e et sans animaux. Nous n\u2019acceptons pas les animaux \u00e0 l\u2019int\u00e9rieur, ni \u00e0 l\u2019ext\u00e9rieur des chalets.<\/p>\n<p><strong>Des frais de 1000 $ seront factur\u00e9s s\u2019il y a eu pr\u00e9sence d\u2019un animal domestique.<\/strong><\/p>\n<p>En r\u00e9servant au Logis du Bois Flott\u00e9, vous acceptez ces conditions.<\/p>\n<p>[\/et_pb_toggle][et_pb_toggle title=\u00a0\u00bbR\u00e9servation\u00a0\u00bb open=\u00a0\u00bbon\u00a0\u00bb admin_label=\u00a0\u00bbR\u00e9servation\u00a0\u00bb _builder_version=\u00a0\u00bb4.27.4&Prime; _module_preset=\u00a0\u00bbdefault\u00a0\u00bb global_colors_info=\u00a0\u00bb{}\u00a0\u00bb]<\/p>\n<p>Un d\u00e9p\u00f4t de 30 % est payable sur r\u00e9servation et le solde est payable 10 jours avant votre arriv\u00e9e.<\/p>\n<p>Un d\u00e9p\u00f4t de s\u00e9curit\u00e9 de 500 $ sera exig\u00e9 la journ\u00e9e pr\u00e9c\u00e9dant votre arriv\u00e9e. Ce d\u00e9p\u00f4t vous sera int\u00e9gralement remis apr\u00e8s la v\u00e9rification des lieux, si aucun bris, dommage ou malpropret\u00e9 n&rsquo;est constat\u00e9, et dans un d\u00e9lai de 5 jours apr\u00e8s votre d\u00e9part.<\/p>\n<p>Un minimum de 1 \u00e0 3 nuits peut \u00eatre exig\u00e9 selon la saison.<\/p>\n<p><strong>Des frais de 125 $ pour l&rsquo;entretien m\u00e9nager, les taxes d&rsquo;h\u00e9bergement, la TPS et la TVQ ne sont pas inclus dans le prix et seront ajout\u00e9s \u00e0 votre facture.<\/strong><\/p>\n<p>[\/et_pb_toggle][et_pb_toggle title=\u00a0\u00bbPolitique d&rsquo;occupation\u00a0\u00bb admin_label=\u00a0\u00bbPolitique d&rsquo;occupation\u00a0\u00bb _builder_version=\u00a0\u00bb4.27.4&Prime; _module_preset=\u00a0\u00bbdefault\u00a0\u00bb global_colors_info=\u00a0\u00bb{}\u00a0\u00bb]<\/p>\n<p>En r\u00e9servant au Logis du Bois Flott\u00e9, vous avez la responsabilit\u00e9 de :<\/p>\n<ul>\n<li>Laisser le chalet \u00e0 la fin de votre s\u00e9jour dans les m\u00eames conditions qu\u2019\u00e0 votre arriv\u00e9e;<\/li>\n<li>Respecter l\u2019espace de vos voisins;<\/li>\n<li>Respecter les heures de calme soit de 23 h \u00e0 8 h;<\/li>\n<li>Respecter les aires de stationnement de chaque chalet. Un v\u00e9hicule peut stationner devant votre chalet et si vous en avez un deuxi\u00e8me, le stationner \u00e0 l\u2019arri\u00e8re du b\u00e2timent.<\/li>\n<\/ul>\n<p>Aucun rassemblement, party, etc. ne sera accept\u00e9. Si c\u2019est le cas, un montant sur le d\u00e9p\u00f4t de s\u00e9curit\u00e9 sera conserv\u00e9 pour d\u00e9dommager les voisins.<\/p>\n<p>Aucun animal n\u2019est accept\u00e9 \u00e0 l\u2019int\u00e9rieur et \u00e0 l\u2019ext\u00e9rieur du chalet.<\/p>\n<p>Il est interdit de fumer \u00e0 l\u2019int\u00e9rieur et sur le patio.<\/p>\n<p>Comme nous disposons seulement d\u2019une borne pour les v\u00e9hicules \u00e9lectriques, ayez la gentillesse de laisser la place \u00e0 ceux qui en ont besoin.<\/p>\n<p>\u00c0 la fin de votre s\u00e9jour, nous vous demandons de :<\/p>\n<ul>\n<li>Laisser la vaisselle propre, au besoin vous pouvez utiliser le lave-vaisselle; il n\u2019est pas n\u00e9cessaire de la ranger;<\/li>\n<li>Sortir les poubelles, le recyclage et le compost.<\/li>\n<\/ul>\n<p>Ces petites choses peuvent faire une grosse diff\u00e9rence. Nous vous remercions par avance de respecter ces quelques r\u00e8gles de vie.<\/p>\n<p>[\/et_pb_toggle][et_pb_toggle title=\u00a0\u00bbPolitique d&rsquo;annulation\u00a0\u00bb admin_label=\u00a0\u00bbPolitique d&rsquo;annulation\u00a0\u00bb _builder_version=\u00a0\u00bb4.27.4&Prime; _module_preset=\u00a0\u00bbdefault\u00a0\u00bb global_colors_info=\u00a0\u00bb{}\u00a0\u00bb]<\/p>\n<ul>\n<li><strong>Si vous annulez plus de 30 jours avant le d\u00e9but de votre s\u00e9jour<\/strong> : le d\u00e9p\u00f4t de 30% vous sera rembours\u00e9.<\/li>\n<li><strong>Si vous annulez entre 11 et 30 jours avant le d\u00e9but de votre s\u00e9jour<\/strong> : le d\u00e9p\u00f4t de 30% est non remboursable \u00e0 titre de d\u00e9dommagement, mais transf\u00e9rable sur une p\u00e9riode d\u2019un an.<\/li>\n<li><strong>Si vous annulez moins de 10 jours avant le d\u00e9but du s\u00e9jour<\/strong> : la totalit\u00e9 du montant de la r\u00e9servation est exig\u00e9 \u00e0 titre de d\u00e9dommagement.<\/li>\n<\/ul>\n<p>Les frais pr\u00e9lev\u00e9s par la plateforme de paiement Stripe au moment de la r\u00e9servation (\u00e9gal \u00e0 3% du montant de la r\u00e9servation) sont non remboursables en cas d&rsquo;annulation, quel que soit le d\u00e9lai.<\/p>\n<p>[\/et_pb_toggle][\/et_pb_column][\/et_pb_row][\/et_pb_section]<\/p>\n","protected":false},"excerpt":{"rendered":"<p>Chalet n\u00b01 Le clapotis de la mar\u00e9e Peut accueillir jusqu&rsquo;\u00e0 6 personnes \u00c0 partir de 200 $ \/ nuit R\u00e9servez le chalet Consultez nos tarifs En bref Votre s\u00e9jour au chalet Bienvenue au chalet Le Clapotis de la mar\u00e9e. Pouvant accueillir jusqu&rsquo;\u00e0 6 personnes, ce chalet comprend une cuisine toute \u00e9quip\u00e9e avec tous les \u00e9lectrom\u00e9nagers [&hellip;]<\/p>\n","protected":false},"author":1,"featured_media":2075,"parent":0,"menu_order":0,"comment_status":"closed","ping_status":"closed","template":"","meta":{"_et_pb_use_builder":"on","_et_pb_old_content":"<!-- wp:columns -->\r\n<div class=\"wp-block-columns\"><!-- wp:column -->\r\n<div class=\"wp-block-column\"><!-- wp:shortcode --> [rl_gallery id=\"653\"] <!-- \/wp:shortcode -->\r\n\r\n<!-- wp:qubely\/row {\"uniqueId\":\"9f517d\",\"columns\":2,\"padding\":{\"md\":{\"top\":\"0\",\"right\":0,\"bottom\":\"0\",\"left\":0},\"unit\":\"px\"}} -->\r\n<div class=\"wp-block-qubely-row qubely-section qubely-block-9f517d\">\r\n<div class=\"qubely-row-overlay\">\u00a0<\/div>\r\n<div class=\"qubely-container\">\r\n<div class=\"qubely-row \"><!-- wp:qubely\/column {\"uniqueId\":\"180ac5\",\"colWidth\":{\"md\":50,\"sm\":100,\"xs\":100,\"unit\":\"%\",\"device\":\"md\"},\"colBg\":{\"openBg\":0,\"bgType\":\"color\",\"videoSource\":\"local\",\"bgDefaultColor\":\"\",\"bgGradient\":{}}} -->\r\n<div class=\"wp-block-qubely-column qubely-column qubely-column-front qubely-block-180ac5\">\r\n<div class=\"qubely-column-inner\"><!-- wp:paragraph -->\r\n<p>Ce logement peut coucher <strong><u>6 personnes<\/u><\/strong>.\u00a0 Vous avez le salon, cuisine, salle \u00e0 manger, salle d\u2019eau au rez-chauss\u00e9.\u00a0 Les 2 chambres et la salle de bain sont au sous-sol.\u00a0 Chaque logement \u00e0 2 stationnements.\u00a0 Nous avons une borne de recharge pour les voitures \u00e9lectrique, qui est partager entre les 4 logements.\u00a0 Chaque logement \u00e0 son patio, BBQ, table de picnic, foyer avec 2 chaises Adirondacks et des chaises de camping suppl\u00e9mentaires sous le patio.<\/p>\r\n<!-- \/wp:paragraph --><\/div>\r\n<\/div>\r\n<!-- \/wp:qubely\/column -->\r\n\r\n<!-- wp:qubely\/column {\"uniqueId\":\"d57cfb\",\"colWidth\":{\"md\":50,\"sm\":100,\"xs\":100,\"unit\":\"%\",\"device\":\"md\"}} -->\r\n<div class=\"wp-block-qubely-column qubely-column qubely-column-front qubely-block-d57cfb\">\r\n<div class=\"qubely-column-inner\"><!-- wp:qubely\/accordion {\"uniqueId\":\"058104\"} -->\r\n<div class=\"qubely-block-accordion  qubely-block-058104\" data-item-toggle=\"true\"><!-- wp:qubely\/accordion-item {\"uniqueId\":\"eda9fb\",\"itemNumber\":0,\"heading\":\"Inventaire Logement #1\",\"active\":true,\"defaultText\":\"Create stylish call-to-action buttons with Qubely Buttons. Play around with typography, design, border and more. Add animations and personalize it to engage visitors instantly.\",\"openFirstItem\":false} -->\r\n<div class=\"wp-block-qubely-accordion-item qubely-block-eda9fb\">\r\n<div class=\"qubely-accordion-item qubely-type-fill false\">\r\n<div class=\"qubely-accordion-panel qubely-icon-position-right\"><span class=\"qubely-accordion-panel-handler\" role=\"button\"><span class=\"qubely-accordion-panel-handler-label\">Inventaire Logement #1<\/span><\/span><\/div>\r\n<div class=\"qubely-accordion-body\">\r\n<div><!-- wp:list -->\r\n<ul class=\"wp-block-list\"><!-- wp:list-item -->\r\n<li>Frigo avec cong\u00e9lateur<\/li>\r\n<!-- \/wp:list-item -->\r\n\r\n<!-- wp:list-item -->\r\n<li>Four \u00e9lectrique<\/li>\r\n<!-- \/wp:list-item -->\r\n\r\n<!-- wp:list-item -->\r\n<li>Lave-vaisselle<\/li>\r\n<!-- \/wp:list-item -->\r\n\r\n<!-- wp:list-item -->\r\n<li>Four micro-onde<\/li>\r\n<!-- \/wp:list-item -->\r\n\r\n<!-- wp:list-item -->\r\n<li>BBQ avec ustensiles<\/li>\r\n<!-- \/wp:list-item -->\r\n\r\n<!-- wp:list-item -->\r\n<li>Laveuse \/ s\u00e9cheuse avec d\u00e9tergent & assouplisseur<\/li>\r\n<!-- \/wp:list-item -->\r\n\r\n<!-- wp:list-item -->\r\n<li>Table cuisine avec 6 chaises<\/li>\r\n<!-- \/wp:list-item -->\r\n\r\n<!-- wp:list-item -->\r\n<li>TV 55po avec c\u00e2ble<\/li>\r\n<!-- \/wp:list-item -->\r\n\r\n<!-- wp:list-item -->\r\n<li>Internet<\/li>\r\n<!-- \/wp:list-item -->\r\n\r\n<!-- wp:list-item -->\r\n<li>Serrure porte d\u2019entrer intelligente<\/li>\r\n<!-- \/wp:list-item -->\r\n\r\n<!-- wp:list-item -->\r\n<li>Chaudrons, po\u00eales, wok<\/li>\r\n<!-- \/wp:list-item -->\r\n\r\n<!-- wp:list-item -->\r\n<li>Vaisselle, ustensiles<\/li>\r\n<!-- \/wp:list-item -->\r\n\r\n<!-- wp:list-item -->\r\n<li>Coupes \u00e0 vin<\/li>\r\n<!-- \/wp:list-item -->\r\n\r\n<!-- wp:list-item -->\r\n<li>Bols \u00e0 salade ou autre<\/li>\r\n<!-- \/wp:list-item -->\r\n\r\n<!-- wp:list-item -->\r\n<li>Plats pyrex, tasse \u00e0 mesurer<\/li>\r\n<!-- \/wp:list-item -->\r\n\r\n<!-- wp:list-item -->\r\n<li>M\u00e9langeur<\/li>\r\n<!-- \/wp:list-item -->\r\n\r\n<!-- wp:list-item -->\r\n<li>Grill \u00e0 Panini<\/li>\r\n<!-- \/wp:list-item -->\r\n\r\n<!-- wp:list-item -->\r\n<li>Grille-pain<\/li>\r\n<!-- \/wp:list-item -->\r\n\r\n<!-- wp:list-item -->\r\n<li>Bouloire<\/li>\r\n<!-- \/wp:list-item -->\r\n\r\n<!-- wp:list-item -->\r\n<li>Cafeti\u00e8re Keurig et filtre caf\u00e9 r\u00e9utilisable<\/li>\r\n<!-- \/wp:list-item -->\r\n\r\n<!-- wp:list-item -->\r\n<li>Plat \u00e0 fondue<\/li>\r\n<!-- \/wp:list-item -->\r\n\r\n<!-- wp:list-item -->\r\n<li>Raclette<\/li>\r\n<!-- \/wp:list-item -->\r\n\r\n<!-- wp:list-item -->\r\n<li>Sel, poivre<\/li>\r\n<!-- \/wp:list-item -->\r\n\r\n<!-- wp:list-item -->\r\n<li>Huile d\u2019olive, huile canola<\/li>\r\n<!-- \/wp:list-item -->\r\n\r\n<!-- wp:list-item -->\r\n<li>\u00c9pices \u00e0 steak et au poulet<\/li>\r\n<!-- \/wp:list-item -->\r\n\r\n<!-- wp:list-item -->\r\n<li>Literie<\/li>\r\n<!-- \/wp:list-item -->\r\n\r\n<!-- wp:list-item -->\r\n<li>Douche, pas de bain<\/li>\r\n<!-- \/wp:list-item -->\r\n\r\n<!-- wp:list-item -->\r\n<li>Serviettes, bonnet de douche en tissu<\/li>\r\n<!-- \/wp:list-item -->\r\n\r\n<!-- wp:list-item -->\r\n<li>Savon \u00e0 main partout ou lavabo<\/li>\r\n<!-- \/wp:list-item -->\r\n\r\n<!-- wp:list-item -->\r\n<li>Shampoing, revitalisant et gel douche<\/li>\r\n<!-- \/wp:list-item -->\r\n\r\n<!-- wp:list-item -->\r\n<li>Papier toilette, mouchoirs, papier essuis tout<\/li>\r\n<!-- \/wp:list-item -->\r\n\r\n<!-- wp:list-item -->\r\n<li>1 cadran par chambre avec prises USB<\/li>\r\n<!-- \/wp:list-item -->\r\n\r\n<!-- wp:list-item -->\r\n<li>Toiles ou rideaux dans les fen\u00eatres<\/li>\r\n<!-- \/wp:list-item -->\r\n\r\n<!-- wp:list-item -->\r\n<li>Patio avec table picnic pour 6 personnes.<\/li>\r\n<!-- \/wp:list-item -->\r\n\r\n<!-- wp:list-item -->\r\n<li>Un foyer ext\u00e9rieur avec 2 chaises Adirondack<\/li>\r\n<!-- \/wp:list-item -->\r\n\r\n<!-- wp:list-item -->\r\n<li>4 chaises de camping suppl\u00e9mentaires sous le patio<\/li>\r\n<!-- \/wp:list-item --><\/ul>\r\n<!-- \/wp:list -->\r\n\r\n<!-- wp:paragraph -->\r\n<p><em><strong>\u00a0* Le BBQ, le foyer ext\u00e9rieur et table de picnic ne sont pas disponibles de mi-octobre \u00e0 mi-mai.<\/strong><\/em><\/p>\r\n<!-- \/wp:paragraph --><\/div>\r\n<\/div>\r\n<\/div>\r\n<\/div>\r\n<!-- \/wp:qubely\/accordion-item -->\r\n\r\n<!-- wp:qubely\/accordion-item {\"uniqueId\":\"9bc17d\",\"itemNumber\":1,\"heading\":\"Conditions de location\",\"active\":true,\"defaultText\":\"Create stylish call-to-action buttons with Qubely Buttons. Play around with typography, design, border and more. Add animations and personalize it to engage visitors instantly.\",\"openFirstItem\":false} -->\r\n<div class=\"wp-block-qubely-accordion-item qubely-block-9bc17d\">\r\n<div class=\"qubely-accordion-item qubely-type-fill false\">\r\n<div class=\"qubely-accordion-panel qubely-icon-position-right\"><span class=\"qubely-accordion-panel-handler\" role=\"button\"><span class=\"qubely-accordion-panel-handler-label\">Conditions de location<\/span><\/span><\/div>\r\n<div class=\"qubely-accordion-body\">\r\n<div><!-- wp:paragraph -->\r\n<p>Dans le souci de garder un environnement sain pour cotre client\u00e8le, nos logements sont des endroits\u00a0<strong>sans fum\u00e9e et sans animaux<\/strong>. \u00a0\u00a0Nous n\u2019acceptons pas les animaux \u00e0 l\u2019int\u00e9rieur, ni \u00e0 l\u2019ext\u00e9rieur des logements.\u00a0 Des frais de 1000$ serons factur\u00e9s s\u2019il y a eu pr\u00e9sence d\u2019un animal domestique.<\/p>\r\n<!-- \/wp:paragraph -->\r\n\r\n<!-- wp:paragraph -->\r\n<p>En r\u00e9servant au Logis du Bois Flott\u00e9, vous acceptez ces conditions.<\/p>\r\n<!-- \/wp:paragraph -->\r\n\r\n<!-- wp:paragraph -->\r\n<p>INFORMATION SUR LES R\u00c9SERVATIONS<\/p>\r\n<!-- \/wp:paragraph -->\r\n\r\n<!-- wp:paragraph -->\r\n<p>Un d\u00e9p\u00f4t de 30% payable sur r\u00e9servation.\u00a0 La balance du paiement est payable 10 jours avant votre arriv\u00e9e.<\/p>\r\n<!-- \/wp:paragraph -->\r\n\r\n<!-- wp:paragraph -->\r\n<p>Un d\u00e9p\u00f4t de s\u00e9curit\u00e9 de 500$ sera exig\u00e9 la journ\u00e9e avant votre arriv\u00e9e.\u00a0 Ce d\u00e9p\u00f4t vous sera remis int\u00e9gralement apr\u00e8s la v\u00e9rification des lieux, si aucun bris, dommage ou malpropret\u00e9 n\u2019a \u00e9t\u00e9 constat\u00e9, dans un d\u00e9lai de 5 jours apr\u00e8s votre d\u00e9part.<\/p>\r\n<!-- \/wp:paragraph -->\r\n\r\n<!-- wp:paragraph -->\r\n<p>Un minimum de 2 \u00e0 3 nuits sont exig\u00e9es selon la saison.<\/p>\r\n<!-- \/wp:paragraph -->\r\n\r\n<!-- wp:paragraph -->\r\n<p>Des frais de 125$ pour l\u2019entretien m\u00e9nager, les taxes d\u2019h\u00e9bergement, TPS et TVQ ne sont pas incluses dans le prix, mais seront ajouter \u00e0 votre facture.<\/p>\r\n<!-- \/wp:paragraph -->\r\n\r\n<!-- wp:paragraph -->\r\n<p>POLITIQUE D\u2019ANNULATION<\/p>\r\n<!-- \/wp:paragraph -->\r\n\r\n<!-- wp:paragraph -->\r\n<p><strong>Plus de 30 jours avant le d\u00e9but de votre s\u00e9jour<\/strong><\/p>\r\n<!-- \/wp:paragraph -->\r\n\r\n<!-- wp:paragraph -->\r\n<p>Votre d\u00e9p\u00f4t de 30% vous sera rembourser.<\/p>\r\n<!-- \/wp:paragraph -->\r\n\r\n<!-- wp:paragraph -->\r\n<p><strong>Entre 11 et 30 jours avant le d\u00e9but de votre s\u00e9jour<\/strong><\/p>\r\n<!-- \/wp:paragraph -->\r\n\r\n<!-- wp:paragraph -->\r\n<p>Votre 30% de d\u00e9p\u00f4t est non remboursable \u00e0 titre de d\u00e9dommagement, mais transf\u00e9rable sur une p\u00e9riode d\u2019un an.<\/p>\r\n<!-- \/wp:paragraph -->\r\n\r\n<!-- wp:paragraph -->\r\n<p><strong>De 10 jours et moins avant le d\u00e9but du s\u00e9jour<\/strong><\/p>\r\n<!-- \/wp:paragraph -->\r\n\r\n<!-- wp:paragraph -->\r\n<p>La totalit\u00e9 du montant est exig\u00e9 \u00e0 titre de d\u00e9dommagement.<\/p>\r\n<!-- \/wp:paragraph --><\/div>\r\n<\/div>\r\n<\/div>\r\n<\/div>\r\n<!-- \/wp:qubely\/accordion-item -->\r\n\r\n<!-- wp:qubely\/accordion-item {\"uniqueId\":\"05e938\",\"itemNumber\":2,\"heading\":\"Politique d'occupation\",\"openFirstItem\":false} -->\r\n<div class=\"wp-block-qubely-accordion-item qubely-block-05e938\">\r\n<div class=\"qubely-accordion-item qubely-type-fill false\">\r\n<div class=\"qubely-accordion-panel qubely-icon-position-right\"><span class=\"qubely-accordion-panel-handler\" role=\"button\"><span class=\"qubely-accordion-panel-handler-label\">Politique d'occupation<\/span><\/span><\/div>\r\n<div class=\"qubely-accordion-body\">\r\n<div><!-- wp:paragraph -->\r\n<p>En r\u00e9servant avec Logis du Bois Flott\u00e9, vous avez la responsabilit\u00e9 de;<\/p>\r\n<!-- \/wp:paragraph -->\r\n\r\n<!-- wp:paragraph -->\r\n<p>Laisser le logement dans les m\u00eames conditions que vous l\u2019avez pris.<\/p>\r\n<!-- \/wp:paragraph -->\r\n\r\n<!-- wp:paragraph -->\r\n<p>De respecter l\u2019espace de vos voisins.<\/p>\r\n<!-- \/wp:paragraph -->\r\n\r\n<!-- wp:paragraph -->\r\n<p>Respecter les heures de calmes, qui sont de 23h \u00e0 8h.<\/p>\r\n<!-- \/wp:paragraph -->\r\n\r\n<!-- wp:paragraph -->\r\n<p>Aucun rassemblement, party, ne sera accepter.\u00a0 Si c\u2019est le cas, un montant sera gard\u00e9 pour d\u00e9dommager les voisins.<\/p>\r\n<!-- \/wp:paragraph -->\r\n\r\n<!-- wp:paragraph -->\r\n<p>Aucun animal est accept\u00e9 \u00e0 l\u2019int\u00e9rieur et \u00e0 l\u2019ext\u00e9rieur.<\/p>\r\n<!-- \/wp:paragraph -->\r\n\r\n<!-- wp:paragraph -->\r\n<p>Il est interdit de fum\u00e9 \u00e0 l\u2019int\u00e9rieur et sur les patios.\u00a0 Respecter vos voisins.<\/p>\r\n<!-- \/wp:paragraph -->\r\n\r\n<!-- wp:paragraph -->\r\n<p>Respecter les aires de stationnement.\u00a0 Un v\u00e9hicule devant votre logement et si vous en avez un deuxi\u00e8me, le stationner dans le stationne derri\u00e8re la b\u00e2tisse.<\/p>\r\n<!-- \/wp:paragraph -->\r\n\r\n<!-- wp:paragraph -->\r\n<p>Nous avons seulement une borne pour les v\u00e9hicules \u00e9lectriques, s\u2019il vous plait ailler la gentillesse de laisser la place \u00e0 ceux qui en on besoin.<\/p>\r\n<!-- \/wp:paragraph -->\r\n\r\n<!-- wp:paragraph -->\r\n<p>Avant de quitter la vaisselle doit \u00eatre propre, vous pouvez faire partir le lave-vaisselle avant de quitter, pas besoin de la ranger.<\/p>\r\n<!-- \/wp:paragraph -->\r\n\r\n<!-- wp:paragraph -->\r\n<p>Vous devez sortir les poubelles, le recyclage, le composte avant de quitter.<\/p>\r\n<!-- \/wp:paragraph -->\r\n\r\n<!-- wp:paragraph -->\r\n<p>Ce sont des petites choses qui peuvent faire une grosse diff\u00e9rence dans votre s\u00e9jour et dans celui des autres.<\/p>\r\n<!-- \/wp:paragraph --><\/div>\r\n<\/div>\r\n<\/div>\r\n<\/div>\r\n<!-- \/wp:qubely\/accordion-item --><\/div>\r\n<!-- \/wp:qubely\/accordion --><\/div>\r\n<\/div>\r\n<!-- \/wp:qubely\/column --><\/div>\r\n<\/div>\r\n<\/div>\r\n<!-- \/wp:qubely\/row -->\r\n\r\n<!-- wp:qubely\/heading {\"uniqueId\":\"184b8a\",\"alignment\":{\"md\":\"center\"},\"selector\":\"h4\",\"level\":4} -->\r\n<div class=\"wp-block-qubely-heading qubely-block-184b8a\">\r\n<div class=\"qubely-block-heading  \">\r\n<div class=\"qubely-heading-container\">\r\n<h4 class=\"qubely-heading-selector\">Prix selon les dates 2025-2026<\/h4>\r\n<\/div>\r\n<\/div>\r\n<\/div>\r\n<!-- \/wp:qubely\/heading --><\/div>\r\n<!-- \/wp:column --><\/div>\r\n<!-- \/wp:columns -->\r\n\r\n<!-- wp:table {\"hasFixedLayout\":false} -->\r\n<figure class=\"wp-block-table\">\r\n<table>\r\n<tbody>\r\n<tr>\r\n<td><strong>Hiver\/Printemps<\/strong><br \/>6 janvier au 17 avril<br \/>21 avril au 21 mai<\/td>\r\n<td>200$ \/ nuit \/ semaine<br \/>250$ \/ nuit \/ fin de semaine<\/td>\r\n<td>\u00a0<\/td>\r\n<\/tr>\r\n<tr>\r\n<td><strong>P\u00e2ques<\/strong><br \/>18 au 20 avril<\/td>\r\n<td>275$ \/ nuit<\/td>\r\n<td>minimum 2 nuits<\/td>\r\n<\/tr>\r\n<tr>\r\n<td><strong>Coupe M\u00e9morial<\/strong><br \/>22 mai au 31 mai<\/td>\r\n<td>325$ \/ nuit<\/td>\r\n<td>minimum 3 nuits<\/td>\r\n<\/tr>\r\n<tr>\r\n<td><strong>Juin<\/strong><br \/>1er juin au 26 juin<\/td>\r\n<td>250$ \/ nuit \/ semaine<br \/>275$ \/ nuit \/ fin de semaine<\/td>\r\n<td>\u00a0<\/td>\r\n<\/tr>\r\n<tr>\r\n<td><strong>\u00c9t\u00e9<\/strong><br \/>27 juin au 14 septembre<\/td>\r\n<td>325$ \/ nuit<\/td>\r\n<td>minimum 3 nuits<br \/>minimum 2 nuits \u00e0 partir du 31 ao\u00fbt<\/td>\r\n<\/tr>\r\n<tr>\r\n<td><strong>Automne<\/strong><br \/>15 septembre au 18 d\u00e9cembre<\/td>\r\n<td>200$ \/ nuit \/ semaine<br \/>250$ \/ nuit \/ fin de semaine<\/td>\r\n<td>\u00a0<\/td>\r\n<\/tr>\r\n<tr>\r\n<td><strong>P\u00e9riode des f\u00eates<\/strong><br \/>19 d\u00e9cembre au 4 janvier<\/td>\r\n<td>275$ \/ nuit<\/td>\r\n<td>minimum 3 nuits<\/td>\r\n<\/tr>\r\n<\/tbody>\r\n<\/table>\r\n<\/figure>\r\n<!-- \/wp:table -->\r\n\r\n<!-- wp:hbook\/booking-form {\"accom_id\":\"420\"} \/-->\r\n\r\n<!-- wp:hbook\/availability {\"accom_id\":\"420\"} \/-->","_et_gb_content_width":"","footnotes":""},"class_list":["post-441","page","type-page","status-publish","has-post-thumbnail","hentry"],"yoast_head":"<!-- This site is optimized with the Yoast SEO plugin v27.2 - https:\/\/yoast.com\/product\/yoast-seo-wordpress\/ -->\n<title>Chalet Le Clapotis de la mar\u00e9e \u00e0 louer pour 6 personnes<\/title>\n<meta name=\"description\" content=\"Notre chalet Le Clapotis de la mar\u00e9e accueille jusqu\u2019\u00e0 6 personnes. Situation id\u00e9ale au bord du fleuve. Tout \u00e9quip\u00e9 et enti\u00e8rement r\u00e9nov\u00e9.\" \/>\n<meta name=\"robots\" content=\"index, follow, max-snippet:-1, max-image-preview:large, max-video-preview:-1\" \/>\n<link rel=\"canonical\" href=\"https:\/\/logisduboisflotte.com\/en\/chalet_le_clapotis_de_la_maree\/\" \/>\n<meta property=\"og:locale\" content=\"en_US\" \/>\n<meta property=\"og:type\" content=\"article\" \/>\n<meta property=\"og:title\" content=\"Chalet Le Clapotis de la mar\u00e9e \u00e0 louer pour 6 personnes\" \/>\n<meta property=\"og:description\" content=\"Notre chalet Le Clapotis de la mar\u00e9e accueille jusqu\u2019\u00e0 6 personnes. Situation id\u00e9ale au bord du fleuve. Tout \u00e9quip\u00e9 et enti\u00e8rement r\u00e9nov\u00e9.\" \/>\n<meta property=\"og:url\" content=\"https:\/\/logisduboisflotte.com\/en\/chalet_le_clapotis_de_la_maree\/\" \/>\n<meta property=\"og:site_name\" content=\"Logis du Bois Flott\u00e9\" \/>\n<meta property=\"article:modified_time\" content=\"2026-03-17T20:07:59+00:00\" \/>\n<meta property=\"og:image\" content=\"https:\/\/logisduboisflotte.com\/wp-content\/uploads\/2025\/05\/LBF_OpenGraph_Chalet1_1200x630.jpg\" \/>\n\t<meta property=\"og:image:width\" content=\"1200\" \/>\n\t<meta property=\"og:image:height\" content=\"630\" \/>\n\t<meta property=\"og:image:type\" content=\"image\/jpeg\" \/>\n<meta name=\"twitter:card\" content=\"summary_large_image\" \/>\n<meta name=\"twitter:label1\" content=\"Est. reading time\" \/>\n\t<meta name=\"twitter:data1\" content=\"11 minutes\" \/>\n<script type=\"application\/ld+json\" class=\"yoast-schema-graph\">{\"@context\":\"https:\/\/schema.org\",\"@graph\":[{\"@type\":\"WebPage\",\"@id\":\"https:\/\/logisduboisflotte.com\/chalet_le_clapotis_de_la_maree\/\",\"url\":\"https:\/\/logisduboisflotte.com\/chalet_le_clapotis_de_la_maree\/\",\"name\":\"Chalet Le Clapotis de la mar\u00e9e \u00e0 louer pour 6 personnes\",\"isPartOf\":{\"@id\":\"https:\/\/logisduboisflotte.com\/en\/#website\"},\"primaryImageOfPage\":{\"@id\":\"https:\/\/logisduboisflotte.com\/chalet_le_clapotis_de_la_maree\/#primaryimage\"},\"image\":{\"@id\":\"https:\/\/logisduboisflotte.com\/chalet_le_clapotis_de_la_maree\/#primaryimage\"},\"thumbnailUrl\":\"https:\/\/logisduboisflotte.com\/wp-content\/uploads\/2025\/05\/LBF_OpenGraph_Chalet1_1200x630.jpg\",\"datePublished\":\"2023-08-09T17:23:17+00:00\",\"dateModified\":\"2026-03-17T20:07:59+00:00\",\"description\":\"Notre chalet Le Clapotis de la mar\u00e9e accueille jusqu\u2019\u00e0 6 personnes. Situation id\u00e9ale au bord du fleuve. Tout \u00e9quip\u00e9 et enti\u00e8rement r\u00e9nov\u00e9.\",\"breadcrumb\":{\"@id\":\"https:\/\/logisduboisflotte.com\/chalet_le_clapotis_de_la_maree\/#breadcrumb\"},\"inLanguage\":\"en-CA\",\"potentialAction\":[{\"@type\":\"ReadAction\",\"target\":[\"https:\/\/logisduboisflotte.com\/chalet_le_clapotis_de_la_maree\/\"]}]},{\"@type\":\"ImageObject\",\"inLanguage\":\"en-CA\",\"@id\":\"https:\/\/logisduboisflotte.com\/chalet_le_clapotis_de_la_maree\/#primaryimage\",\"url\":\"https:\/\/logisduboisflotte.com\/wp-content\/uploads\/2025\/05\/LBF_OpenGraph_Chalet1_1200x630.jpg\",\"contentUrl\":\"https:\/\/logisduboisflotte.com\/wp-content\/uploads\/2025\/05\/LBF_OpenGraph_Chalet1_1200x630.jpg\",\"width\":1200,\"height\":630},{\"@type\":\"BreadcrumbList\",\"@id\":\"https:\/\/logisduboisflotte.com\/chalet_le_clapotis_de_la_maree\/#breadcrumb\",\"itemListElement\":[{\"@type\":\"ListItem\",\"position\":1,\"name\":\"Accueil\",\"item\":\"https:\/\/logisduboisflotte.com\/\"},{\"@type\":\"ListItem\",\"position\":2,\"name\":\"Chalet Le Clapotis de la mar\u00e9e\"}]},{\"@type\":\"WebSite\",\"@id\":\"https:\/\/logisduboisflotte.com\/en\/#website\",\"url\":\"https:\/\/logisduboisflotte.com\/en\/\",\"name\":\"Logis du Bois Flott\u00e9\",\"description\":\"\",\"potentialAction\":[{\"@type\":\"SearchAction\",\"target\":{\"@type\":\"EntryPoint\",\"urlTemplate\":\"https:\/\/logisduboisflotte.com\/en\/?s={search_term_string}\"},\"query-input\":{\"@type\":\"PropertyValueSpecification\",\"valueRequired\":true,\"valueName\":\"search_term_string\"}}],\"inLanguage\":\"en-CA\"}]}<\/script>\n<!-- \/ Yoast SEO plugin. -->","yoast_head_json":{"title":"Chalet Le Clapotis de la mar\u00e9e \u00e0 louer pour 6 personnes","description":"Notre chalet Le Clapotis de la mar\u00e9e accueille jusqu\u2019\u00e0 6 personnes. Situation id\u00e9ale au bord du fleuve. Tout \u00e9quip\u00e9 et enti\u00e8rement r\u00e9nov\u00e9.","robots":{"index":"index","follow":"follow","max-snippet":"max-snippet:-1","max-image-preview":"max-image-preview:large","max-video-preview":"max-video-preview:-1"},"canonical":"https:\/\/logisduboisflotte.com\/en\/chalet_le_clapotis_de_la_maree\/","og_locale":"en_US","og_type":"article","og_title":"Chalet Le Clapotis de la mar\u00e9e \u00e0 louer pour 6 personnes","og_description":"Notre chalet Le Clapotis de la mar\u00e9e accueille jusqu\u2019\u00e0 6 personnes. Situation id\u00e9ale au bord du fleuve. Tout \u00e9quip\u00e9 et enti\u00e8rement r\u00e9nov\u00e9.","og_url":"https:\/\/logisduboisflotte.com\/en\/chalet_le_clapotis_de_la_maree\/","og_site_name":"Logis du Bois Flott\u00e9","article_modified_time":"2026-03-17T20:07:59+00:00","og_image":[{"width":1200,"height":630,"url":"https:\/\/logisduboisflotte.com\/wp-content\/uploads\/2025\/05\/LBF_OpenGraph_Chalet1_1200x630.jpg","type":"image\/jpeg"}],"twitter_card":"summary_large_image","twitter_misc":{"Est. reading time":"11 minutes"},"schema":{"@context":"https:\/\/schema.org","@graph":[{"@type":"WebPage","@id":"https:\/\/logisduboisflotte.com\/chalet_le_clapotis_de_la_maree\/","url":"https:\/\/logisduboisflotte.com\/chalet_le_clapotis_de_la_maree\/","name":"Chalet Le Clapotis de la mar\u00e9e \u00e0 louer pour 6 personnes","isPartOf":{"@id":"https:\/\/logisduboisflotte.com\/en\/#website"},"primaryImageOfPage":{"@id":"https:\/\/logisduboisflotte.com\/chalet_le_clapotis_de_la_maree\/#primaryimage"},"image":{"@id":"https:\/\/logisduboisflotte.com\/chalet_le_clapotis_de_la_maree\/#primaryimage"},"thumbnailUrl":"https:\/\/logisduboisflotte.com\/wp-content\/uploads\/2025\/05\/LBF_OpenGraph_Chalet1_1200x630.jpg","datePublished":"2023-08-09T17:23:17+00:00","dateModified":"2026-03-17T20:07:59+00:00","description":"Notre chalet Le Clapotis de la mar\u00e9e accueille jusqu\u2019\u00e0 6 personnes. Situation id\u00e9ale au bord du fleuve. Tout \u00e9quip\u00e9 et enti\u00e8rement r\u00e9nov\u00e9.","breadcrumb":{"@id":"https:\/\/logisduboisflotte.com\/chalet_le_clapotis_de_la_maree\/#breadcrumb"},"inLanguage":"en-CA","potentialAction":[{"@type":"ReadAction","target":["https:\/\/logisduboisflotte.com\/chalet_le_clapotis_de_la_maree\/"]}]},{"@type":"ImageObject","inLanguage":"en-CA","@id":"https:\/\/logisduboisflotte.com\/chalet_le_clapotis_de_la_maree\/#primaryimage","url":"https:\/\/logisduboisflotte.com\/wp-content\/uploads\/2025\/05\/LBF_OpenGraph_Chalet1_1200x630.jpg","contentUrl":"https:\/\/logisduboisflotte.com\/wp-content\/uploads\/2025\/05\/LBF_OpenGraph_Chalet1_1200x630.jpg","width":1200,"height":630},{"@type":"BreadcrumbList","@id":"https:\/\/logisduboisflotte.com\/chalet_le_clapotis_de_la_maree\/#breadcrumb","itemListElement":[{"@type":"ListItem","position":1,"name":"Accueil","item":"https:\/\/logisduboisflotte.com\/"},{"@type":"ListItem","position":2,"name":"Chalet Le Clapotis de la mar\u00e9e"}]},{"@type":"WebSite","@id":"https:\/\/logisduboisflotte.com\/en\/#website","url":"https:\/\/logisduboisflotte.com\/en\/","name":"Logis du Bois Flott\u00e9","description":"","potentialAction":[{"@type":"SearchAction","target":{"@type":"EntryPoint","urlTemplate":"https:\/\/logisduboisflotte.com\/en\/?s={search_term_string}"},"query-input":{"@type":"PropertyValueSpecification","valueRequired":true,"valueName":"search_term_string"}}],"inLanguage":"en-CA"}]}},"_links":{"self":[{"href":"https:\/\/logisduboisflotte.com\/en\/wp-json\/wp\/v2\/pages\/441","targetHints":{"allow":["GET"]}}],"collection":[{"href":"https:\/\/logisduboisflotte.com\/en\/wp-json\/wp\/v2\/pages"}],"about":[{"href":"https:\/\/logisduboisflotte.com\/en\/wp-json\/wp\/v2\/types\/page"}],"author":[{"embeddable":true,"href":"https:\/\/logisduboisflotte.com\/en\/wp-json\/wp\/v2\/users\/1"}],"replies":[{"embeddable":true,"href":"https:\/\/logisduboisflotte.com\/en\/wp-json\/wp\/v2\/comments?post=441"}],"version-history":[{"count":1,"href":"https:\/\/logisduboisflotte.com\/en\/wp-json\/wp\/v2\/pages\/441\/revisions"}],"predecessor-version":[{"id":2275,"href":"https:\/\/logisduboisflotte.com\/en\/wp-json\/wp\/v2\/pages\/441\/revisions\/2275"}],"wp:featuredmedia":[{"embeddable":true,"href":"https:\/\/logisduboisflotte.com\/en\/wp-json\/wp\/v2\/media\/2075"}],"wp:attachment":[{"href":"https:\/\/logisduboisflotte.com\/en\/wp-json\/wp\/v2\/media?parent=441"}],"curies":[{"name":"wp","href":"https:\/\/api.w.org\/{rel}","templated":true}]}}